{"id":2781,"date":"2015-07-09T09:15:59","date_gmt":"2015-07-09T07:15:59","guid":{"rendered":"http:\/\/eurecat.org\/es\/?page_id=2781"},"modified":"2025-03-11T12:37:58","modified_gmt":"2025-03-11T11:37:58","slug":"blog","status":"publish","type":"page","link":"https:\/\/eurecat.org\/es\/actualidad\/blog\/","title":{"rendered":"Blog"},"content":{"rendered":"<div class=\"fusion-fullwidth fullwidth-box fusion-builder-row-1 fusion-flex-container has-pattern-background has-mask-background nonhundred-percent-fullwidth non-hundred-percent-height-scrolling eu_2024 section-news\" style=\"--awb-border-radius-top-left:0px;--awb-border-radius-top-right:0px;--awb-border-radius-bottom-right:0px;--awb-border-radius-bottom-left:0px;--awb-padding-top:50px;--awb-padding-bottom:10px;--awb-flex-wrap:wrap;\" ><div class=\"fusion-builder-row fusion-row fusion-flex-align-items-flex-start fusion-flex-content-wrap\" style=\"max-width:1424.8px;margin-left: calc(-4% \/ 2 );margin-right: calc(-4% \/ 2 );\"><div class=\"fusion-layout-column fusion_builder_column fusion-builder-column-0 fusion_builder_column_1_1 1_1 fusion-flex-column\" style=\"--awb-bg-size:cover;--awb-width-large:100%;--awb-margin-top-large:0px;--awb-spacing-right-large:1.92%;--awb-margin-bottom-large:20px;--awb-spacing-left-large:1.92%;--awb-width-medium:100%;--awb-order-medium:0;--awb-spacing-right-medium:1.92%;--awb-spacing-left-medium:1.92%;--awb-width-small:100%;--awb-order-small:0;--awb-spacing-right-small:1.92%;--awb-spacing-left-small:1.92%;\" data-scroll-devices=\"small-visibility,medium-visibility,large-visibility\"><div class=\"fusion-column-wrapper fusion-column-has-shadow fusion-flex-justify-content-flex-start fusion-content-layout-column\"><div class=\"fusion-recent-posts fusion-recent-posts-1 avada-container layout-default layout-columns-3\"><section class=\"fusion-columns columns fusion-columns-3 columns-3\"><article class=\"post fusion-column column col col-lg-4 col-md-4 col-sm-4\"><div class=\"fusion-flexslider fusion-flexslider-loading flexslider flexslider-hover-type-liftup\"><ul class=\"slides\"><li><a href=\"https:\/\/eurecat.org\/es\/ciberresiliencia-en-infraestructuras-criticas-como-proteger-sistemas-industriales-delante-ciberataques\/\" aria-label=\"Ciberresiliencia en infraestructuras cr\u00edticas: c\u00f3mo proteger los sistemas industriales contra los ciberataques\" class=\"hover-type-liftup\"><img decoding=\"async\" width=\"700\" height=\"441\" src=\"https:\/\/eurecat.org\/wp-content\/uploads\/2026\/04\/Ciberresilienca_3-700x441.jpg\" class=\"attachment-recent-posts size-recent-posts\" alt=\"ciberresili\u00e8ncia\" srcset=\"https:\/\/eurecat.org\/wp-content\/uploads\/2026\/04\/Ciberresilienca_3-320x202.jpg 320w, https:\/\/eurecat.org\/wp-content\/uploads\/2026\/04\/Ciberresilienca_3-700x441.jpg 700w\" sizes=\"(max-width: 700px) 100vw, 700px\" \/><\/a><\/li><\/ul><\/div><div class=\"recent-posts-content\"><span class=\"vcard\" style=\"display: none;\"><span class=\"fn\"><a href=\"https:\/\/eurecat.org\/es\/author\/marina-presas\/\" title=\"Entradas de eurecatMP\" rel=\"author\">eurecatMP<\/a><\/span><\/span><span class=\"updated\" style=\"display:none;\">2026-04-14T10:37:47+02:00<\/span><h3 class=\"entry-title\"><a href=\"https:\/\/eurecat.org\/es\/ciberresiliencia-en-infraestructuras-criticas-como-proteger-sistemas-industriales-delante-ciberataques\/\">Ciberresiliencia en infraestructuras cr\u00edticas: c\u00f3mo proteger los sistemas industriales contra los ciberataques<\/a><\/h3><p> Las infraestructuras cr\u00edticas, como las redes el\u00e9ctricas, las redes de distribuci\u00f3n y suministro de agua, el sector p\u00fablico, el [...]<\/p><\/div><\/article><article class=\"post fusion-column column col col-lg-4 col-md-4 col-sm-4\"><div class=\"fusion-flexslider fusion-flexslider-loading flexslider flexslider-hover-type-liftup\"><ul class=\"slides\"><li><a href=\"https:\/\/eurecat.org\/es\/que-son-los-pfas-y-como-eliminarlos-tecnologias-para-reducir-los-contaminantes-eternos-en-el-agua\/\" aria-label=\"\u00bfQu\u00e9 son los PFAS y c\u00f3mo eliminarlos? tecnolog\u00edas para reducir los \u00abcontaminantes eternos\u00bb en el agua\" class=\"hover-type-liftup\"><img decoding=\"async\" width=\"700\" height=\"441\" src=\"https:\/\/eurecat.org\/wp-content\/uploads\/2026\/04\/PFAS_blog_post-700x441.jpg\" class=\"attachment-recent-posts size-recent-posts\" alt=\"qu\u00e8 son PFAS\" srcset=\"https:\/\/eurecat.org\/wp-content\/uploads\/2026\/04\/PFAS_blog_post-320x202.jpg 320w, https:\/\/eurecat.org\/wp-content\/uploads\/2026\/04\/PFAS_blog_post-700x441.jpg 700w\" sizes=\"(max-width: 700px) 100vw, 700px\" \/><\/a><\/li><\/ul><\/div><div class=\"recent-posts-content\"><span class=\"vcard\" style=\"display: none;\"><span class=\"fn\"><a href=\"https:\/\/eurecat.org\/es\/author\/marina-presas\/\" title=\"Entradas de eurecatMP\" rel=\"author\">eurecatMP<\/a><\/span><\/span><span class=\"updated\" style=\"display:none;\">2026-04-13T17:27:14+02:00<\/span><h3 class=\"entry-title\"><a href=\"https:\/\/eurecat.org\/es\/que-son-los-pfas-y-como-eliminarlos-tecnologias-para-reducir-los-contaminantes-eternos-en-el-agua\/\">\u00bfQu\u00e9 son los PFAS y c\u00f3mo eliminarlos? tecnolog\u00edas para reducir los \u00abcontaminantes eternos\u00bb en el agua<\/a><\/h3><p>Entender qu\u00e9 son los PFAS y c\u00f3mo eliminarlos es uno de los principales retos en la gesti\u00f3n de la contaminaci\u00f3n [...]<\/p><\/div><\/article><article class=\"post fusion-column column col col-lg-4 col-md-4 col-sm-4\"><div class=\"fusion-flexslider fusion-flexslider-loading flexslider flexslider-hover-type-liftup\"><ul class=\"slides\"><li><a href=\"https:\/\/eurecat.org\/es\/contaminantes-emergentes-un-nuevo-reto-para-la-gestion-del-agua-life-pristine\/\" aria-label=\"Contaminantes emergentes: un nuevo reto para la gesti\u00f3n del agua\" class=\"hover-type-liftup\"><img decoding=\"async\" width=\"700\" height=\"441\" src=\"https:\/\/eurecat.org\/wp-content\/uploads\/2026\/03\/LIFE-PRISTINE_Dia-Mundial-Aigua-700x441.jpg\" class=\"attachment-recent-posts size-recent-posts\" alt=\"\" srcset=\"https:\/\/eurecat.org\/wp-content\/uploads\/2026\/03\/LIFE-PRISTINE_Dia-Mundial-Aigua-320x202.jpg 320w, https:\/\/eurecat.org\/wp-content\/uploads\/2026\/03\/LIFE-PRISTINE_Dia-Mundial-Aigua-700x441.jpg 700w\" sizes=\"(max-width: 700px) 100vw, 700px\" \/><\/a><\/li><\/ul><\/div><div class=\"recent-posts-content\"><span class=\"vcard\" style=\"display: none;\"><span class=\"fn\"><a href=\"https:\/\/eurecat.org\/es\/author\/miriam-vendrell\/\" title=\"Entradas de EurecatMV\" rel=\"author\">EurecatMV<\/a><\/span><\/span><span class=\"updated\" style=\"display:none;\">2026-03-23T11:35:04+01:00<\/span><h3 class=\"entry-title\"><a href=\"https:\/\/eurecat.org\/es\/contaminantes-emergentes-un-nuevo-reto-para-la-gestion-del-agua-life-pristine\/\">Contaminantes emergentes: un nuevo reto para la gesti\u00f3n del agua<\/a><\/h3><p> Cada d\u00eda utilizamos agua para cocinar, ducharnos, lavar la ropa o limpiar el hogar. Son acciones cotidianas e imprescindibles, [...]<\/p><\/div><\/article><article class=\"post fusion-column column col col-lg-4 col-md-4 col-sm-4\"><div class=\"fusion-flexslider fusion-flexslider-loading flexslider flexslider-hover-type-liftup\"><ul class=\"slides\"><li><a href=\"https:\/\/eurecat.org\/es\/premio-nacional-a-la-transferencia-del-conocimiento-y-la-innovacion-y-mas-de-1-250-millones-de-euros-de-impacto-en-la-economia-catalana\/\" aria-label=\"Premio Nacional a la Transferencia del Conocimiento y la Innovaci\u00f3n y m\u00e1s de 1.250 millones de euros de impacto en la econom\u00eda catalana\" class=\"hover-type-liftup\"><img decoding=\"async\" width=\"700\" height=\"441\" src=\"https:\/\/eurecat.org\/wp-content\/uploads\/2026\/03\/grup2-700x441.jpg\" class=\"attachment-recent-posts size-recent-posts\" alt=\"\" srcset=\"https:\/\/eurecat.org\/wp-content\/uploads\/2026\/03\/grup2-320x202.jpg 320w, https:\/\/eurecat.org\/wp-content\/uploads\/2026\/03\/grup2-700x441.jpg 700w\" sizes=\"(max-width: 700px) 100vw, 700px\" \/><\/a><\/li><\/ul><\/div><div class=\"recent-posts-content\"><span class=\"vcard\" style=\"display: none;\"><span class=\"fn\"><a href=\"https:\/\/eurecat.org\/es\/author\/eva-marquez\/\" title=\"Entradas de EurecatEQZ\" rel=\"author\">EurecatEQZ<\/a><\/span><\/span><span class=\"updated\" style=\"display:none;\">2026-03-16T17:32:26+01:00<\/span><h3 class=\"entry-title\"><a href=\"https:\/\/eurecat.org\/es\/premio-nacional-a-la-transferencia-del-conocimiento-y-la-innovacion-y-mas-de-1-250-millones-de-euros-de-impacto-en-la-economia-catalana\/\">Premio Nacional a la Transferencia del Conocimiento y la Innovaci\u00f3n y m\u00e1s de 1.250 millones de euros de impacto en la econom\u00eda catalana<\/a><\/h3><p> Queremos aprovechar este espacio para compartir nuestra alegr\u00eda por la distinci\u00f3n recibida con el Premio Nacional a la Transferencia [...]<\/p><\/div><\/article><article class=\"post fusion-column column col col-lg-4 col-md-4 col-sm-4\"><div class=\"fusion-flexslider fusion-flexslider-loading flexslider flexslider-hover-type-liftup\"><ul class=\"slides\"><li><a href=\"https:\/\/eurecat.org\/es\/gabriel-anzaldi-director-de-ecosistemas-eurecat-apuesta-por-generar-impacto-donde-convergen-tecnologias-mercados-y-territorio\/\" aria-label=\"Gabriel Anzaldi, director de Ecosistemas: \u201cEurecat apuesta por generar impacto donde convergen tecnolog\u00edas, mercados y territorio\u201d\" class=\"hover-type-liftup\"><img decoding=\"async\" width=\"700\" height=\"441\" src=\"https:\/\/eurecat.org\/wp-content\/uploads\/2026\/03\/Gabriel_Anzaldi_horitzontal-700x441.jpg\" class=\"attachment-recent-posts size-recent-posts\" alt=\"\" srcset=\"https:\/\/eurecat.org\/wp-content\/uploads\/2026\/03\/Gabriel_Anzaldi_horitzontal-320x202.jpg 320w, https:\/\/eurecat.org\/wp-content\/uploads\/2026\/03\/Gabriel_Anzaldi_horitzontal-700x441.jpg 700w\" sizes=\"(max-width: 700px) 100vw, 700px\" \/><\/a><\/li><\/ul><\/div><div class=\"recent-posts-content\"><span class=\"vcard\" style=\"display: none;\"><span class=\"fn\"><a href=\"https:\/\/eurecat.org\/es\/author\/eva-marquez\/\" title=\"Entradas de EurecatEQZ\" rel=\"author\">EurecatEQZ<\/a><\/span><\/span><span class=\"updated\" style=\"display:none;\">2026-03-12T10:04:14+01:00<\/span><h3 class=\"entry-title\"><a href=\"https:\/\/eurecat.org\/es\/gabriel-anzaldi-director-de-ecosistemas-eurecat-apuesta-por-generar-impacto-donde-convergen-tecnologias-mercados-y-territorio\/\">Gabriel Anzaldi, director de Ecosistemas: \u201cEurecat apuesta por generar impacto donde convergen tecnolog\u00edas, mercados y territorio\u201d<\/a><\/h3><p> La capacidad de traducir conocimiento tecnol\u00f3gico en resultados con impacto en la econom\u00eda y la sociedad es hoy uno [...]<\/p><\/div><\/article><article class=\"post fusion-column column col col-lg-4 col-md-4 col-sm-4\"><div class=\"fusion-flexslider fusion-flexslider-loading flexslider flexslider-hover-type-liftup\"><ul class=\"slides\"><li><a href=\"https:\/\/eurecat.org\/es\/talento-femenino-en-ciencia-y-tecnologia-clave-para-la-innovacion-y-el-futuro\/\" aria-label=\"Talento femenino en ciencia y tecnolog\u00eda, clave para la innovaci\u00f3n y el futuro\" class=\"hover-type-liftup\"><img decoding=\"async\" width=\"662\" height=\"441\" src=\"https:\/\/eurecat.org\/wp-content\/uploads\/2026\/02\/2_editada.jpg\" class=\"attachment-recent-posts size-recent-posts\" alt=\"\" \/><\/a><\/li><li><a href=\"https:\/\/eurecat.org\/es\/talento-femenino-en-ciencia-y-tecnologia-clave-para-la-innovacion-y-el-futuro\/\" aria-label=\"Talento femenino en ciencia y tecnolog\u00eda, clave para la innovaci\u00f3n y el futuro\" class=\"hover-type-liftup\"><img decoding=\"async\" width=\"662\" height=\"441\" src=\"https:\/\/eurecat.org\/wp-content\/uploads\/2026\/02\/1_editada-copia.jpg\" class=\"attachment-recent-posts size-recent-posts\" alt=\"\" \/><\/a><\/li><li><a href=\"https:\/\/eurecat.org\/es\/talento-femenino-en-ciencia-y-tecnologia-clave-para-la-innovacion-y-el-futuro\/\" aria-label=\"Talento femenino en ciencia y tecnolog\u00eda, clave para la innovaci\u00f3n y el futuro\" class=\"hover-type-liftup\"><img decoding=\"async\" width=\"662\" height=\"441\" src=\"https:\/\/eurecat.org\/wp-content\/uploads\/2026\/02\/3_editada.jpg\" class=\"attachment-recent-posts size-recent-posts\" alt=\"\" \/><\/a><\/li><li><a href=\"https:\/\/eurecat.org\/es\/talento-femenino-en-ciencia-y-tecnologia-clave-para-la-innovacion-y-el-futuro\/\" aria-label=\"Talento femenino en ciencia y tecnolog\u00eda, clave para la innovaci\u00f3n y el futuro\" class=\"hover-type-liftup\"><img decoding=\"async\" width=\"662\" height=\"441\" src=\"https:\/\/eurecat.org\/wp-content\/uploads\/2026\/02\/4_editada.jpg\" class=\"attachment-recent-posts size-recent-posts\" alt=\"\" \/><\/a><\/li><\/ul><\/div><div class=\"recent-posts-content\"><span class=\"vcard\" style=\"display: none;\"><span class=\"fn\"><a href=\"https:\/\/eurecat.org\/es\/author\/maria-poveda\/\" title=\"Entradas de EurecatMPv\" rel=\"author\">EurecatMPv<\/a><\/span><\/span><span class=\"updated\" style=\"display:none;\">2026-02-11T13:30:52+01:00<\/span><h3 class=\"entry-title\"><a href=\"https:\/\/eurecat.org\/es\/talento-femenino-en-ciencia-y-tecnologia-clave-para-la-innovacion-y-el-futuro\/\">Talento femenino en ciencia y tecnolog\u00eda, clave para la innovaci\u00f3n y el futuro<\/a><\/h3><p> La transformaci\u00f3n cient\u00edfica y tecnol\u00f3gica que vive la sociedad necesita m\u00e1s talento femenino en todos los \u00e1mbitos del conocimiento, [...]<\/p><\/div><\/article><\/section><div class=\"pagination clearfix\"><span class=\"current\">1<\/span><a href=\"https:\/\/eurecat.org\/es\/wp-json\/wp\/v2\/pages\/2781\/page\/2\/\" class=\"inactive\">2<\/a><a class=\"pagination-next\" rel=\"next\" href=\"https:\/\/eurecat.org\/es\/wp-json\/wp\/v2\/pages\/2781\/page\/2\/\"><span class=\"page-text\">Siguiente<\/span><span class=\"page-next\"><\/span><\/a><\/div><div class=\"fusion-clearfix\"><\/div><\/div><\/div><\/div><\/div><\/div>\n","protected":false},"excerpt":{"rendered":"","protected":false},"author":12,"featured_media":0,"parent":2779,"menu_order":2,"comment_status":"open","ping_status":"closed","template":"","meta":{"footnotes":""},"class_list":["post-2781","page","type-page","status-publish","hentry"],"yoast_head":"<!-- This site is optimized with the Yoast SEO plugin v27.5 - https:\/\/yoast.com\/product\/yoast-seo-wordpress\/ -->\n<title>Blog - Eurecat<\/title>\n<meta name=\"robots\" content=\"index, follow, max-snippet:-1, max-image-preview:large, max-video-preview:-1\" \/>\n<link rel=\"canonical\" href=\"https:\/\/eurecat.org\/es\/actualidad\/blog\/\" \/>\n<meta property=\"og:locale\" content=\"es_ES\" \/>\n<meta property=\"og:type\" content=\"article\" \/>\n<meta property=\"og:title\" content=\"Blog - Eurecat\" \/>\n<meta property=\"og:url\" content=\"https:\/\/eurecat.org\/es\/actualidad\/blog\/\" \/>\n<meta property=\"og:site_name\" content=\"Eurecat\" \/>\n<meta property=\"article:modified_time\" content=\"2025-03-11T11:37:58+00:00\" \/>\n<meta name=\"twitter:card\" content=\"summary_large_image\" \/>\n<meta name=\"twitter:label1\" content=\"Tiempo de lectura\" \/>\n\t<meta name=\"twitter:data1\" content=\"3 minutos\" \/>\n<script type=\"application\/ld+json\" class=\"yoast-schema-graph\">{\"@context\":\"https:\\\/\\\/schema.org\",\"@graph\":[{\"@type\":\"WebPage\",\"@id\":\"https:\\\/\\\/eurecat.org\\\/es\\\/actualidad\\\/blog\\\/\",\"url\":\"https:\\\/\\\/eurecat.org\\\/es\\\/actualidad\\\/blog\\\/\",\"name\":\"Blog - Eurecat\",\"isPartOf\":{\"@id\":\"https:\\\/\\\/eurecat.org\\\/es\\\/#website\"},\"datePublished\":\"2015-07-09T07:15:59+00:00\",\"dateModified\":\"2025-03-11T11:37:58+00:00\",\"breadcrumb\":{\"@id\":\"https:\\\/\\\/eurecat.org\\\/es\\\/actualidad\\\/blog\\\/#breadcrumb\"},\"inLanguage\":\"es\",\"potentialAction\":[{\"@type\":\"ReadAction\",\"target\":[\"https:\\\/\\\/eurecat.org\\\/es\\\/actualidad\\\/blog\\\/\"]}]},{\"@type\":\"BreadcrumbList\",\"@id\":\"https:\\\/\\\/eurecat.org\\\/es\\\/actualidad\\\/blog\\\/#breadcrumb\",\"itemListElement\":[{\"@type\":\"ListItem\",\"position\":1,\"name\":\"Inici\",\"item\":\"https:\\\/\\\/eurecat.org\\\/es\\\/\"},{\"@type\":\"ListItem\",\"position\":2,\"name\":\"Actualidad\",\"item\":\"https:\\\/\\\/eurecat.org\\\/es\\\/actualidad\\\/\"},{\"@type\":\"ListItem\",\"position\":3,\"name\":\"Blog\"}]},{\"@type\":\"WebSite\",\"@id\":\"https:\\\/\\\/eurecat.org\\\/es\\\/#website\",\"url\":\"https:\\\/\\\/eurecat.org\\\/es\\\/\",\"name\":\"Eurecat\",\"description\":\"Otro sitio realizado con WordPress\",\"potentialAction\":[{\"@type\":\"SearchAction\",\"target\":{\"@type\":\"EntryPoint\",\"urlTemplate\":\"https:\\\/\\\/eurecat.org\\\/es\\\/?s={search_term_string}\"},\"query-input\":{\"@type\":\"PropertyValueSpecification\",\"valueRequired\":true,\"valueName\":\"search_term_string\"}}],\"inLanguage\":\"es\"}]}<\/script>\n<!-- \/ Yoast SEO plugin. -->","yoast_head_json":{"title":"Blog - Eurecat","robots":{"index":"index","follow":"follow","max-snippet":"max-snippet:-1","max-image-preview":"max-image-preview:large","max-video-preview":"max-video-preview:-1"},"canonical":"https:\/\/eurecat.org\/es\/actualidad\/blog\/","og_locale":"es_ES","og_type":"article","og_title":"Blog - Eurecat","og_url":"https:\/\/eurecat.org\/es\/actualidad\/blog\/","og_site_name":"Eurecat","article_modified_time":"2025-03-11T11:37:58+00:00","twitter_card":"summary_large_image","twitter_misc":{"Tiempo de lectura":"3 minutos"},"schema":{"@context":"https:\/\/schema.org","@graph":[{"@type":"WebPage","@id":"https:\/\/eurecat.org\/es\/actualidad\/blog\/","url":"https:\/\/eurecat.org\/es\/actualidad\/blog\/","name":"Blog - Eurecat","isPartOf":{"@id":"https:\/\/eurecat.org\/es\/#website"},"datePublished":"2015-07-09T07:15:59+00:00","dateModified":"2025-03-11T11:37:58+00:00","breadcrumb":{"@id":"https:\/\/eurecat.org\/es\/actualidad\/blog\/#breadcrumb"},"inLanguage":"es","potentialAction":[{"@type":"ReadAction","target":["https:\/\/eurecat.org\/es\/actualidad\/blog\/"]}]},{"@type":"BreadcrumbList","@id":"https:\/\/eurecat.org\/es\/actualidad\/blog\/#breadcrumb","itemListElement":[{"@type":"ListItem","position":1,"name":"Inici","item":"https:\/\/eurecat.org\/es\/"},{"@type":"ListItem","position":2,"name":"Actualidad","item":"https:\/\/eurecat.org\/es\/actualidad\/"},{"@type":"ListItem","position":3,"name":"Blog"}]},{"@type":"WebSite","@id":"https:\/\/eurecat.org\/es\/#website","url":"https:\/\/eurecat.org\/es\/","name":"Eurecat","description":"Otro sitio realizado con WordPress","potentialAction":[{"@type":"SearchAction","target":{"@type":"EntryPoint","urlTemplate":"https:\/\/eurecat.org\/es\/?s={search_term_string}"},"query-input":{"@type":"PropertyValueSpecification","valueRequired":true,"valueName":"search_term_string"}}],"inLanguage":"es"}]}},"_links":{"self":[{"href":"https:\/\/eurecat.org\/es\/wp-json\/wp\/v2\/pages\/2781","targetHints":{"allow":["GET"]}}],"collection":[{"href":"https:\/\/eurecat.org\/es\/wp-json\/wp\/v2\/pages"}],"about":[{"href":"https:\/\/eurecat.org\/es\/wp-json\/wp\/v2\/types\/page"}],"author":[{"embeddable":true,"href":"https:\/\/eurecat.org\/es\/wp-json\/wp\/v2\/users\/12"}],"replies":[{"embeddable":true,"href":"https:\/\/eurecat.org\/es\/wp-json\/wp\/v2\/comments?post=2781"}],"version-history":[{"count":1,"href":"https:\/\/eurecat.org\/es\/wp-json\/wp\/v2\/pages\/2781\/revisions"}],"predecessor-version":[{"id":174243,"href":"https:\/\/eurecat.org\/es\/wp-json\/wp\/v2\/pages\/2781\/revisions\/174243"}],"up":[{"embeddable":true,"href":"https:\/\/eurecat.org\/es\/wp-json\/wp\/v2\/pages\/2779"}],"wp:attachment":[{"href":"https:\/\/eurecat.org\/es\/wp-json\/wp\/v2\/media?parent=2781"}],"curies":[{"name":"wp","href":"https:\/\/api.w.org\/{rel}","templated":true}]}}