{"id":31965,"date":"2017-07-20T07:36:34","date_gmt":"2017-07-20T07:36:34","guid":{"rendered":"https:\/\/eurecat.org\/?page_id=31965\/"},"modified":"2017-09-08T09:35:51","modified_gmt":"2017-09-08T09:35:51","slug":"financiacion-idi-alimentacion-salud-deporte","status":"publish","type":"page","link":"https:\/\/eurecat.org\/es\/servicios\/eurecatevents\/financiacion-idi-alimentacion-salud-deporte\/","title":{"rendered":"Jornada &#8211; Oportunidades de financiaci\u00f3n de I+D+i orientadas al sector de la alimentaci\u00f3n, salud y deporte"},"content":{"rendered":"<div class=\"fusion-fullwidth fullwidth-box fusion-builder-row-1 hundred-percent-fullwidth non-hundred-percent-height-scrolling\" style=\"--awb-border-radius-top-left:0px;--awb-border-radius-top-right:0px;--awb-border-radius-bottom-right:0px;--awb-border-radius-bottom-left:0px;--awb-padding-top:-40px;--awb-flex-wrap:wrap;\" ><div class=\"fusion-builder-row fusion-row\"><div class=\"fusion-layout-column fusion_builder_column fusion-builder-column-0 fusion_builder_column_1_1 1_1 fusion-one-full fusion-column-first fusion-column-last fusion-column-no-min-height\" style=\"--awb-bg-size:cover;--awb-margin-bottom:0px;\"><div class=\"fusion-column-wrapper fusion-flex-column-wrapper-legacy\"><div class=\"fusion-text fusion-text-1\"><h1 style=\"text-align: center;\"><strong><span style=\"color: #800080;\">Jornada: Oportunidades de financiaci\u00f3n de la I+D+i orientadas a los sectores de la Alimentaci\u00f3n, Salud y Deporte<\/span><\/strong><\/h1>\n<\/div><div class=\"fusion-clearfix\"><\/div><\/div><\/div><div class=\"fusion-layout-column fusion_builder_column fusion-builder-column-1 fusion_builder_column_1_3 1_3 fusion-one-third fusion-column-first fusion-column-no-min-height\" style=\"--awb-bg-size:cover;--awb-margin-bottom:0px;width:33.333333333333%;width:calc(33.333333333333% - ( ( 4% ) * 0.33333333333333 ) );margin-right: 4%;\"><div class=\"fusion-column-wrapper fusion-flex-column-wrapper-legacy\"><div class=\"fusion-text fusion-text-2\"><p><a href=\"https:\/\/www.cdti.es\/\"><img decoding=\"async\" class=\"aligncenter size-full wp-image-36361\" src=\"https:\/\/eurecat.org\/wp-content\/uploads\/2017\/07\/logo-cdti-mineco-450x220.jpg\" alt=\"CDTI\" width=\"450\" height=\"220\" srcset=\"https:\/\/eurecat.org\/wp-content\/uploads\/2017\/07\/logo-cdti-mineco-450x220-200x98.jpg 200w, https:\/\/eurecat.org\/wp-content\/uploads\/2017\/07\/logo-cdti-mineco-450x220-300x147.jpg 300w, https:\/\/eurecat.org\/wp-content\/uploads\/2017\/07\/logo-cdti-mineco-450x220-400x196.jpg 400w, https:\/\/eurecat.org\/wp-content\/uploads\/2017\/07\/logo-cdti-mineco-450x220.jpg 450w\" sizes=\"(max-width: 450px) 100vw, 450px\" \/><\/a><\/p>\n<\/div><div class=\"fusion-clearfix\"><\/div><\/div><\/div><div class=\"fusion-layout-column fusion_builder_column fusion-builder-column-2 fusion_builder_column_2_3 2_3 fusion-two-third fusion-column-last fusion-column-no-min-height\" style=\"--awb-bg-size:cover;--awb-margin-bottom:0px;width:66.666666666667%;width:calc(66.666666666667% - ( ( 4% ) * 0.66666666666667 ) );\"><div class=\"fusion-column-wrapper fusion-flex-column-wrapper-legacy\"><div class=\"fusion-text fusion-text-3\"><h1 style=\"text-align: center;\"><span style=\"color: #000000;\"><strong>13 de septiembre del 2017<\/strong><\/span><\/h1>\n<h2 style=\"text-align: center;\"><span style=\"color: #000000;\"><strong>Eurecat | Edifici CornerStone | Sala Innova<\/strong><\/span><\/h2>\n<p style=\"text-align: center;\"><span style=\"color: #000000;\">Cam\u00ed Antic de Val\u00e8ncia, 54 &#8211; 08005 Barcelona<\/span><\/p>\n<\/div><div class=\"fusion-clearfix\"><\/div><\/div><\/div><\/div><\/div><div class=\"fusion-fullwidth fullwidth-box fusion-builder-row-2 fusion-parallax-none hundred-percent-fullwidth non-hundred-percent-height-scrolling\" style=\"--awb-border-radius-top-left:0px;--awb-border-radius-top-right:0px;--awb-border-radius-bottom-right:0px;--awb-border-radius-bottom-left:0px;--awb-padding-top:150px;--awb-padding-bottom:150px;--awb-background-image:url(&quot;https:\/\/eurecat.org\/wp-content\/uploads\/2017\/07\/bannerCDTIsalut_jornada_1500x300.jpg&quot;);--awb-background-size:cover;--awb-flex-wrap:wrap;\" ><div class=\"fusion-builder-row fusion-row\"><div class=\"fusion-layout-column fusion_builder_column fusion-builder-column-3 fusion_builder_column_1_1 1_1 fusion-one-full fusion-column-first fusion-column-last fusion-column-no-min-height\" style=\"--awb-bg-size:cover;\"><div class=\"fusion-column-wrapper fusion-flex-column-wrapper-legacy\"><div class=\"fusion-column-content-centered\"><div class=\"fusion-column-content\"><div class=\"fusion-sep-clear\"><\/div><div class=\"fusion-separator fusion-full-width-sep\" style=\"margin-left: auto;margin-right: auto;width:100%;\"><\/div><div class=\"fusion-sep-clear\"><\/div><\/div><\/div><div class=\"fusion-clearfix\"><\/div><\/div><\/div><\/div><\/div><div class=\"fusion-fullwidth fullwidth-box fusion-builder-row-3 nonhundred-percent-fullwidth non-hundred-percent-height-scrolling\" style=\"--awb-background-position:left top;--awb-border-radius-top-left:0px;--awb-border-radius-top-right:0px;--awb-border-radius-bottom-right:0px;--awb-border-radius-bottom-left:0px;--awb-padding-top:30px;--awb-padding-right:0px;--awb-padding-bottom:30px;--awb-padding-left:0px;--awb-border-sizes-top:0px;--awb-border-sizes-bottom:0px;--awb-flex-wrap:wrap;\" ><div class=\"fusion-builder-row fusion-row\"><div class=\"fusion-layout-column fusion_builder_column fusion-builder-column-4 fusion_builder_column_1_3 1_3 fusion-one-third fusion-column-first\" style=\"--awb-padding-right:20px;--awb-padding-left:20px;--awb-bg-size:cover;width:33.333333333333%;width:calc(33.333333333333% - ( ( 4% + 4% ) * 0.33333333333333 ) );margin-right: 4%;\"><div class=\"fusion-column-wrapper fusion-flex-column-wrapper-legacy\"><div class=\"fusion-text fusion-text-4\"><p><span style=\"color: #3d6fb6;\"><strong>A quien se dirige:<\/strong><\/span><\/p>\n<p>Empreses del sector alimentaci\u00f3n, salud y deporte con voluntad de innovar, con la necesidad de financiaci\u00f3n Y\/o internacionalizaci\u00f3n.<\/p>\n<\/div><div class=\"fusion-clearfix\"><\/div><\/div><\/div><div class=\"fusion-layout-column fusion_builder_column fusion-builder-column-5 fusion_builder_column_1_3 1_3 fusion-one-third\" style=\"--awb-padding-right:20px;--awb-padding-left:20px;--awb-bg-size:cover;width:33.333333333333%;width:calc(33.333333333333% - ( ( 4% + 4% ) * 0.33333333333333 ) );margin-right: 4%;\"><div class=\"fusion-column-wrapper fusion-flex-column-wrapper-legacy\"><div class=\"fusion-text fusion-text-5\"><p><span style=\"color: #3d6fb6;\"><strong>Jornada &#8211; Taller:<\/strong><\/span><\/p>\n<p>Taller con una orientaci\u00f3n pr\u00e1ctica en la que podr\u00e9is solicitar una entrevista personal con los responsables del CDTI para valorar vuestras propuestas.<\/p>\n<\/div><div class=\"fusion-clearfix\"><\/div><\/div><\/div><div class=\"fusion-layout-column fusion_builder_column fusion-builder-column-6 fusion_builder_column_1_3 1_3 fusion-one-third fusion-column-last\" style=\"--awb-padding-right:20px;--awb-padding-left:20px;--awb-bg-size:cover;width:33.333333333333%;width:calc(33.333333333333% - ( ( 4% + 4% ) * 0.33333333333333 ) );\"><div class=\"fusion-column-wrapper fusion-flex-column-wrapper-legacy\"><div class=\"fusion-text fusion-text-6\"><h1 style=\"text-align: left;\"><span style=\"color: #800080;\">AFORO COMPLETO<\/span><\/h1>\n<\/div><div class=\"fusion-clearfix\"><\/div><\/div><\/div><\/div><\/div><div class=\"fusion-fullwidth fullwidth-box fusion-builder-row-4 nonhundred-percent-fullwidth non-hundred-percent-height-scrolling\" style=\"--awb-border-radius-top-left:0px;--awb-border-radius-top-right:0px;--awb-border-radius-bottom-right:0px;--awb-border-radius-bottom-left:0px;--awb-padding-top:20px;--awb-padding-bottom:20px;--awb-background-color:#3d6fb6;--awb-flex-wrap:wrap;\" ><div class=\"fusion-builder-row fusion-row\"><div class=\"fusion-layout-column fusion_builder_column fusion-builder-column-7 fusion_builder_column_1_1 1_1 fusion-one-full fusion-column-first fusion-column-last\" style=\"--awb-bg-size:cover;--awb-margin-top:30px;\"><div class=\"fusion-column-wrapper fusion-flex-column-wrapper-legacy\"><div class=\"fusion-text fusion-text-7\"><h2 style=\"text-align: center;\"><span style=\"color: #ffffff;\"><strong>Programa<\/strong><\/span><\/h2>\n<\/div><div class=\"fusion-clearfix\"><\/div><\/div><\/div><\/div><\/div><div class=\"fusion-fullwidth fullwidth-box fusion-builder-row-5 nonhundred-percent-fullwidth non-hundred-percent-height-scrolling\" style=\"--awb-border-radius-top-left:0px;--awb-border-radius-top-right:0px;--awb-border-radius-bottom-right:0px;--awb-border-radius-bottom-left:0px;--awb-padding-top:20px;--awb-padding-right:50px;--awb-padding-bottom:20px;--awb-padding-left:50px;--awb-background-color:rgba(249,249,249,0);--awb-flex-wrap:wrap;\" ><div class=\"fusion-builder-row fusion-row\"><div class=\"fusion-layout-column fusion_builder_column fusion-builder-column-8 fusion_builder_column_1_4 1_4 fusion-one-fourth fusion-column-first\" style=\"--awb-padding-right:10px;--awb-padding-left:20px;--awb-bg-size:cover;--awb-border-color:#3d5fb6;--awb-border-right:1px;--awb-border-style:solid;width:25%;width:calc(25% - ( ( 4% + 4% + 4% ) * 0.25 ) );margin-right: 4%;\"><div class=\"fusion-column-wrapper fusion-flex-column-wrapper-legacy\"><div class=\"fusion-text fusion-text-8\"><p><span style=\"color: #3d6fb6;\"><strong>10:00h<\/strong><\/span><\/p>\n<\/div><div class=\"fusion-text fusion-text-9\"><p><span style=\"color: #000000;\">Registro de asistentes<\/span><\/p>\n<\/div><div class=\"fusion-text fusion-text-10\"><p><span style=\"color: #3d6fb6;\"><strong>10:15h<\/strong><\/span><\/p>\n<\/div><div class=\"fusion-text fusion-text-11\"><p>Bienvenida<\/p>\n<p>Eurecat en los sectores de la Alimentaci\u00f3n, Salud y Deporte<\/p>\n<p><strong>Ignasi Papell<\/strong>, Business Development Manager Food Industry de Eurecat<\/p>\n<p><strong>Xavi Catas\u00fas<\/strong>, Business Development Manager Health &amp; Sport Industries de Eurecat<\/p>\n<\/div><div class=\"fusion-clearfix\"><\/div><\/div><\/div><div class=\"fusion-layout-column fusion_builder_column fusion-builder-column-9 fusion_builder_column_1_4 1_4 fusion-one-fourth\" style=\"--awb-padding-right:10px;--awb-bg-size:cover;--awb-border-color:#3d6fb6;--awb-border-right:1px;--awb-border-style:solid;width:25%;width:calc(25% - ( ( 4% + 4% + 4% ) * 0.25 ) );margin-right: 4%;\"><div class=\"fusion-column-wrapper fusion-flex-column-wrapper-legacy\"><div class=\"fusion-text fusion-text-12\"><p><span style=\"color: #3d6fb6;\"><strong>10:30h<\/strong><\/span><\/p>\n<p><strong>Instrumentos de financiaci\u00f3n de proyectos de I+D+i del CDTI. Novedades.<\/strong><strong><br \/>\n<\/strong><strong>Sr. <\/strong><strong>Juan Luis Romera<\/strong><\/p>\n<p>Responsable del asesoramiento y promoci\u00f3n en el \u00e1rea de Salud, Farmacia, Tecnolog\u00edas Sanitarias y Biotecnolog\u00eda asociada a Salud. Departamento de Salud, Bioeconom\u00eda, Clima y Recursos Naturales Direcci\u00f3n de Promoci\u00f3n y Cooperaci\u00f3n del CDTI.<\/p>\n<\/div><div class=\"fusion-text fusion-text-13\"><p><span style=\"color: #3d6fb6;\"><strong>11:15h<\/strong><\/span><\/p>\n<\/div><div class=\"fusion-text fusion-text-14\"><p>Pausa &#8211; caf\u00e9 Networking<\/p>\n<\/div><div class=\"fusion-clearfix\"><\/div><\/div><\/div><div class=\"fusion-layout-column fusion_builder_column fusion-builder-column-10 fusion_builder_column_1_4 1_4 fusion-one-fourth\" style=\"--awb-padding-right:10px;--awb-bg-size:cover;--awb-border-color:#3d6fb6;--awb-border-right:1px;--awb-border-style:solid;width:25%;width:calc(25% - ( ( 4% + 4% + 4% ) * 0.25 ) );margin-right: 4%;\"><div class=\"fusion-column-wrapper fusion-flex-column-wrapper-legacy\"><div class=\"fusion-text fusion-text-15\"><p><span style=\"color: #3d6fb6;\"><strong>11:45h<\/strong><\/span><\/p>\n<p><strong>Instrumentos de financiaci\u00f3n de proyectos de I+D+i a nivel internacional del CDTI<br \/>\nSr. <\/strong><strong>Eduardo Cotillas<\/strong><\/p>\n<p>Responsable del asesoramiento en el \u00e1rea de alimentaci\u00f3n humana y biotecnolog\u00eda alimentaria. Departamento de Salud, Bioeconom\u00eda, Clima y Recursos Naturales. Direcci\u00f3n de Promoci\u00f3n y Cooperaci\u00f3n del CDTI.<\/p>\n<\/div><div class=\"fusion-clearfix\"><\/div><\/div><\/div><div class=\"fusion-layout-column fusion_builder_column fusion-builder-column-11 fusion_builder_column_1_4 1_4 fusion-one-fourth fusion-column-last\" style=\"--awb-padding-right:30px;--awb-bg-size:cover;width:25%;width:calc(25% - ( ( 4% + 4% + 4% ) * 0.25 ) );\"><div class=\"fusion-column-wrapper fusion-flex-column-wrapper-legacy\"><div class=\"fusion-text fusion-text-16\"><p><span style=\"color: #3d6fb6;\"><strong>12:30h<\/strong><\/span><\/p>\n<\/div><div class=\"fusion-text fusion-text-17\"><p>Fin de la jornada<\/p>\n<\/div><div class=\"fusion-text fusion-text-18\"><p><span style=\"color: #3d6fb6;\"><strong>12:35h<\/strong><\/span><\/p>\n<\/div><div class=\"fusion-text fusion-text-19\"><p>Reuniones bilaterales con representantes de CDTI (*)<\/p>\n<p>Solo para los interesados que hayan solicitado la entrevista a trav\u00e9s del formulario.<\/p>\n<p><strong>AFORO COMPLETO<\/strong><\/p>\n<\/div><div class=\"fusion-clearfix\"><\/div><\/div><\/div><\/div><\/div><div class=\"fusion-fullwidth fullwidth-box fusion-builder-row-6 nonhundred-percent-fullwidth non-hundred-percent-height-scrolling\" style=\"--awb-border-radius-top-left:0px;--awb-border-radius-top-right:0px;--awb-border-radius-bottom-right:0px;--awb-border-radius-bottom-left:0px;--awb-padding-top:20px;--awb-padding-bottom:20px;--awb-background-color:#3d6fb6;--awb-flex-wrap:wrap;\" ><div class=\"fusion-builder-row fusion-row\"><div class=\"fusion-layout-column fusion_builder_column fusion-builder-column-12 fusion_builder_column_1_1 1_1 fusion-one-full fusion-column-first fusion-column-last\" style=\"--awb-padding-left:100px;--awb-bg-size:cover;\"><div class=\"fusion-column-wrapper fusion-flex-column-wrapper-legacy\"><div class=\"fusion-clearfix\"><\/div><\/div><\/div><\/div><\/div><div class=\"fusion-fullwidth fullwidth-box fusion-builder-row-7 nonhundred-percent-fullwidth non-hundred-percent-height-scrolling\" style=\"--awb-border-radius-top-left:0px;--awb-border-radius-top-right:0px;--awb-border-radius-bottom-right:0px;--awb-border-radius-bottom-left:0px;--awb-padding-top:20px;--awb-padding-right:50px;--awb-padding-bottom:20px;--awb-padding-left:50px;--awb-border-sizes-top:2px;--awb-border-sizes-bottom:2px;--awb-flex-wrap:wrap;\" ><div class=\"fusion-builder-row fusion-row\"><div class=\"fusion-layout-column fusion_builder_column fusion-builder-column-13 fusion_builder_column_1_5 1_5 fusion-one-fifth fusion-column-first\" style=\"--awb-bg-size:cover;width:20%;width:calc(20% - ( ( 4% ) * 0.2 ) );margin-right: 4%;\"><div class=\"fusion-column-wrapper fusion-flex-column-wrapper-legacy\"><div class=\"fusion-text fusion-text-20\"><p><img decoding=\"async\" class=\"aligncenter size-full wp-image-31987\" src=\"https:\/\/eurecat.org\/wp-content\/uploads\/2017\/07\/Juan-Luis-Romera_250x250px.png\" alt=\"\" width=\"250\" height=\"250\" srcset=\"https:\/\/eurecat.org\/wp-content\/uploads\/2017\/07\/Juan-Luis-Romera_250x250px-30x30.png 30w, https:\/\/eurecat.org\/wp-content\/uploads\/2017\/07\/Juan-Luis-Romera_250x250px-66x66.png 66w, https:\/\/eurecat.org\/wp-content\/uploads\/2017\/07\/Juan-Luis-Romera_250x250px-150x150.png 150w, https:\/\/eurecat.org\/wp-content\/uploads\/2017\/07\/Juan-Luis-Romera_250x250px-200x200.png 200w, https:\/\/eurecat.org\/wp-content\/uploads\/2017\/07\/Juan-Luis-Romera_250x250px.png 250w\" sizes=\"(max-width: 250px) 100vw, 250px\" \/><\/p>\n<\/div><div class=\"fusion-text fusion-text-21\"><p style=\"text-align: center;\"><span style=\"color: #3d6fb6;\"><strong>Juan Luis Romera<\/strong><\/span><\/p>\n<\/div><div class=\"fusion-clearfix\"><\/div><\/div><\/div><div class=\"fusion-layout-column fusion_builder_column fusion-builder-column-14 fusion_builder_column_4_5 4_5 fusion-four-fifth fusion-column-last\" style=\"--awb-bg-size:cover;width:80%;width:calc(80% - ( ( 4% ) * 0.8 ) );\"><div class=\"fusion-column-wrapper fusion-flex-column-wrapper-legacy\"><div class=\"fusion-text fusion-text-22\"><p>Responsable del asesoramiento y promoci\u00f3n en el \u00e1rea de Salud, Farmacia, Tecnolog\u00edas Sanitarias y Biotecnolog\u00eda asociada a Salud. Departamento de Salud, Bioeconom\u00eda, Clima y Recursos Naturales Direcci\u00f3n de Promoci\u00f3n y Cooperaci\u00f3n del CDTI.<\/p>\n<p>Doctor en Qu\u00edmica Org\u00e1nica y Farmac\u00e9utica por la Universidad de Granada cuenta con m\u00e1s de 19 a\u00f1os de experiencia laboral, de los cuales los \u00faltimos 11 a\u00f1os en CDTI (anteriormente estuvo trabajando en este centro como evaluador t\u00e9cnico de proyectos de I+D+i). As\u00ed mismo, ha trabajado en el \u00e1mbito Hospitalario (como Facultativo Residente de An\u00e1lisis Cl\u00ednicos, tras aprobar el QIR), en la Industria farmac\u00e9utica (Janssen Cilag, en la divisi\u00f3n de Johnson and Johnson Pharmaceutical Research and Developement) y como investigador en la Universidad de Granada.<\/p>\n<p>Fruto de su actividad laboral cuenta con numerosas contribuciones cient\u00edficas (entre publicaciones y comunicaciones a congresos). As\u00ed mismo, ha impartido docencia en el \u00e1mbito Universitario y formaci\u00f3n en el \u00e1mbito hospitalario. Y por su actual actividad es ponente habitual en jornadas y talleres sobre financiaci\u00f3n de I+D+i, organizados por diferentes instituciones (Plataformas, Organismos p\u00fablicos de Investigaci\u00f3n, Centros Tecnol\u00f3gicos, C\u00e1maras de comercio, Asociaciones Empresariales, etc.)<\/p>\n<\/div><div class=\"fusion-clearfix\"><\/div><\/div><\/div><\/div><\/div><div class=\"fusion-fullwidth fullwidth-box fusion-builder-row-8 nonhundred-percent-fullwidth non-hundred-percent-height-scrolling\" style=\"--awb-border-radius-top-left:0px;--awb-border-radius-top-right:0px;--awb-border-radius-bottom-right:0px;--awb-border-radius-bottom-left:0px;--awb-padding-top:20px;--awb-padding-right:50px;--awb-padding-bottom:20px;--awb-padding-left:50px;--awb-border-sizes-top:2px;--awb-border-sizes-bottom:2px;--awb-flex-wrap:wrap;\" ><div class=\"fusion-builder-row fusion-row\"><div class=\"fusion-layout-column fusion_builder_column fusion-builder-column-15 fusion_builder_column_1_5 1_5 fusion-one-fifth fusion-column-first\" style=\"--awb-bg-size:cover;width:20%;width:calc(20% - ( ( 4% ) * 0.2 ) );margin-right: 4%;\"><div class=\"fusion-column-wrapper fusion-flex-column-wrapper-legacy\"><div class=\"fusion-text fusion-text-23\"><p><img decoding=\"async\" class=\"aligncenter size-full wp-image-31984\" src=\"https:\/\/eurecat.org\/wp-content\/uploads\/2017\/07\/Eduardo-Cotillas_250x250px.png\" alt=\"\" width=\"250\" height=\"250\" srcset=\"https:\/\/eurecat.org\/wp-content\/uploads\/2017\/07\/Eduardo-Cotillas_250x250px-30x30.png 30w, https:\/\/eurecat.org\/wp-content\/uploads\/2017\/07\/Eduardo-Cotillas_250x250px-66x66.png 66w, https:\/\/eurecat.org\/wp-content\/uploads\/2017\/07\/Eduardo-Cotillas_250x250px-150x150.png 150w, https:\/\/eurecat.org\/wp-content\/uploads\/2017\/07\/Eduardo-Cotillas_250x250px-200x200.png 200w, https:\/\/eurecat.org\/wp-content\/uploads\/2017\/07\/Eduardo-Cotillas_250x250px.png 250w\" sizes=\"(max-width: 250px) 100vw, 250px\" \/><\/p>\n<\/div><div class=\"fusion-text fusion-text-24\"><p style=\"text-align: center;\"><span style=\"color: #3d6fb6;\"><strong>Eduardo Cotillas<\/strong><\/span><\/p>\n<\/div><div class=\"fusion-clearfix\"><\/div><\/div><\/div><div class=\"fusion-layout-column fusion_builder_column fusion-builder-column-16 fusion_builder_column_4_5 4_5 fusion-four-fifth fusion-column-last\" style=\"--awb-bg-size:cover;width:80%;width:calc(80% - ( ( 4% ) * 0.8 ) );\"><div class=\"fusion-column-wrapper fusion-flex-column-wrapper-legacy\"><div class=\"fusion-text fusion-text-25\"><p>Ingeniero Agr\u00f3nomo y Licenciado en Ciencia y Tecnolog\u00eda de Alimentos por la Universidad Polit\u00e9cnica de Madrid. Realiz\u00f3 Doctorado por la misma Universidad en el campo de Ciencia, Tecnolog\u00eda e Ingenier\u00eda de los Alimentos<\/p>\n<p>A nivel profesional, tras experiencia en la empresa privada hasta el a\u00f1o 2001, vinculado a la Administraci\u00f3n p\u00fablica, primero en el extinto Ministerio de Ciencia y Tecnolog\u00eda, posteriormente en la Comunidad de Madrid y desde 2005 en el Centro para el Desarrollo Tecnol\u00f3gico Industrial (CDTI).<\/p>\n<p>Ha desarrollado diferentes posiciones siempre relacionadas con el Sector Alimentario, tanto como Evaluador de proyectos de I+D en distintos programas, nacionales e internacionales, gestor de programas internacionales en las mismas \u00e1reas de conocimiento y, actualmente, adscrito a la Direcci\u00f3n de Promoci\u00f3n y Cooperaci\u00f3n de CDTI.<\/p>\n<p>En este \u00faltimo papel es representante de CDTI en Plataformas Tecnol\u00f3gicas del sector como Food for Life-Spain, Plataforma del Vino, etc.<\/p>\n<\/div><div class=\"fusion-clearfix\"><\/div><\/div><\/div><\/div><\/div><div class=\"fusion-fullwidth fullwidth-box fusion-builder-row-9 nonhundred-percent-fullwidth non-hundred-percent-height-scrolling\" style=\"--awb-border-radius-top-left:0px;--awb-border-radius-top-right:0px;--awb-border-radius-bottom-right:0px;--awb-border-radius-bottom-left:0px;--awb-padding-top:0px;--awb-padding-right:0px;--awb-padding-bottom:0px;--awb-padding-left:0px;--awb-border-sizes-top:0px;--awb-border-sizes-bottom:0px;--awb-flex-wrap:wrap;\" ><div class=\"fusion-builder-row fusion-row\"><div class=\"fusion-layout-column fusion_builder_column fusion-builder-column-17 fusion_builder_column_1_1 1_1 fusion-one-full fusion-column-first fusion-column-last\" style=\"--awb-padding-top:40px;--awb-padding-right:10px;--awb-padding-bottom:10px;--awb-padding-left:10px;--awb-bg-position:center center;--awb-bg-size:cover;--awb-margin-bottom:2px;\"><div class=\"fusion-column-wrapper fusion-flex-column-wrapper-legacy\"><div class=\"fusion-column-content-centered\"><div class=\"fusion-column-content\"><div class=\"fusion-text fusion-text-26\"><p style=\"text-align: center;\"><strong>Entidades Colaboradoras<\/strong><\/p>\n<\/div><\/div><\/div><div class=\"fusion-clearfix\"><\/div><\/div><\/div><div class=\"fusion-layout-column fusion_builder_column fusion-builder-column-18 fusion_builder_column_1_6 1_6 fusion-one-sixth fusion-column-first\" style=\"--awb-padding-top:10px;--awb-padding-right:10px;--awb-padding-bottom:10px;--awb-padding-left:10px;--awb-bg-position:center center;--awb-bg-size:cover;--awb-margin-bottom:2px;width:13.3333%; margin-right: 4%;\"><div class=\"fusion-column-wrapper fusion-flex-column-wrapper-legacy\"><div class=\"fusion-column-content-centered\"><div class=\"fusion-column-content\"><div class=\"fusion-text fusion-text-27\"><p><a href=\"https:\/\/www.ainscluster.cat\/\"><img decoding=\"async\" class=\"aligncenter size-full wp-image-36365\" src=\"https:\/\/eurecat.org\/wp-content\/uploads\/2017\/07\/ains-cluster_200x112px.jpg\" alt=\"AINS Cluster\" width=\"200\" height=\"112\" \/><\/a><\/p>\n<\/div><\/div><\/div><div class=\"fusion-clearfix\"><\/div><\/div><\/div><div class=\"fusion-layout-column fusion_builder_column fusion-builder-column-19 fusion_builder_column_1_6 1_6 fusion-one-sixth\" style=\"--awb-padding-top:10px;--awb-padding-right:10px;--awb-padding-bottom:10px;--awb-padding-left:10px;--awb-bg-position:center center;--awb-bg-size:cover;--awb-margin-bottom:2px;width:13.3333%; margin-right: 4%;\"><div class=\"fusion-column-wrapper fusion-flex-column-wrapper-legacy\"><div class=\"fusion-column-content-centered\"><div class=\"fusion-column-content\"><div class=\"fusion-text fusion-text-28\"><p><a href=\"http:\/\/www.barcelonaclusternautic.cat\/es\"><img decoding=\"async\" class=\"aligncenter size-full wp-image-36368\" src=\"https:\/\/eurecat.org\/wp-content\/uploads\/2017\/07\/barcelona-cluster-nautic_200x112px.jpg\" alt=\"Barcelona Cluster N\u00e0utic\" width=\"200\" height=\"112\" \/><\/a><\/p>\n<\/div><\/div><\/div><div class=\"fusion-clearfix\"><\/div><\/div><\/div><div class=\"fusion-layout-column fusion_builder_column fusion-builder-column-20 fusion_builder_column_1_6 1_6 fusion-one-sixth\" style=\"--awb-padding-top:10px;--awb-padding-right:10px;--awb-padding-bottom:10px;--awb-padding-left:10px;--awb-bg-position:center center;--awb-bg-size:cover;--awb-margin-bottom:2px;width:13.3333%; margin-right: 4%;\"><div class=\"fusion-column-wrapper fusion-flex-column-wrapper-legacy\"><div class=\"fusion-column-content-centered\"><div class=\"fusion-column-content\"><div class=\"fusion-text fusion-text-29\"><p><a href=\"https:\/\/www.coplefc.cat\/\"><img decoding=\"async\" class=\"aligncenter size-full wp-image-37053\" src=\"https:\/\/eurecat.org\/wp-content\/uploads\/2017\/07\/COPLEFC_200x112px.jpg\" alt=\"coplef\" width=\"200\" height=\"112\" \/><\/a><\/p>\n<\/div><\/div><\/div><div class=\"fusion-clearfix\"><\/div><\/div><\/div><div class=\"fusion-layout-column fusion_builder_column fusion-builder-column-21 fusion_builder_column_1_6 1_6 fusion-one-sixth\" style=\"--awb-padding-top:10px;--awb-padding-right:10px;--awb-padding-bottom:10px;--awb-padding-left:10px;--awb-bg-position:center center;--awb-bg-size:cover;--awb-margin-bottom:2px;width:13.3333%; margin-right: 4%;\"><div class=\"fusion-column-wrapper fusion-flex-column-wrapper-legacy\"><div class=\"fusion-column-content-centered\"><div class=\"fusion-column-content\"><div class=\"fusion-text fusion-text-30\"><p><a href=\"http:\/\/www.fenin.es\/\"><img decoding=\"async\" class=\"aligncenter size-full wp-image-36371\" src=\"https:\/\/eurecat.org\/wp-content\/uploads\/2017\/07\/fenin_200x112px.jpg\" alt=\"fenin\" width=\"200\" height=\"112\" \/><\/a><\/p>\n<\/div><\/div><\/div><div class=\"fusion-clearfix\"><\/div><\/div><\/div><div class=\"fusion-layout-column fusion_builder_column fusion-builder-column-22 fusion_builder_column_1_6 1_6 fusion-one-sixth\" style=\"--awb-padding-top:10px;--awb-padding-right:10px;--awb-padding-bottom:10px;--awb-padding-left:10px;--awb-bg-position:center center;--awb-bg-size:cover;--awb-margin-bottom:2px;width:13.3333%; margin-right: 4%;\"><div class=\"fusion-column-wrapper fusion-flex-column-wrapper-legacy\"><div class=\"fusion-column-content-centered\"><div class=\"fusion-column-content\"><div class=\"fusion-text fusion-text-31\"><p><a href=\"http:\/\/fcesport.cat\/\"><img decoding=\"async\" class=\"aligncenter size-full wp-image-36374\" src=\"https:\/\/eurecat.org\/wp-content\/uploads\/2017\/07\/fundacio-catalana-esport_200x112px.jpg\" alt=\"\" width=\"200\" height=\"112\" \/><\/a><\/p>\n<\/div><\/div><\/div><div class=\"fusion-clearfix\"><\/div><\/div><\/div><div class=\"fusion-layout-column fusion_builder_column fusion-builder-column-23 fusion_builder_column_1_6 1_6 fusion-one-sixth fusion-column-last\" style=\"--awb-padding-top:10px;--awb-padding-right:10px;--awb-padding-bottom:10px;--awb-padding-left:10px;--awb-bg-position:center center;--awb-bg-size:cover;--awb-margin-bottom:2px;width:13.3333%;\"><div class=\"fusion-column-wrapper fusion-flex-column-wrapper-legacy\"><div class=\"fusion-column-content-centered\"><div class=\"fusion-column-content\"><div class=\"fusion-text fusion-text-32\"><p><a href=\"http:\/\/healthtechcluster.com\/\"><img decoding=\"async\" class=\"aligncenter size-full wp-image-36377\" src=\"https:\/\/eurecat.org\/wp-content\/uploads\/2017\/07\/healthtech-cluster_200x112px.jpg\" alt=\"HealthTech Cluster\" width=\"200\" height=\"112\" \/><\/a><\/p>\n<\/div><\/div><\/div><div class=\"fusion-clearfix\"><\/div><\/div><\/div><\/div><\/div><div class=\"fusion-fullwidth fullwidth-box fusion-builder-row-10 nonhundred-percent-fullwidth non-hundred-percent-height-scrolling\" style=\"--awb-border-radius-top-left:0px;--awb-border-radius-top-right:0px;--awb-border-radius-bottom-right:0px;--awb-border-radius-bottom-left:0px;--awb-padding-top:0px;--awb-padding-right:0px;--awb-padding-bottom:0px;--awb-padding-left:0px;--awb-border-sizes-top:0px;--awb-border-sizes-bottom:0px;--awb-flex-wrap:wrap;\" ><div class=\"fusion-builder-row fusion-row\"><div class=\"fusion-layout-column fusion_builder_column fusion-builder-column-24 fusion_builder_column_1_6 1_6 fusion-one-sixth fusion-column-first\" style=\"--awb-padding-top:10px;--awb-padding-right:10px;--awb-padding-bottom:10px;--awb-padding-left:10px;--awb-bg-position:center center;--awb-bg-size:cover;--awb-margin-bottom:2px;width:13.3333%; margin-right: 4%;\"><div class=\"fusion-column-wrapper fusion-flex-column-wrapper-legacy\"><div class=\"fusion-column-content-centered\"><div class=\"fusion-column-content\"><div class=\"fusion-text fusion-text-33\"><p><a href=\"http:\/\/www.indescat.org\/\"><img decoding=\"async\" class=\"aligncenter size-full wp-image-36380\" src=\"https:\/\/eurecat.org\/wp-content\/uploads\/2017\/07\/indescat_200x112px.jpg\" alt=\"indescat\" width=\"200\" height=\"112\" \/><\/a><\/p>\n<\/div><\/div><\/div><div class=\"fusion-clearfix\"><\/div><\/div><\/div><div class=\"fusion-layout-column fusion_builder_column fusion-builder-column-25 fusion_builder_column_1_6 1_6 fusion-one-sixth\" style=\"--awb-padding-top:10px;--awb-padding-right:10px;--awb-padding-bottom:10px;--awb-padding-left:10px;--awb-bg-position:center center;--awb-bg-size:cover;--awb-margin-bottom:2px;width:13.3333%; margin-right: 4%;\"><div class=\"fusion-column-wrapper fusion-flex-column-wrapper-legacy\"><div class=\"fusion-column-content-centered\"><div class=\"fusion-column-content\"><div class=\"fusion-text fusion-text-34\"><p><a href=\"http:\/\/www.innovacc.cat\/\"><img decoding=\"async\" class=\"aligncenter size-full wp-image-36383\" src=\"https:\/\/eurecat.org\/wp-content\/uploads\/2017\/07\/innovacc_200x112px.jpg\" alt=\"innovac\" width=\"200\" height=\"112\" \/><\/a><\/p>\n<\/div><\/div><\/div><div class=\"fusion-clearfix\"><\/div><\/div><\/div><div class=\"fusion-layout-column fusion_builder_column fusion-builder-column-26 fusion_builder_column_1_6 1_6 fusion-one-sixth\" style=\"--awb-padding-top:10px;--awb-padding-right:10px;--awb-padding-bottom:10px;--awb-padding-left:10px;--awb-bg-position:center center;--awb-bg-size:cover;--awb-margin-bottom:2px;width:13.3333%; margin-right: 4%;\"><div class=\"fusion-column-wrapper fusion-flex-column-wrapper-legacy\"><div class=\"fusion-column-content-centered\"><div class=\"fusion-column-content\"><div class=\"fusion-text fusion-text-35\"><p><a href=\"http:\/\/www.innovi.cat\/\"><img decoding=\"async\" class=\"aligncenter size-full wp-image-36386\" src=\"https:\/\/eurecat.org\/wp-content\/uploads\/2017\/07\/innovi_200x112px.jpg\" alt=\"innovi\" width=\"200\" height=\"112\" \/><\/a><\/p>\n<\/div><\/div><\/div><div class=\"fusion-clearfix\"><\/div><\/div><\/div><div class=\"fusion-layout-column fusion_builder_column fusion-builder-column-27 fusion_builder_column_1_6 1_6 fusion-one-sixth\" style=\"--awb-padding-top:10px;--awb-padding-right:10px;--awb-padding-bottom:10px;--awb-padding-left:10px;--awb-bg-position:center center;--awb-bg-size:cover;--awb-margin-bottom:2px;width:13.3333%; margin-right: 4%;\"><div class=\"fusion-column-wrapper fusion-flex-column-wrapper-legacy\"><div class=\"fusion-column-content-centered\"><div class=\"fusion-column-content\"><div class=\"fusion-text fusion-text-36\"><p><a href=\"http:\/\/www.uab.cat\/parc-recerca\/\"><img decoding=\"async\" class=\"aligncenter size-full wp-image-36389\" src=\"https:\/\/eurecat.org\/wp-content\/uploads\/2017\/07\/parc-recerca-uab_200x112px.jpg\" alt=\"Parc Recerca UAB\" width=\"200\" height=\"112\" \/><\/a><\/p>\n<\/div><\/div><\/div><div class=\"fusion-clearfix\"><\/div><\/div><\/div><div class=\"fusion-layout-column fusion_builder_column fusion-builder-column-28 fusion_builder_column_1_6 1_6 fusion-one-sixth\" style=\"--awb-padding-top:10px;--awb-padding-right:10px;--awb-padding-bottom:10px;--awb-padding-left:10px;--awb-bg-position:center center;--awb-bg-size:cover;--awb-margin-bottom:2px;width:13.3333%; margin-right: 4%;\"><div class=\"fusion-column-wrapper fusion-flex-column-wrapper-legacy\"><div class=\"fusion-column-content-centered\"><div class=\"fusion-column-content\"><div class=\"fusion-text fusion-text-37\"><p><a href=\"http:\/\/www.nutricion.org\/\"><img decoding=\"async\" class=\"aligncenter size-full wp-image-36392\" src=\"https:\/\/eurecat.org\/wp-content\/uploads\/2017\/07\/sociedad-dietetica-alimentacion_200x112px.jpg\" alt=\"nutricion\" width=\"200\" height=\"112\" \/><\/a><\/p>\n<\/div><\/div><\/div><div class=\"fusion-clearfix\"><\/div><\/div><\/div><\/div><\/div><div class=\"fusion-fullwidth fullwidth-box fusion-builder-row-11 faded-background fusion-parallax-none nonhundred-percent-fullwidth non-hundred-percent-height-scrolling\" style=\"--awb-border-radius-top-left:0px;--awb-border-radius-top-right:0px;--awb-border-radius-bottom-right:0px;--awb-border-radius-bottom-left:0px;--awb-padding-top:150px;--awb-padding-right:0px;--awb-padding-bottom:150px;--awb-padding-left:0px;--awb-background-size:cover;--awb-border-sizes-top:0px;--awb-border-sizes-bottom:0px;--awb-flex-wrap:wrap;\" ><div class=\"fullwidth-faded\" style=\"--awb-background-image:url(https:\/\/eurecat.org\/wp-content\/uploads\/2017\/07\/MapaCORNERSTONE_Eurecat1500x400.jpg);--awb-background-size:cover;\" ><\/div><div class=\"fusion-builder-row fusion-row\"><div class=\"fusion-layout-column fusion_builder_column fusion-builder-column-29 fusion_builder_column_1_1 1_1 fusion-one-full fusion-column-first fusion-column-last\" style=\"--awb-padding-top:10px;--awb-padding-right:10px;--awb-padding-bottom:10px;--awb-padding-left:10px;--awb-bg-position:center center;--awb-bg-size:cover;--awb-margin-bottom:2px;\"><div class=\"fusion-column-wrapper fusion-flex-column-wrapper-legacy\"><div class=\"fusion-column-content-centered\"><div class=\"fusion-column-content\"><\/div><\/div><div class=\"fusion-clearfix\"><\/div><\/div><\/div><\/div><\/div>\n","protected":false},"excerpt":{"rendered":"","protected":false},"author":12,"featured_media":32076,"parent":2777,"menu_order":21,"comment_status":"closed","ping_status":"closed","template":"100-width.php","meta":{"footnotes":""},"class_list":["post-31965","page","type-page","status-publish","has-post-thumbnail","hentry"],"yoast_head":"<!-- This site is optimized with the Yoast SEO plugin v27.5 - https:\/\/yoast.com\/product\/yoast-seo-wordpress\/ -->\n<title>Jornada oportunidades de financiaci\u00f3n I+D+i alimentaci\u00f3n salud y deporte<\/title>\n<meta name=\"description\" content=\"Jornada con CDTI donde tratar directamente con los gestores las oportunidades de financiaci\u00f3n de I+D+i para los mercados de Alimentaci\u00f3n, Salud y Deporte\" \/>\n<meta name=\"robots\" content=\"index, follow, max-snippet:-1, max-image-preview:large, max-video-preview:-1\" \/>\n<link rel=\"canonical\" href=\"https:\/\/eurecat.org\/es\/servicios\/eurecatevents\/financiacion-idi-alimentacion-salud-deporte\/\" \/>\n<meta property=\"og:locale\" content=\"es_ES\" \/>\n<meta property=\"og:type\" content=\"article\" \/>\n<meta property=\"og:title\" content=\"Jornada oportunidades de financiaci\u00f3n I+D+i alimentaci\u00f3n salud y deporte\" \/>\n<meta property=\"og:description\" content=\"Jornada con CDTI donde tratar directamente con los gestores las oportunidades de financiaci\u00f3n de I+D+i para los mercados de Alimentaci\u00f3n, Salud y Deporte\" \/>\n<meta property=\"og:url\" content=\"https:\/\/eurecat.org\/es\/servicios\/eurecatevents\/financiacion-idi-alimentacion-salud-deporte\/\" \/>\n<meta property=\"og:site_name\" content=\"Eurecat\" \/>\n<meta property=\"article:modified_time\" content=\"2017-09-08T09:35:51+00:00\" \/>\n<meta property=\"og:image\" content=\"https:\/\/eurecat.org\/wp-content\/uploads\/2017\/07\/CDTI_alimentacio_salut_esport_ESP_400x211px2017.jpg\" \/>\n\t<meta property=\"og:image:width\" content=\"400\" \/>\n\t<meta property=\"og:image:height\" content=\"211\" \/>\n\t<meta property=\"og:image:type\" content=\"image\/jpeg\" \/>\n<meta name=\"twitter:card\" content=\"summary_large_image\" \/>\n<meta name=\"twitter:label1\" content=\"Tiempo de lectura\" \/>\n\t<meta name=\"twitter:data1\" content=\"19 minutos\" \/>\n<script type=\"application\/ld+json\" class=\"yoast-schema-graph\">{\"@context\":\"https:\\\/\\\/schema.org\",\"@graph\":[{\"@type\":\"WebPage\",\"@id\":\"https:\\\/\\\/eurecat.org\\\/es\\\/servicios\\\/eurecatevents\\\/financiacion-idi-alimentacion-salud-deporte\\\/\",\"url\":\"https:\\\/\\\/eurecat.org\\\/es\\\/servicios\\\/eurecatevents\\\/financiacion-idi-alimentacion-salud-deporte\\\/\",\"name\":\"Jornada oportunidades de financiaci\u00f3n I+D+i alimentaci\u00f3n salud y deporte\",\"isPartOf\":{\"@id\":\"https:\\\/\\\/eurecat.org\\\/es\\\/#website\"},\"primaryImageOfPage\":{\"@id\":\"https:\\\/\\\/eurecat.org\\\/es\\\/servicios\\\/eurecatevents\\\/financiacion-idi-alimentacion-salud-deporte\\\/#primaryimage\"},\"image\":{\"@id\":\"https:\\\/\\\/eurecat.org\\\/es\\\/servicios\\\/eurecatevents\\\/financiacion-idi-alimentacion-salud-deporte\\\/#primaryimage\"},\"thumbnailUrl\":\"https:\\\/\\\/eurecat.org\\\/wp-content\\\/uploads\\\/2017\\\/07\\\/CDTI_alimentacio_salut_esport_ESP_400x211px2017.jpg\",\"datePublished\":\"2017-07-20T07:36:34+00:00\",\"dateModified\":\"2017-09-08T09:35:51+00:00\",\"description\":\"Jornada con CDTI donde tratar directamente con los gestores las oportunidades de financiaci\u00f3n de I+D+i para los mercados de Alimentaci\u00f3n, Salud y Deporte\",\"breadcrumb\":{\"@id\":\"https:\\\/\\\/eurecat.org\\\/es\\\/servicios\\\/eurecatevents\\\/financiacion-idi-alimentacion-salud-deporte\\\/#breadcrumb\"},\"inLanguage\":\"es\",\"potentialAction\":[{\"@type\":\"ReadAction\",\"target\":[\"https:\\\/\\\/eurecat.org\\\/es\\\/servicios\\\/eurecatevents\\\/financiacion-idi-alimentacion-salud-deporte\\\/\"]}]},{\"@type\":\"ImageObject\",\"inLanguage\":\"es\",\"@id\":\"https:\\\/\\\/eurecat.org\\\/es\\\/servicios\\\/eurecatevents\\\/financiacion-idi-alimentacion-salud-deporte\\\/#primaryimage\",\"url\":\"https:\\\/\\\/eurecat.org\\\/wp-content\\\/uploads\\\/2017\\\/07\\\/CDTI_alimentacio_salut_esport_ESP_400x211px2017.jpg\",\"contentUrl\":\"https:\\\/\\\/eurecat.org\\\/wp-content\\\/uploads\\\/2017\\\/07\\\/CDTI_alimentacio_salut_esport_ESP_400x211px2017.jpg\",\"width\":400,\"height\":211,\"caption\":\"jornada CDTI Eurecat\"},{\"@type\":\"BreadcrumbList\",\"@id\":\"https:\\\/\\\/eurecat.org\\\/es\\\/servicios\\\/eurecatevents\\\/financiacion-idi-alimentacion-salud-deporte\\\/#breadcrumb\",\"itemListElement\":[{\"@type\":\"ListItem\",\"position\":1,\"name\":\"Inici\",\"item\":\"https:\\\/\\\/eurecat.org\\\/es\\\/\"},{\"@type\":\"ListItem\",\"position\":2,\"name\":\"Actividades\",\"item\":\"https:\\\/\\\/eurecat.org\\\/es\\\/servicios\\\/\"},{\"@type\":\"ListItem\",\"position\":3,\"name\":\"Esdeveniments Eurecat\",\"item\":\"https:\\\/\\\/eurecat.org\\\/es\\\/servicios\\\/eurecatevents\\\/\"},{\"@type\":\"ListItem\",\"position\":4,\"name\":\"Jornada &#8211; Oportunidades de financiaci\u00f3n de I+D+i orientadas al sector de la alimentaci\u00f3n, salud y deporte\"}]},{\"@type\":\"WebSite\",\"@id\":\"https:\\\/\\\/eurecat.org\\\/es\\\/#website\",\"url\":\"https:\\\/\\\/eurecat.org\\\/es\\\/\",\"name\":\"Eurecat\",\"description\":\"Otro sitio realizado con WordPress\",\"potentialAction\":[{\"@type\":\"SearchAction\",\"target\":{\"@type\":\"EntryPoint\",\"urlTemplate\":\"https:\\\/\\\/eurecat.org\\\/es\\\/?s={search_term_string}\"},\"query-input\":{\"@type\":\"PropertyValueSpecification\",\"valueRequired\":true,\"valueName\":\"search_term_string\"}}],\"inLanguage\":\"es\"}]}<\/script>\n<!-- \/ Yoast SEO plugin. -->","yoast_head_json":{"title":"Jornada oportunidades de financiaci\u00f3n I+D+i alimentaci\u00f3n salud y deporte","description":"Jornada con CDTI donde tratar directamente con los gestores las oportunidades de financiaci\u00f3n de I+D+i para los mercados de Alimentaci\u00f3n, Salud y Deporte","robots":{"index":"index","follow":"follow","max-snippet":"max-snippet:-1","max-image-preview":"max-image-preview:large","max-video-preview":"max-video-preview:-1"},"canonical":"https:\/\/eurecat.org\/es\/servicios\/eurecatevents\/financiacion-idi-alimentacion-salud-deporte\/","og_locale":"es_ES","og_type":"article","og_title":"Jornada oportunidades de financiaci\u00f3n I+D+i alimentaci\u00f3n salud y deporte","og_description":"Jornada con CDTI donde tratar directamente con los gestores las oportunidades de financiaci\u00f3n de I+D+i para los mercados de Alimentaci\u00f3n, Salud y Deporte","og_url":"https:\/\/eurecat.org\/es\/servicios\/eurecatevents\/financiacion-idi-alimentacion-salud-deporte\/","og_site_name":"Eurecat","article_modified_time":"2017-09-08T09:35:51+00:00","og_image":[{"width":400,"height":211,"url":"https:\/\/eurecat.org\/wp-content\/uploads\/2017\/07\/CDTI_alimentacio_salut_esport_ESP_400x211px2017.jpg","type":"image\/jpeg"}],"twitter_card":"summary_large_image","twitter_misc":{"Tiempo de lectura":"19 minutos"},"schema":{"@context":"https:\/\/schema.org","@graph":[{"@type":"WebPage","@id":"https:\/\/eurecat.org\/es\/servicios\/eurecatevents\/financiacion-idi-alimentacion-salud-deporte\/","url":"https:\/\/eurecat.org\/es\/servicios\/eurecatevents\/financiacion-idi-alimentacion-salud-deporte\/","name":"Jornada oportunidades de financiaci\u00f3n I+D+i alimentaci\u00f3n salud y deporte","isPartOf":{"@id":"https:\/\/eurecat.org\/es\/#website"},"primaryImageOfPage":{"@id":"https:\/\/eurecat.org\/es\/servicios\/eurecatevents\/financiacion-idi-alimentacion-salud-deporte\/#primaryimage"},"image":{"@id":"https:\/\/eurecat.org\/es\/servicios\/eurecatevents\/financiacion-idi-alimentacion-salud-deporte\/#primaryimage"},"thumbnailUrl":"https:\/\/eurecat.org\/wp-content\/uploads\/2017\/07\/CDTI_alimentacio_salut_esport_ESP_400x211px2017.jpg","datePublished":"2017-07-20T07:36:34+00:00","dateModified":"2017-09-08T09:35:51+00:00","description":"Jornada con CDTI donde tratar directamente con los gestores las oportunidades de financiaci\u00f3n de I+D+i para los mercados de Alimentaci\u00f3n, Salud y Deporte","breadcrumb":{"@id":"https:\/\/eurecat.org\/es\/servicios\/eurecatevents\/financiacion-idi-alimentacion-salud-deporte\/#breadcrumb"},"inLanguage":"es","potentialAction":[{"@type":"ReadAction","target":["https:\/\/eurecat.org\/es\/servicios\/eurecatevents\/financiacion-idi-alimentacion-salud-deporte\/"]}]},{"@type":"ImageObject","inLanguage":"es","@id":"https:\/\/eurecat.org\/es\/servicios\/eurecatevents\/financiacion-idi-alimentacion-salud-deporte\/#primaryimage","url":"https:\/\/eurecat.org\/wp-content\/uploads\/2017\/07\/CDTI_alimentacio_salut_esport_ESP_400x211px2017.jpg","contentUrl":"https:\/\/eurecat.org\/wp-content\/uploads\/2017\/07\/CDTI_alimentacio_salut_esport_ESP_400x211px2017.jpg","width":400,"height":211,"caption":"jornada CDTI Eurecat"},{"@type":"BreadcrumbList","@id":"https:\/\/eurecat.org\/es\/servicios\/eurecatevents\/financiacion-idi-alimentacion-salud-deporte\/#breadcrumb","itemListElement":[{"@type":"ListItem","position":1,"name":"Inici","item":"https:\/\/eurecat.org\/es\/"},{"@type":"ListItem","position":2,"name":"Actividades","item":"https:\/\/eurecat.org\/es\/servicios\/"},{"@type":"ListItem","position":3,"name":"Esdeveniments Eurecat","item":"https:\/\/eurecat.org\/es\/servicios\/eurecatevents\/"},{"@type":"ListItem","position":4,"name":"Jornada &#8211; Oportunidades de financiaci\u00f3n de I+D+i orientadas al sector de la alimentaci\u00f3n, salud y deporte"}]},{"@type":"WebSite","@id":"https:\/\/eurecat.org\/es\/#website","url":"https:\/\/eurecat.org\/es\/","name":"Eurecat","description":"Otro sitio realizado con WordPress","potentialAction":[{"@type":"SearchAction","target":{"@type":"EntryPoint","urlTemplate":"https:\/\/eurecat.org\/es\/?s={search_term_string}"},"query-input":{"@type":"PropertyValueSpecification","valueRequired":true,"valueName":"search_term_string"}}],"inLanguage":"es"}]}},"_links":{"self":[{"href":"https:\/\/eurecat.org\/es\/wp-json\/wp\/v2\/pages\/31965","targetHints":{"allow":["GET"]}}],"collection":[{"href":"https:\/\/eurecat.org\/es\/wp-json\/wp\/v2\/pages"}],"about":[{"href":"https:\/\/eurecat.org\/es\/wp-json\/wp\/v2\/types\/page"}],"author":[{"embeddable":true,"href":"https:\/\/eurecat.org\/es\/wp-json\/wp\/v2\/users\/12"}],"replies":[{"embeddable":true,"href":"https:\/\/eurecat.org\/es\/wp-json\/wp\/v2\/comments?post=31965"}],"version-history":[{"count":0,"href":"https:\/\/eurecat.org\/es\/wp-json\/wp\/v2\/pages\/31965\/revisions"}],"up":[{"embeddable":true,"href":"https:\/\/eurecat.org\/es\/wp-json\/wp\/v2\/pages\/2777"}],"wp:featuredmedia":[{"embeddable":true,"href":"https:\/\/eurecat.org\/es\/wp-json\/wp\/v2\/media\/32076"}],"wp:attachment":[{"href":"https:\/\/eurecat.org\/es\/wp-json\/wp\/v2\/media?parent=31965"}],"curies":[{"name":"wp","href":"https:\/\/api.w.org\/{rel}","templated":true}]}}