{"id":52853,"date":"2018-03-16T13:00:27","date_gmt":"2018-03-16T13:00:27","guid":{"rendered":"https:\/\/eurecat.org\/?page_id=52853"},"modified":"2018-04-27T08:36:13","modified_gmt":"2018-04-27T08:36:13","slug":"open-day-electronica-impresa","status":"publish","type":"page","link":"https:\/\/eurecat.org\/es\/servicios\/eurecatevents\/open-day-electronica-impresa\/","title":{"rendered":"Open Day Electronica Impresa"},"content":{"rendered":"<div class=\"fusion-fullwidth fullwidth-box fusion-builder-row-1 hundred-percent-fullwidth non-hundred-percent-height-scrolling\" style=\"--awb-border-radius-top-left:0px;--awb-border-radius-top-right:0px;--awb-border-radius-bottom-right:0px;--awb-border-radius-bottom-left:0px;--awb-padding-top:-40px;--awb-flex-wrap:wrap;\" ><div class=\"fusion-builder-row fusion-row\"><div class=\"fusion-layout-column fusion_builder_column fusion-builder-column-0 fusion_builder_column_1_1 1_1 fusion-one-full fusion-column-first fusion-column-last fusion-column-no-min-height\" style=\"--awb-bg-size:cover;--awb-margin-bottom:0px;\"><div class=\"fusion-column-wrapper fusion-flex-column-wrapper-legacy\"><div class=\"fusion-text fusion-text-1\"><h1 style=\"text-align: center;\"><strong><span style=\"color: #3d6fb6;\">Abriendo nichos de mercado mediante el uso de nuevas tintas electr\u00f3nicas y funcionales para el sector de la Industria Gr\u00e1fica y Packaging<br \/>\n<\/span><\/strong><strong><span style=\"color: #3d6fb6;\"><br \/>\n<\/span><\/strong><\/h1>\n<\/div><div class=\"fusion-clearfix\"><\/div><\/div><\/div><div class=\"fusion-layout-column fusion_builder_column fusion-builder-column-1 fusion_builder_column_1_3 1_3 fusion-one-third fusion-column-first fusion-column-no-min-height\" style=\"--awb-padding-left:40px;--awb-bg-size:cover;--awb-margin-bottom:0px;width:33.333333333333%;width:calc(33.333333333333% - ( ( 4% ) * 0.33333333333333 ) );margin-right: 4%;\"><div class=\"fusion-column-wrapper fusion-flex-column-wrapper-legacy\"><div class=\"fusion-text fusion-text-2\"><h2><strong>Colabora:<\/strong><\/h2>\n<\/div><div class=\"fusion-image-element in-legacy-container\" style=\"--awb-caption-title-font-family:var(--h2_typography-font-family);--awb-caption-title-font-weight:var(--h2_typography-font-weight);--awb-caption-title-font-style:var(--h2_typography-font-style);--awb-caption-title-size:var(--h2_typography-font-size);--awb-caption-title-transform:var(--h2_typography-text-transform);--awb-caption-title-line-height:var(--h2_typography-line-height);--awb-caption-title-letter-spacing:var(--h2_typography-letter-spacing);\"><span class=\" fusion-imageframe imageframe-none imageframe-1 hover-type-none\"><img decoding=\"async\" width=\"200\" height=\"112\" title=\"logoGremi_200X112\" src=\"https:\/\/eurecat.org\/wp-content\/uploads\/2018\/03\/logoGremi_200X112.jpg\" alt class=\"img-responsive wp-image-52860\"\/><\/span><\/div><div class=\"fusion-clearfix\"><\/div><\/div><\/div><div class=\"fusion-layout-column fusion_builder_column fusion-builder-column-2 fusion_builder_column_2_3 2_3 fusion-two-third fusion-column-last fusion-column-no-min-height\" style=\"--awb-padding-bottom:30px;--awb-bg-size:cover;--awb-margin-bottom:0px;width:66.666666666667%;width:calc(66.666666666667% - ( ( 4% ) * 0.66666666666667 ) );\"><div class=\"fusion-column-wrapper fusion-flex-column-wrapper-legacy\"><div class=\"fusion-text fusion-text-3\"><h1 style=\"text-align: center;\"><span style=\"color: #000000;\"><strong>26\u00a0 abril 2018<\/strong><\/span><\/h1>\n<h2 style=\"text-align: center;\"><span style=\"color: #000000;\"><strong>Gremi de la Ind\u00fastria i la Comunicaci\u00f3 Gr\u00e0fica de Catalunya<\/strong><\/span><\/h2>\n<p style=\"text-align: center;\"><span style=\"color: #000000;\">Gran Via de les Corts Catalanes, 645 6\u00aa planta &#8211; 08010 Barcelona<\/span><\/p>\n<\/div><div class=\"fusion-clearfix\"><\/div><\/div><\/div><\/div><\/div><div class=\"fusion-fullwidth fullwidth-box fusion-builder-row-2 fusion-parallax-none hundred-percent-fullwidth non-hundred-percent-height-scrolling\" style=\"--awb-border-radius-top-left:0px;--awb-border-radius-top-right:0px;--awb-border-radius-bottom-right:0px;--awb-border-radius-bottom-left:0px;--awb-padding-top:220px;--awb-padding-bottom:220px;--awb-background-image:url(&quot;https:\/\/eurecat.org\/wp-content\/uploads\/2018\/03\/imatgecapweb_EI-2.jpg&quot;);--awb-background-size:cover;--awb-flex-wrap:wrap;\" ><div class=\"fusion-builder-row fusion-row\"><div class=\"fusion-layout-column fusion_builder_column fusion-builder-column-3 fusion_builder_column_1_1 1_1 fusion-one-full fusion-column-first fusion-column-last fusion-column-no-min-height\" style=\"--awb-bg-size:cover;\"><div class=\"fusion-column-wrapper fusion-flex-column-wrapper-legacy\"><div class=\"fusion-column-content-centered\"><div class=\"fusion-column-content\"><div class=\"fusion-sep-clear\"><\/div><div class=\"fusion-separator fusion-full-width-sep\" style=\"margin-left: auto;margin-right: auto;width:100%;\"><\/div><div class=\"fusion-sep-clear\"><\/div><\/div><\/div><div class=\"fusion-clearfix\"><\/div><\/div><\/div><\/div><\/div><div class=\"fusion-fullwidth fullwidth-box fusion-builder-row-3 nonhundred-percent-fullwidth non-hundred-percent-height-scrolling\" style=\"--awb-background-position:left top;--awb-border-radius-top-left:0px;--awb-border-radius-top-right:0px;--awb-border-radius-bottom-right:0px;--awb-border-radius-bottom-left:0px;--awb-padding-top:30px;--awb-padding-right:0px;--awb-padding-bottom:30px;--awb-padding-left:0px;--awb-border-sizes-top:0px;--awb-border-sizes-bottom:0px;--awb-flex-wrap:wrap;\" ><div class=\"fusion-builder-row fusion-row\"><div class=\"fusion-layout-column fusion_builder_column fusion-builder-column-4 fusion_builder_column_1_3 1_3 fusion-one-third fusion-column-first\" style=\"--awb-padding-right:20px;--awb-padding-left:40px;--awb-bg-size:cover;width:33.333333333333%;width:calc(33.333333333333% - ( ( 4% + 4% ) * 0.33333333333333 ) );margin-right: 4%;\"><div class=\"fusion-column-wrapper fusion-flex-column-wrapper-legacy\"><div class=\"fusion-text fusion-text-4\"><p><span style=\"color: #662483;\"><strong>A qui\u00e9n se dirige:<\/strong><\/span><\/p>\n<p><b>Esta jornada se dirige a responsables de innovaci\u00f3n, jefes de producci\u00f3n, desarrolladores de producto i t\u00e9cnicos de impresi\u00f3n<\/b>.<\/p>\n<\/div><div class=\"fusion-clearfix\"><\/div><\/div><\/div><div class=\"fusion-layout-column fusion_builder_column fusion-builder-column-5 fusion_builder_column_1_3 1_3 fusion-one-third\" style=\"--awb-padding-right:20px;--awb-padding-left:20px;--awb-bg-size:cover;width:33.333333333333%;width:calc(33.333333333333% - ( ( 4% + 4% ) * 0.33333333333333 ) );margin-right: 4%;\"><div class=\"fusion-column-wrapper fusion-flex-column-wrapper-legacy\"><div class=\"fusion-text fusion-text-5\"><p>La jornada est\u00e1 dirigida a <b>empresas que <\/b><b>quieran<\/b> <b>aprender<\/b><b> c\u00f3mo aplicar nuevas\u00a0<\/b><b>tecnolog\u00edas<\/b><b> de\u00a0<\/b><b>impresi\u00f3n<\/b><b> funcional <\/b>para el desarrollo de <b>nuevos<\/b> <b>productos<\/b> <b>con<\/b><b> valor a\u00f1adido.<\/b><\/p>\n<p><strong>\u00bfPOR QU\u00c9 DEBER\u00cdAS ASISTIR?<\/strong><\/p>\n<ul>\n<li>Para conocer <b>avances en materiales para introducir la impresi\u00f3n funcional y electr\u00f3nica impresa en nuevos procesos y productos<\/b>.<\/li>\n<li>Para tener una\u00a0<b>visi\u00f3n general del estado actual de la electr\u00f3nica impresa<\/b> y <b>presentaci\u00f3n de proyectos en curso<\/b> con electr\u00f3nica impresa integrada en <b>el sector de las artes gr\u00e1ficas y <\/b><b>packaging<\/b><b>.<\/b><\/li>\n<li>Para\u00a0conocer<b> casos de \u00e9xito de empresas innovadoras<\/b> que han introducido esta tecnolog\u00eda en su gama de productos.<\/li>\n<\/ul>\n<\/div><div class=\"fusion-clearfix\"><\/div><\/div><\/div><div class=\"fusion-layout-column fusion_builder_column fusion-builder-column-6 fusion_builder_column_1_3 1_3 fusion-one-third fusion-column-last\" style=\"--awb-padding-right:20px;--awb-padding-left:20px;--awb-bg-size:cover;width:33.333333333333%;width:calc(33.333333333333% - ( ( 4% + 4% ) * 0.33333333333333 ) );\"><div class=\"fusion-column-wrapper fusion-flex-column-wrapper-legacy\"><div class=\"fusion-button-wrapper fusion-aligncenter\"><a class=\"fusion-button button-flat fusion-button-default-size button-blue fusion-button-blue button-1 fusion-button-default-span \" target=\"_blank\" rel=\"noopener noreferrer\" href=\"http:\/\/cdn.bdigital.org\/PDF\/OpenDayElectronicaImpresa\/Programa_cast.pdf\"><span class=\"fusion-button-text awb-button__text awb-button__text--default\">Desc\u00e1rgate el programa en pdf<\/span><\/a><\/div><div class=\"fusion-clearfix\"><\/div><\/div><\/div><\/div><\/div><div class=\"fusion-fullwidth fullwidth-box fusion-builder-row-4 nonhundred-percent-fullwidth non-hundred-percent-height-scrolling\" style=\"--awb-border-radius-top-left:0px;--awb-border-radius-top-right:0px;--awb-border-radius-bottom-right:0px;--awb-border-radius-bottom-left:0px;--awb-padding-top:20px;--awb-padding-bottom:20px;--awb-background-color:#3d6fb6;--awb-flex-wrap:wrap;\" ><div class=\"fusion-builder-row fusion-row\"><div class=\"fusion-layout-column fusion_builder_column fusion-builder-column-7 fusion_builder_column_1_1 1_1 fusion-one-full fusion-column-first fusion-column-last\" style=\"--awb-bg-size:cover;--awb-margin-top:30px;\"><div class=\"fusion-column-wrapper fusion-flex-column-wrapper-legacy\"><div class=\"fusion-text fusion-text-6\"><h2 style=\"text-align: center;\"><span style=\"color: #ffffff;\"><strong>Programa<\/strong><\/span><\/h2>\n<\/div><div class=\"fusion-clearfix\"><\/div><\/div><\/div><\/div><\/div><div class=\"fusion-fullwidth fullwidth-box fusion-builder-row-5 nonhundred-percent-fullwidth non-hundred-percent-height-scrolling\" style=\"--awb-border-radius-top-left:0px;--awb-border-radius-top-right:0px;--awb-border-radius-bottom-right:0px;--awb-border-radius-bottom-left:0px;--awb-padding-top:20px;--awb-padding-right:50px;--awb-padding-bottom:20px;--awb-padding-left:50px;--awb-background-color:rgba(249,249,249,0);--awb-flex-wrap:wrap;\" ><div class=\"fusion-builder-row fusion-row\"><div class=\"fusion-layout-column fusion_builder_column fusion-builder-column-8 fusion_builder_column_1_2 1_2 fusion-one-half fusion-column-first\" style=\"--awb-padding-right:10px;--awb-padding-left:20px;--awb-bg-size:cover;--awb-border-color:#3d5fb6;--awb-border-right:1px;--awb-border-style:solid;width:50%;width:calc(50% - ( ( 4% ) * 0.5 ) );margin-right: 4%;\"><div class=\"fusion-column-wrapper fusion-flex-column-wrapper-legacy\"><div class=\"fusion-text fusion-text-7\"><p><span style=\"color: #3d6fb6;\"><strong>16:30h<\/strong><\/span><\/p>\n<\/div><div class=\"fusion-text fusion-text-8\"><p><span style=\"color: #000000;\">Registro de asistentes<\/span><\/p>\n<\/div><div class=\"fusion-text fusion-text-9\"><p><span style=\"color: #3d6fb6;\"><strong>16:45h<\/strong><\/span><\/p>\n<\/div><div class=\"fusion-text fusion-text-10\"><p><b>Bienvenida. Introducci\u00f3n de la jornada y\u00a0 presentaci\u00f3n de <\/b><b>Eurecat.<\/b><\/p>\n<p><strong>Xavier Sastre<\/strong>,\u00a0Desarrollador de negocio. Industrias Culturales y Creativas &amp; Turismo de EURECAT<\/p>\n<\/div><div class=\"fusion-text fusion-text-11\"><p><span style=\"color: #3d6fb6;\"><strong>16:55h<\/strong><\/span><\/p>\n<\/div><div class=\"fusion-text fusion-text-12\"><p><b>Sustratos pl\u00e1sticos t\u00e9cnicos para electr\u00f3nica impresa<\/b><\/p>\n<p><b>Llu\u00eds Casanova<\/b>, Product Manager de ISOVOLTA<\/p>\n<\/div><div class=\"fusion-text fusion-text-13\"><p><span style=\"color: #3d6fb6;\"><strong>17:15h<\/strong><\/span><\/p>\n<\/div><div class=\"fusion-text fusion-text-14\"><p><b>Nuevas oportunidades para la electr\u00f3nica impresa: Materiales electr\u00f3nicos avanzados<\/b><\/p>\n<p><b>Mar\u00eda del Pilar Owen<\/b>, Sales Manager de SUN CHEMICAL\/GWENT GROUP<\/p>\n<\/div><div class=\"fusion-text fusion-text-15\"><p><span style=\"color: #3d6fb6;\"><strong>17:25h<\/strong><\/span><\/p>\n<\/div><div class=\"fusion-text fusion-text-16\"><p><b>Electr\u00f3nica impresa e impresi\u00f3n funcional una ventana hacia el futuro<\/b><\/p>\n<p><b>Cristina Casellas<\/b>, Promotora Tecnol\u00f3gica de la Unidad de Functional Printing &amp; Embedded Devices de EURECAT<\/p>\n<\/div><div class=\"fusion-clearfix\"><\/div><\/div><\/div><div class=\"fusion-layout-column fusion_builder_column fusion-builder-column-9 fusion_builder_column_1_2 1_2 fusion-one-half fusion-column-last\" style=\"--awb-padding-right:10px;--awb-bg-size:cover;--awb-border-color:#3d6fb6;--awb-border-right:1px;--awb-border-style:solid;width:50%;width:calc(50% - ( ( 4% ) * 0.5 ) );\"><div class=\"fusion-column-wrapper fusion-flex-column-wrapper-legacy\"><div class=\"fusion-text fusion-text-17\"><p><span style=\"color: #3d6fb6;\"><strong>17:45h<\/strong><\/span><\/p>\n<\/div><div class=\"fusion-text fusion-text-18\"><p><b>Interacciona: Desarrollo de etiquetas inteligentes e interactivas mediante electr\u00f3nica impresa<\/b><\/p>\n<p><b>Eugenia Mart\u00ednez<\/b>, Responsable L\u00ednea Fot\u00f3nica de la Unidad de Functional Printing &amp; Embedded Devices de EURECAT<\/p>\n<\/div><div class=\"fusion-text fusion-text-19\"><p><span style=\"color: #3d6fb6;\"><strong>18:05h<\/strong><\/span><\/p>\n<\/div><div class=\"fusion-text fusion-text-20\"><p><b>Ejemplos y casos de \u00e9xito en impresi\u00f3n funcional<\/b><\/p>\n<p><b>Mar Gonzalez<\/b>, Gerente del CL\u00daSTER FUNCTIONAL PRINT<\/p>\n<\/div><div class=\"fusion-text fusion-text-21\"><p><span style=\"color: #3d6fb6;\"><strong>18:25h<\/strong><\/span><\/p>\n<\/div><div class=\"fusion-text fusion-text-22\"><p><b>Preguntas del p\u00fablico<\/b><\/p>\n<\/div><div class=\"fusion-text fusion-text-23\"><p><span style=\"color: #3d6fb6;\"><strong>18:40h<\/strong><\/span><\/p>\n<\/div><div class=\"fusion-text fusion-text-24\"><p><b>Fin de la jornada. Aperitivo &amp; <\/b><b>Networking<\/b><\/p>\n<\/div><div class=\"fusion-clearfix\"><\/div><\/div><\/div><\/div><\/div><div class=\"fusion-fullwidth fullwidth-box fusion-builder-row-6 nonhundred-percent-fullwidth non-hundred-percent-height-scrolling\" style=\"--awb-border-radius-top-left:0px;--awb-border-radius-top-right:0px;--awb-border-radius-bottom-right:0px;--awb-border-radius-bottom-left:0px;--awb-padding-top:20px;--awb-padding-bottom:20px;--awb-background-color:#3d6fb6;--awb-flex-wrap:wrap;\" ><div class=\"fusion-builder-row fusion-row\"><div class=\"fusion-layout-column fusion_builder_column fusion-builder-column-10 fusion_builder_column_1_1 1_1 fusion-one-full fusion-column-first fusion-column-last\" style=\"--awb-bg-size:cover;\"><div class=\"fusion-column-wrapper fusion-flex-column-wrapper-legacy\"><div class=\"fusion-clearfix\"><\/div><\/div><\/div><\/div><\/div><div class=\"fusion-fullwidth fullwidth-box fusion-builder-row-7 nonhundred-percent-fullwidth non-hundred-percent-height-scrolling\" style=\"--awb-border-radius-top-left:0px;--awb-border-radius-top-right:0px;--awb-border-radius-bottom-right:0px;--awb-border-radius-bottom-left:0px;--awb-padding-top:0px;--awb-padding-right:0px;--awb-padding-bottom:0px;--awb-padding-left:0px;--awb-border-sizes-top:0px;--awb-border-sizes-bottom:0px;--awb-flex-wrap:wrap;\" ><div class=\"fusion-builder-row fusion-row\"><div class=\"fusion-layout-column fusion_builder_column fusion-builder-column-11 fusion_builder_column_1_1 1_1 fusion-one-full fusion-column-first fusion-column-last\" style=\"--awb-padding-top:10px;--awb-padding-right:10px;--awb-padding-bottom:10px;--awb-padding-left:10px;--awb-bg-position:center center;--awb-bg-size:cover;--awb-margin-bottom:2px;\"><div class=\"fusion-column-wrapper fusion-flex-column-wrapper-legacy\"><div class=\"fusion-column-content-centered\"><div class=\"fusion-column-content\"><div class=\"fusion-text fusion-text-25\"><p style=\"text-align: center;\"><strong>Entidades Colaboradoras en la difusi\u00f3n<\/strong><\/p>\n<\/div><\/div><\/div><div class=\"fusion-clearfix\"><\/div><\/div><\/div><div class=\"fusion-layout-column fusion_builder_column fusion-builder-column-12 fusion_builder_column_1_4 1_4 fusion-one-fourth fusion-column-first\" style=\"--awb-padding-top:10px;--awb-padding-right:10px;--awb-padding-bottom:10px;--awb-padding-left:10px;--awb-bg-position:center center;--awb-bg-size:cover;--awb-margin-bottom:2px;width:22%; margin-right: 4%;\"><div class=\"fusion-column-wrapper fusion-flex-column-wrapper-legacy\"><div class=\"fusion-column-content-centered\"><div class=\"fusion-column-content\"><div class=\"fusion-text fusion-text-26\"><p><a href=\"http:\/\/www.bcd.es\/es\/page.asp?id=1\"><img decoding=\"async\" class=\"aligncenter size-full wp-image-58860\" src=\"https:\/\/eurecat.org\/wp-content\/uploads\/2018\/04\/BCD_200x112px.jpg\" alt=\"\" width=\"200\" height=\"112\" \/><\/a><\/p>\n<\/div><\/div><\/div><div class=\"fusion-clearfix\"><\/div><\/div><\/div><div class=\"fusion-layout-column fusion_builder_column fusion-builder-column-13 fusion_builder_column_1_4 1_4 fusion-one-fourth\" style=\"--awb-padding-top:10px;--awb-padding-right:10px;--awb-padding-bottom:10px;--awb-padding-left:10px;--awb-bg-position:center center;--awb-bg-size:cover;--awb-margin-bottom:2px;width:22%; margin-right: 4%;\"><div class=\"fusion-column-wrapper fusion-flex-column-wrapper-legacy\"><div class=\"fusion-column-content-centered\"><div class=\"fusion-column-content\"><div class=\"fusion-text fusion-text-27\"><p><a href=\"https:\/\/www.enginyersbcn.cat\/es_index.html\"><img decoding=\"async\" class=\"aligncenter size-full wp-image-58857\" src=\"https:\/\/eurecat.org\/wp-content\/uploads\/2018\/04\/enginyers_bcn_200x112.jpg\" alt=\"\" width=\"200\" height=\"112\" \/><\/a><\/p>\n<\/div><\/div><\/div><div class=\"fusion-clearfix\"><\/div><\/div><\/div><div class=\"fusion-layout-column fusion_builder_column fusion-builder-column-14 fusion_builder_column_1_4 1_4 fusion-one-fourth\" style=\"--awb-padding-top:10px;--awb-padding-right:10px;--awb-padding-bottom:10px;--awb-padding-left:10px;--awb-bg-position:center center;--awb-bg-size:cover;--awb-margin-bottom:2px;width:22%; margin-right: 4%;\"><div class=\"fusion-column-wrapper fusion-flex-column-wrapper-legacy\"><div class=\"fusion-column-content-centered\"><div class=\"fusion-column-content\"><div class=\"fusion-text fusion-text-28\"><p><a href=\"http:\/\/www.3neo.org\/\"><img decoding=\"async\" class=\"aligncenter size-full wp-image-56283\" src=\"https:\/\/eurecat.org\/wp-content\/uploads\/2018\/04\/3neo_200x112.jpg\" alt=\"\" width=\"200\" height=\"112\" \/><\/a><\/p>\n<\/div><\/div><\/div><div class=\"fusion-clearfix\"><\/div><\/div><\/div><div class=\"fusion-layout-column fusion_builder_column fusion-builder-column-15 fusion_builder_column_1_4 1_4 fusion-one-fourth fusion-column-last\" style=\"--awb-padding-top:10px;--awb-padding-right:10px;--awb-padding-bottom:10px;--awb-padding-left:10px;--awb-bg-position:center center;--awb-bg-size:cover;--awb-margin-bottom:2px;width:22%;\"><div class=\"fusion-column-wrapper fusion-flex-column-wrapper-legacy\"><div class=\"fusion-column-content-centered\"><div class=\"fusion-column-content\"><div class=\"fusion-text fusion-text-29\"><p><a href=\"http:\/\/www.packagingcluster.com\/\"><img decoding=\"async\" class=\"aligncenter wp-image-53687 size-full\" src=\"https:\/\/eurecat.org\/wp-content\/uploads\/2018\/03\/packing_cluster_200x112.jpg\" alt=\"\" width=\"200\" height=\"112\" \/><\/a><\/p>\n<\/div><\/div><\/div><div class=\"fusion-clearfix\"><\/div><\/div><\/div><\/div><\/div><div class=\"fusion-fullwidth fullwidth-box fusion-builder-row-8 nonhundred-percent-fullwidth non-hundred-percent-height-scrolling\" style=\"--awb-border-radius-top-left:0px;--awb-border-radius-top-right:0px;--awb-border-radius-bottom-right:0px;--awb-border-radius-bottom-left:0px;--awb-padding-top:20px;--awb-padding-bottom:20px;--awb-background-color:#3d6fb6;--awb-flex-wrap:wrap;\" ><div class=\"fusion-builder-row fusion-row\"><div class=\"fusion-layout-column fusion_builder_column fusion-builder-column-16 fusion_builder_column_1_1 1_1 fusion-one-full fusion-column-first fusion-column-last\" style=\"--awb-bg-size:cover;\"><div class=\"fusion-column-wrapper fusion-flex-column-wrapper-legacy\"><div class=\"fusion-clearfix\"><\/div><\/div><\/div><\/div><\/div><div class=\"fusion-fullwidth fullwidth-box fusion-builder-row-9 faded-background fusion-parallax-none nonhundred-percent-fullwidth non-hundred-percent-height-scrolling\" style=\"--awb-border-radius-top-left:0px;--awb-border-radius-top-right:0px;--awb-border-radius-bottom-right:0px;--awb-border-radius-bottom-left:0px;--awb-padding-top:150px;--awb-padding-right:0px;--awb-padding-bottom:150px;--awb-padding-left:0px;--awb-background-size:cover;--awb-border-sizes-top:0px;--awb-border-sizes-bottom:0px;--awb-flex-wrap:wrap;\" ><div class=\"fullwidth-faded\" style=\"--awb-background-image:url(https:\/\/eurecat.org\/wp-content\/uploads\/2018\/03\/mapa_gremi.jpg);--awb-background-size:cover;\" ><\/div><div class=\"fusion-builder-row fusion-row\"><div class=\"fusion-layout-column fusion_builder_column fusion-builder-column-17 fusion_builder_column_1_1 1_1 fusion-one-full fusion-column-first fusion-column-last\" style=\"--awb-padding-top:10px;--awb-padding-right:10px;--awb-padding-bottom:10px;--awb-padding-left:10px;--awb-bg-position:center center;--awb-bg-size:cover;--awb-margin-bottom:2px;\"><div class=\"fusion-column-wrapper fusion-flex-column-wrapper-legacy\"><div class=\"fusion-column-content-centered\"><div class=\"fusion-column-content\"><\/div><\/div><div class=\"fusion-clearfix\"><\/div><\/div><\/div><\/div><\/div>\n","protected":false},"excerpt":{"rendered":"","protected":false},"author":23,"featured_media":53425,"parent":2777,"menu_order":27,"comment_status":"closed","ping_status":"closed","template":"100-width.php","meta":{"footnotes":""},"class_list":["post-52853","page","type-page","status-publish","has-post-thumbnail","hentry"],"yoast_head":"<!-- This site is optimized with the Yoast SEO plugin v27.5 - https:\/\/yoast.com\/product\/yoast-seo-wordpress\/ -->\n<title>Open Day Electr\u00f3nica Impresa<\/title>\n<meta name=\"description\" content=\"Open Day Electr\u00f3nica Impresa: Abriendo nichos de mercado mediante el uso de nuevas tintas electr\u00f3nicas y funcionales para el sector de la Industria Gr\u00e1fica y Packaging\" \/>\n<meta name=\"robots\" content=\"index, follow, max-snippet:-1, max-image-preview:large, max-video-preview:-1\" \/>\n<link rel=\"canonical\" href=\"https:\/\/eurecat.org\/es\/servicios\/eurecatevents\/open-day-electronica-impresa\/\" \/>\n<meta property=\"og:locale\" content=\"es_ES\" \/>\n<meta property=\"og:type\" content=\"article\" \/>\n<meta property=\"og:title\" content=\"Open Day Electr\u00f3nica Impresa\" \/>\n<meta property=\"og:description\" content=\"Open Day Electr\u00f3nica Impresa: Abriendo nichos de mercado mediante el uso de nuevas tintas electr\u00f3nicas y funcionales para el sector de la Industria Gr\u00e1fica y Packaging\" \/>\n<meta property=\"og:url\" content=\"https:\/\/eurecat.org\/es\/servicios\/eurecatevents\/open-day-electronica-impresa\/\" \/>\n<meta property=\"og:site_name\" content=\"Eurecat\" \/>\n<meta property=\"article:modified_time\" content=\"2018-04-27T08:36:13+00:00\" \/>\n<meta property=\"og:image\" content=\"https:\/\/eurecat.org\/wp-content\/uploads\/2018\/03\/BASEdestacada_cast_520x272-1.jpg\" \/>\n\t<meta property=\"og:image:width\" content=\"520\" \/>\n\t<meta property=\"og:image:height\" content=\"272\" \/>\n\t<meta property=\"og:image:type\" content=\"image\/jpeg\" \/>\n<meta name=\"twitter:card\" content=\"summary_large_image\" \/>\n<meta name=\"twitter:label1\" content=\"Tiempo de lectura\" \/>\n\t<meta name=\"twitter:data1\" content=\"15 minutos\" \/>\n<script type=\"application\/ld+json\" class=\"yoast-schema-graph\">{\"@context\":\"https:\\\/\\\/schema.org\",\"@graph\":[{\"@type\":\"WebPage\",\"@id\":\"https:\\\/\\\/eurecat.org\\\/es\\\/servicios\\\/eurecatevents\\\/open-day-electronica-impresa\\\/\",\"url\":\"https:\\\/\\\/eurecat.org\\\/es\\\/servicios\\\/eurecatevents\\\/open-day-electronica-impresa\\\/\",\"name\":\"Open Day Electr\u00f3nica Impresa\",\"isPartOf\":{\"@id\":\"https:\\\/\\\/eurecat.org\\\/es\\\/#website\"},\"primaryImageOfPage\":{\"@id\":\"https:\\\/\\\/eurecat.org\\\/es\\\/servicios\\\/eurecatevents\\\/open-day-electronica-impresa\\\/#primaryimage\"},\"image\":{\"@id\":\"https:\\\/\\\/eurecat.org\\\/es\\\/servicios\\\/eurecatevents\\\/open-day-electronica-impresa\\\/#primaryimage\"},\"thumbnailUrl\":\"https:\\\/\\\/eurecat.org\\\/wp-content\\\/uploads\\\/2018\\\/03\\\/BASEdestacada_cast_520x272-1.jpg\",\"datePublished\":\"2018-03-16T13:00:27+00:00\",\"dateModified\":\"2018-04-27T08:36:13+00:00\",\"description\":\"Open Day Electr\u00f3nica Impresa: Abriendo nichos de mercado mediante el uso de nuevas tintas electr\u00f3nicas y funcionales para el sector de la Industria Gr\u00e1fica y Packaging\",\"breadcrumb\":{\"@id\":\"https:\\\/\\\/eurecat.org\\\/es\\\/servicios\\\/eurecatevents\\\/open-day-electronica-impresa\\\/#breadcrumb\"},\"inLanguage\":\"es\",\"potentialAction\":[{\"@type\":\"ReadAction\",\"target\":[\"https:\\\/\\\/eurecat.org\\\/es\\\/servicios\\\/eurecatevents\\\/open-day-electronica-impresa\\\/\"]}]},{\"@type\":\"ImageObject\",\"inLanguage\":\"es\",\"@id\":\"https:\\\/\\\/eurecat.org\\\/es\\\/servicios\\\/eurecatevents\\\/open-day-electronica-impresa\\\/#primaryimage\",\"url\":\"https:\\\/\\\/eurecat.org\\\/wp-content\\\/uploads\\\/2018\\\/03\\\/BASEdestacada_cast_520x272-1.jpg\",\"contentUrl\":\"https:\\\/\\\/eurecat.org\\\/wp-content\\\/uploads\\\/2018\\\/03\\\/BASEdestacada_cast_520x272-1.jpg\",\"width\":\"520\",\"height\":\"272\"},{\"@type\":\"BreadcrumbList\",\"@id\":\"https:\\\/\\\/eurecat.org\\\/es\\\/servicios\\\/eurecatevents\\\/open-day-electronica-impresa\\\/#breadcrumb\",\"itemListElement\":[{\"@type\":\"ListItem\",\"position\":1,\"name\":\"Inici\",\"item\":\"https:\\\/\\\/eurecat.org\\\/es\\\/\"},{\"@type\":\"ListItem\",\"position\":2,\"name\":\"Actividades\",\"item\":\"https:\\\/\\\/eurecat.org\\\/es\\\/servicios\\\/\"},{\"@type\":\"ListItem\",\"position\":3,\"name\":\"Esdeveniments Eurecat\",\"item\":\"https:\\\/\\\/eurecat.org\\\/es\\\/servicios\\\/eurecatevents\\\/\"},{\"@type\":\"ListItem\",\"position\":4,\"name\":\"Open Day Electronica Impresa\"}]},{\"@type\":\"WebSite\",\"@id\":\"https:\\\/\\\/eurecat.org\\\/es\\\/#website\",\"url\":\"https:\\\/\\\/eurecat.org\\\/es\\\/\",\"name\":\"Eurecat\",\"description\":\"Otro sitio realizado con WordPress\",\"potentialAction\":[{\"@type\":\"SearchAction\",\"target\":{\"@type\":\"EntryPoint\",\"urlTemplate\":\"https:\\\/\\\/eurecat.org\\\/es\\\/?s={search_term_string}\"},\"query-input\":{\"@type\":\"PropertyValueSpecification\",\"valueRequired\":true,\"valueName\":\"search_term_string\"}}],\"inLanguage\":\"es\"}]}<\/script>\n<!-- \/ Yoast SEO plugin. -->","yoast_head_json":{"title":"Open Day Electr\u00f3nica Impresa","description":"Open Day Electr\u00f3nica Impresa: Abriendo nichos de mercado mediante el uso de nuevas tintas electr\u00f3nicas y funcionales para el sector de la Industria Gr\u00e1fica y Packaging","robots":{"index":"index","follow":"follow","max-snippet":"max-snippet:-1","max-image-preview":"max-image-preview:large","max-video-preview":"max-video-preview:-1"},"canonical":"https:\/\/eurecat.org\/es\/servicios\/eurecatevents\/open-day-electronica-impresa\/","og_locale":"es_ES","og_type":"article","og_title":"Open Day Electr\u00f3nica Impresa","og_description":"Open Day Electr\u00f3nica Impresa: Abriendo nichos de mercado mediante el uso de nuevas tintas electr\u00f3nicas y funcionales para el sector de la Industria Gr\u00e1fica y Packaging","og_url":"https:\/\/eurecat.org\/es\/servicios\/eurecatevents\/open-day-electronica-impresa\/","og_site_name":"Eurecat","article_modified_time":"2018-04-27T08:36:13+00:00","og_image":[{"width":520,"height":272,"url":"https:\/\/eurecat.org\/wp-content\/uploads\/2018\/03\/BASEdestacada_cast_520x272-1.jpg","type":"image\/jpeg"}],"twitter_card":"summary_large_image","twitter_misc":{"Tiempo de lectura":"15 minutos"},"schema":{"@context":"https:\/\/schema.org","@graph":[{"@type":"WebPage","@id":"https:\/\/eurecat.org\/es\/servicios\/eurecatevents\/open-day-electronica-impresa\/","url":"https:\/\/eurecat.org\/es\/servicios\/eurecatevents\/open-day-electronica-impresa\/","name":"Open Day Electr\u00f3nica Impresa","isPartOf":{"@id":"https:\/\/eurecat.org\/es\/#website"},"primaryImageOfPage":{"@id":"https:\/\/eurecat.org\/es\/servicios\/eurecatevents\/open-day-electronica-impresa\/#primaryimage"},"image":{"@id":"https:\/\/eurecat.org\/es\/servicios\/eurecatevents\/open-day-electronica-impresa\/#primaryimage"},"thumbnailUrl":"https:\/\/eurecat.org\/wp-content\/uploads\/2018\/03\/BASEdestacada_cast_520x272-1.jpg","datePublished":"2018-03-16T13:00:27+00:00","dateModified":"2018-04-27T08:36:13+00:00","description":"Open Day Electr\u00f3nica Impresa: Abriendo nichos de mercado mediante el uso de nuevas tintas electr\u00f3nicas y funcionales para el sector de la Industria Gr\u00e1fica y Packaging","breadcrumb":{"@id":"https:\/\/eurecat.org\/es\/servicios\/eurecatevents\/open-day-electronica-impresa\/#breadcrumb"},"inLanguage":"es","potentialAction":[{"@type":"ReadAction","target":["https:\/\/eurecat.org\/es\/servicios\/eurecatevents\/open-day-electronica-impresa\/"]}]},{"@type":"ImageObject","inLanguage":"es","@id":"https:\/\/eurecat.org\/es\/servicios\/eurecatevents\/open-day-electronica-impresa\/#primaryimage","url":"https:\/\/eurecat.org\/wp-content\/uploads\/2018\/03\/BASEdestacada_cast_520x272-1.jpg","contentUrl":"https:\/\/eurecat.org\/wp-content\/uploads\/2018\/03\/BASEdestacada_cast_520x272-1.jpg","width":"520","height":"272"},{"@type":"BreadcrumbList","@id":"https:\/\/eurecat.org\/es\/servicios\/eurecatevents\/open-day-electronica-impresa\/#breadcrumb","itemListElement":[{"@type":"ListItem","position":1,"name":"Inici","item":"https:\/\/eurecat.org\/es\/"},{"@type":"ListItem","position":2,"name":"Actividades","item":"https:\/\/eurecat.org\/es\/servicios\/"},{"@type":"ListItem","position":3,"name":"Esdeveniments Eurecat","item":"https:\/\/eurecat.org\/es\/servicios\/eurecatevents\/"},{"@type":"ListItem","position":4,"name":"Open Day Electronica Impresa"}]},{"@type":"WebSite","@id":"https:\/\/eurecat.org\/es\/#website","url":"https:\/\/eurecat.org\/es\/","name":"Eurecat","description":"Otro sitio realizado con WordPress","potentialAction":[{"@type":"SearchAction","target":{"@type":"EntryPoint","urlTemplate":"https:\/\/eurecat.org\/es\/?s={search_term_string}"},"query-input":{"@type":"PropertyValueSpecification","valueRequired":true,"valueName":"search_term_string"}}],"inLanguage":"es"}]}},"_links":{"self":[{"href":"https:\/\/eurecat.org\/es\/wp-json\/wp\/v2\/pages\/52853","targetHints":{"allow":["GET"]}}],"collection":[{"href":"https:\/\/eurecat.org\/es\/wp-json\/wp\/v2\/pages"}],"about":[{"href":"https:\/\/eurecat.org\/es\/wp-json\/wp\/v2\/types\/page"}],"author":[{"embeddable":true,"href":"https:\/\/eurecat.org\/es\/wp-json\/wp\/v2\/users\/23"}],"replies":[{"embeddable":true,"href":"https:\/\/eurecat.org\/es\/wp-json\/wp\/v2\/comments?post=52853"}],"version-history":[{"count":0,"href":"https:\/\/eurecat.org\/es\/wp-json\/wp\/v2\/pages\/52853\/revisions"}],"up":[{"embeddable":true,"href":"https:\/\/eurecat.org\/es\/wp-json\/wp\/v2\/pages\/2777"}],"wp:featuredmedia":[{"embeddable":true,"href":"https:\/\/eurecat.org\/es\/wp-json\/wp\/v2\/media\/53425"}],"wp:attachment":[{"href":"https:\/\/eurecat.org\/es\/wp-json\/wp\/v2\/media?parent=52853"}],"curies":[{"name":"wp","href":"https:\/\/api.w.org\/{rel}","templated":true}]}}