{"id":52988,"date":"2018-03-19T12:11:56","date_gmt":"2018-03-19T12:11:56","guid":{"rendered":"https:\/\/eurecat.org\/?page_id=52988"},"modified":"2018-05-10T15:59:45","modified_gmt":"2018-05-10T15:59:45","slug":"tecnologia-avanza","status":"publish","type":"page","link":"https:\/\/eurecat.org\/es\/servicios\/eurecatevents\/tecnologia-avanza\/","title":{"rendered":"La tecnologia avanza como un nuevo concepto de ayuda&#8230; \u00bfEstamos preparados?"},"content":{"rendered":"<div class=\"fusion-fullwidth fullwidth-box fusion-builder-row-1 hundred-percent-fullwidth non-hundred-percent-height-scrolling\" style=\"--awb-border-radius-top-left:0px;--awb-border-radius-top-right:0px;--awb-border-radius-bottom-right:0px;--awb-border-radius-bottom-left:0px;--awb-padding-top:-40px;--awb-flex-wrap:wrap;\" ><div class=\"fusion-builder-row fusion-row\"><div class=\"fusion-layout-column fusion_builder_column fusion-builder-column-0 fusion_builder_column_1_1 1_1 fusion-one-full fusion-column-first fusion-column-last fusion-column-no-min-height\" style=\"--awb-bg-size:cover;--awb-margin-bottom:0px;\"><div class=\"fusion-column-wrapper fusion-flex-column-wrapper-legacy\"><div class=\"fusion-text fusion-text-1\"><h2 style=\"text-align: center;\"><span style=\"color: #000000;\"><strong>Jornada de Innovaci\u00f3n Social\u00a0<\/strong><\/span><\/h2>\n<h1 style=\"text-align: center;\"><strong><span style=\"color: #800080;\">\u00a0La tecnolog\u00eda avanza como un nuevo concepto de ayuda&#8230;<br \/>\n\u00bfEstamos preparados?<\/span><\/strong><\/h1>\n<h2 style=\"text-align: center;\"><\/h2>\n<\/div><div class=\"fusion-clearfix\"><\/div><\/div><\/div><div class=\"fusion-layout-column fusion_builder_column fusion-builder-column-1 fusion_builder_column_1_2 1_2 fusion-one-half fusion-column-first fusion-column-no-min-height\" style=\"--awb-bg-size:cover;--awb-margin-bottom:0px;width:50%;width:calc(50% - ( ( 4% ) * 0.5 ) );margin-right: 4%;\"><div class=\"fusion-column-wrapper fusion-flex-column-wrapper-legacy\"><div class=\"fusion-text fusion-text-2\"><h1 style=\"text-align: center;\"><span style=\"color: #000000;\"><strong>17 de mayo del 2018<\/strong><\/span><\/h1>\n<h2 style=\"text-align: center;\"><span style=\"color: #000000;\"><strong>El Casal del Metge<\/strong><\/span><\/h2>\n<p style=\"text-align: center;\"><a href=\"https:\/\/www.google.es\/maps\/place\/Casal+del+Metge\/@41.3850016,2.1751849,17z\/data=!4m13!1m7!3m6!1s0x12a4a2f9789fc999:0xa9e51ca5dbd51ff6!2sVia+Laietana,+Barcelona!3b1!8m2!3d41.3850016!4d2.1773736!3m4!1s0x12a4a2f970dcf2b5:0x61cade4a23ee3851!8m2!3d41.3849267!4d2.1773261?hl=ca\"><span style=\"color: #000000;\">Via Layetana, 31<br \/>\n08003 Barcelona<\/span><\/a><\/p>\n<\/div><div class=\"fusion-clearfix\"><\/div><\/div><\/div><div class=\"fusion-layout-column fusion_builder_column fusion-builder-column-2 fusion_builder_column_1_2 1_2 fusion-one-half fusion-column-last fusion-column-no-min-height\" style=\"--awb-bg-size:cover;--awb-margin-bottom:0px;width:50%;width:calc(50% - ( ( 4% ) * 0.5 ) );\"><div class=\"fusion-column-wrapper fusion-flex-column-wrapper-legacy\"><div class=\"fusion-text fusion-text-3\"><h2 style=\"text-align: center;\"><strong>Organizan:<\/strong><\/h2>\n<p><img decoding=\"async\" class=\"alignnone wp-image-53151 size-600 aligncenter\" src=\"https:\/\/eurecat.org\/wp-content\/uploads\/2018\/03\/Organitzadors_1-600x166.jpg\" alt=\"\" width=\"600\" height=\"166\" srcset=\"https:\/\/eurecat.org\/wp-content\/uploads\/2018\/03\/Organitzadors_1-200x55.jpg 200w, https:\/\/eurecat.org\/wp-content\/uploads\/2018\/03\/Organitzadors_1-300x83.jpg 300w, https:\/\/eurecat.org\/wp-content\/uploads\/2018\/03\/Organitzadors_1-400x111.jpg 400w, https:\/\/eurecat.org\/wp-content\/uploads\/2018\/03\/Organitzadors_1-600x166.jpg 600w, https:\/\/eurecat.org\/wp-content\/uploads\/2018\/03\/Organitzadors_1.jpg 723w\" sizes=\"(max-width: 600px) 100vw, 600px\" \/><\/p>\n<\/div><div class=\"fusion-clearfix\"><\/div><\/div><\/div><\/div><\/div><div class=\"fusion-fullwidth fullwidth-box fusion-builder-row-2 fusion-parallax-none hundred-percent-fullwidth non-hundred-percent-height-scrolling\" style=\"--awb-border-radius-top-left:0px;--awb-border-radius-top-right:0px;--awb-border-radius-bottom-right:0px;--awb-border-radius-bottom-left:0px;--awb-padding-top:200px;--awb-padding-bottom:100px;--awb-padding-left:100px;--awb-background-image:url(&quot;https:\/\/eurecat.org\/wp-content\/uploads\/2018\/03\/imatgecapweb_Programa_v.4.jpg&quot;);--awb-background-size:cover;--awb-flex-wrap:wrap;\" ><div class=\"fusion-builder-row fusion-row\"><div class=\"fusion-layout-column fusion_builder_column fusion-builder-column-3 fusion_builder_column_1_2 1_2 fusion-one-half fusion-column-first fusion-column-no-min-height\" style=\"--awb-bg-size:cover;width:50%;width:calc(50% - ( ( 0 ) * 0.5 ) );margin-right: 0px;\"><div class=\"fusion-column-wrapper fusion-flex-column-wrapper-legacy\"><div class=\"fusion-column-content-centered\"><div class=\"fusion-column-content\"><\/div><\/div><div class=\"fusion-clearfix\"><\/div><\/div><\/div><div class=\"fusion-layout-column fusion_builder_column fusion-builder-column-4 fusion_builder_column_1_2 1_2 fusion-one-half fusion-column-last fusion-column-no-min-height\" style=\"--awb-bg-size:cover;width:50%;width:calc(50% - ( ( 0 ) * 0.5 ) );\"><div class=\"fusion-column-wrapper fusion-flex-column-wrapper-legacy\"><div class=\"fusion-column-content-centered\"><div class=\"fusion-column-content\"><div class=\"fusion-text fusion-text-4\"><h2><\/h2>\n<h2 style=\"text-align: center;\"><span style=\"color: #3d6fb6;\"><strong>Inscripciones cerradas <\/strong><\/span><\/h2>\n<h2 style=\"text-align: center;\"><span style=\"color: #3d6fb6;\"><strong>por aforo completo<\/strong><\/span><\/h2>\n<\/div><\/div><\/div><div class=\"fusion-clearfix\"><\/div><\/div><\/div><\/div><\/div><div class=\"fusion-fullwidth fullwidth-box fusion-builder-row-3 nonhundred-percent-fullwidth non-hundred-percent-height-scrolling\" style=\"--awb-background-position:left top;--awb-border-radius-top-left:0px;--awb-border-radius-top-right:0px;--awb-border-radius-bottom-right:0px;--awb-border-radius-bottom-left:0px;--awb-padding-top:30px;--awb-padding-right:0px;--awb-padding-bottom:30px;--awb-padding-left:0px;--awb-border-sizes-top:0px;--awb-border-sizes-bottom:0px;--awb-flex-wrap:wrap;\" ><div class=\"fusion-builder-row fusion-row\"><div class=\"fusion-layout-column fusion_builder_column fusion-builder-column-5 fusion_builder_column_3_5 3_5 fusion-three-fifth fusion-column-first\" style=\"--awb-padding-right:20px;--awb-padding-left:40px;--awb-bg-size:cover;width:60%;width:calc(60% - ( ( 4% ) * 0.6 ) );margin-right: 4%;\"><div class=\"fusion-column-wrapper fusion-flex-column-wrapper-legacy\"><div class=\"fusion-text fusion-text-5\"><p><strong><span style=\"color: #3d6fb6;\">\u00bfPor qu\u00e9 es importante?<\/span><\/strong><\/p>\n<p>El profesional debe ponderar sus decisiones a partir de los deseos y preferencias de la persona a la que atiende y las necesidades de su entorno: familia, cuidadores, vecinos, y otros profesionales. La persona que es atendida quiere seguir viviendo en casa pero su fragilidad le hace vulnerable a determinadas situaciones. Que los deseos y necesidades de esa persona puedan ser respetados completamente depende en gran medida de su grado de autonom\u00eda y competencia en el d\u00eda a d\u00eda, en su cotidianidad. <strong>\u00bfC\u00f3mo puede definir el profesional el estilo de vida que una persona tiene y valorar los cambios que se produzcan si no es con grandes dosis de intuici\u00f3n y valent\u00eda?<\/strong><\/p>\n<p>Mediante la introducci\u00f3n de tecnolog\u00eda de seguimiento de h\u00e1bitos y rutinas a distancia se puede acompa\u00f1ar a la persona ofreci\u00e9ndole seguridad para poder vivir de forma aut\u00f3noma. Adem\u00e1s, estas nuevas herramientas aportan al profesional la precisi\u00f3n que necesita a la hora de tomar decisiones y le ayudan a contener las presiones del entorno en defensa de la voluntad de la persona.<\/p>\n<p>Por su parte,<strong> el profesional debe estar preparado para incorporar la \u201ctecnolog\u00eda social\u201d<\/strong> como herramienta de trabajo (seguridad, acompa\u00f1amiento, diagn\u00f3stica \u2026) y trasmitir la informaci\u00f3n que le aporta a la vez que vela por la integridad de los derechos en conflicto: Autonom\u00eda vs. Intimidad.<\/p>\n<\/div><div class=\"fusion-clearfix\"><\/div><\/div><\/div><div class=\"fusion-layout-column fusion_builder_column fusion-builder-column-6 fusion_builder_column_2_5 2_5 fusion-two-fifth fusion-column-last\" style=\"--awb-padding-right:20px;--awb-padding-left:40px;--awb-bg-size:cover;width:40%;width:calc(40% - ( ( 4% ) * 0.4 ) );\"><div class=\"fusion-column-wrapper fusion-flex-column-wrapper-legacy\"><div class=\"fusion-text fusion-text-6\"><p><strong><span style=\"color: #3d6fb6;\">Objetivo:<\/span><\/strong><\/p>\n<p><b>Dar a conocer experiencias de trabajo conjuntas en el uso de tecnolog\u00eda para mejorar la autonom\u00eda de la persona a trav\u00e9s de herramientas profesionales y de ayuda a la toma de decisiones. A partir de este aprendizaje se abren nuevas l\u00edneas de trabajo sobre c\u00f3mo la sociedad ve el futuro y qu\u00e9 retos se plantean respecto a la aplicaci\u00f3n de tecnolog\u00eda de ayuda en el \u00e1mbito social.<\/b><\/p>\n<p><strong><span style=\"color: #3d6fb6;\">A qui\u00e9n se dirige:<\/span><\/strong><\/p>\n<ul>\n<li>Administraciones\u00a0y organismos p\u00fablicos<\/li>\n<li>Servicios Domiciliarios: SAD, Teleasistencia&#8230;<\/li>\n<li>Profesionales de los servicios sociales y sanitarios<\/li>\n<li>Entidades y colectivos del tercer sector y\/o dependientes<\/li>\n<li>Profesionales e investigadores del entorno envejecimiento y atenci\u00f3n centrada en la persona<\/li>\n<li>Empresas del sector<\/li>\n<\/ul>\n<\/div><div class=\"fusion-button-wrapper fusion-alignleft\"><a class=\"fusion-button button-flat fusion-button-default-size button-default fusion-button-default button-1 fusion-button-default-span fusion-button-default-type\" target=\"_self\" href=\"http:\/\/cdn.bdigital.org\/PDF\/JornadaTecnologiaAvanca\/Programa_Jornada_cast.pdf\"><span class=\"fusion-button-text awb-button__text awb-button__text--default\">Desc\u00e1rgate el programa en .pdf<\/span><i class=\" fa fa-arrow-circle-o-down awb-button__icon awb-button__icon--default button-icon-right\" aria-hidden=\"true\"><\/i><\/a><\/div><div class=\"fusion-clearfix\"><\/div><\/div><\/div><\/div><\/div><div class=\"fusion-fullwidth fullwidth-box fusion-builder-row-4 nonhundred-percent-fullwidth non-hundred-percent-height-scrolling\" style=\"--awb-border-radius-top-left:0px;--awb-border-radius-top-right:0px;--awb-border-radius-bottom-right:0px;--awb-border-radius-bottom-left:0px;--awb-padding-top:20px;--awb-padding-bottom:20px;--awb-background-color:#3d6fb6;--awb-flex-wrap:wrap;\" ><div class=\"fusion-builder-row fusion-row\"><div class=\"fusion-layout-column fusion_builder_column fusion-builder-column-7 fusion_builder_column_1_1 1_1 fusion-one-full fusion-column-first fusion-column-last\" style=\"--awb-bg-size:cover;--awb-margin-top:30px;\"><div class=\"fusion-column-wrapper fusion-flex-column-wrapper-legacy\"><div class=\"fusion-text fusion-text-7\"><h2 style=\"text-align: center;\"><span style=\"color: #ffffff;\"><strong>Programa<\/strong><\/span><\/h2>\n<\/div><div class=\"fusion-clearfix\"><\/div><\/div><\/div><\/div><\/div><div class=\"fusion-fullwidth fullwidth-box fusion-builder-row-5 nonhundred-percent-fullwidth non-hundred-percent-height-scrolling\" style=\"--awb-border-radius-top-left:0px;--awb-border-radius-top-right:0px;--awb-border-radius-bottom-right:0px;--awb-border-radius-bottom-left:0px;--awb-padding-top:20px;--awb-padding-right:50px;--awb-padding-bottom:20px;--awb-padding-left:50px;--awb-background-color:rgba(249,249,249,0);--awb-flex-wrap:wrap;\" ><div class=\"fusion-builder-row fusion-row\"><div class=\"fusion-layout-column fusion_builder_column fusion-builder-column-8 fusion_builder_column_1_4 1_4 fusion-one-fourth fusion-column-first\" style=\"--awb-padding-right:10px;--awb-padding-left:20px;--awb-bg-size:cover;--awb-border-color:#3d5fb6;--awb-border-right:1px;--awb-border-style:solid;width:25%;width:calc(25% - ( ( 4% + 4% + 4% ) * 0.25 ) );margin-right: 4%;\"><div class=\"fusion-column-wrapper fusion-flex-column-wrapper-legacy\"><div class=\"fusion-text fusion-text-8\"><p><span style=\"color: #3d6fb6;\"><strong>09:00h<\/strong><\/span><\/p>\n<\/div><div class=\"fusion-text fusion-text-9\"><p><strong><span style=\"color: #000000;\">Registro de asistentes<\/span><\/strong><\/p>\n<\/div><div class=\"fusion-text fusion-text-10\"><p><span style=\"color: #3d6fb6;\"><strong>09:30h<\/strong><\/span><\/p>\n<\/div><div class=\"fusion-text fusion-text-11\"><p><strong>Bienvenida e inauguraci\u00f3n de la jornada\u00a0\u00a0 <\/strong><\/p>\n<p><em><strong>Sr. Miquel Rey<\/strong>, Director General de Negoci d&#8217;Eurecat<\/em><\/p>\n<p><em><strong>Dra. Asunci\u00f3n Torrents<\/strong>,\u00a0 Presidenta de la Asociaci\u00f3n por la Vida Independiente (AVI)<\/em><\/p>\n<\/div><div class=\"fusion-text fusion-text-12\"><p><span style=\"color: #3d6fb6;\"><strong>09:45h<\/strong><\/span><\/p>\n<\/div><div class=\"fusion-text fusion-text-13\"><p><strong>Ponencia Inaugural: Progreso tecnol\u00f3gico e innovaci\u00f3n para\u00a0la autonom\u00eda y el cuidado de la persona<\/strong><\/p>\n<p><b><i>Dr. Felip Miralles,\u00a0 <\/i><\/b><i>D<\/i><i>irector de la Unidad de e<\/i><i>Health de Eurecat<\/i><\/p>\n<\/div><div class=\"fusion-clearfix\"><\/div><\/div><\/div><div class=\"fusion-layout-column fusion_builder_column fusion-builder-column-9 fusion_builder_column_1_4 1_4 fusion-one-fourth\" style=\"--awb-padding-right:10px;--awb-bg-size:cover;--awb-border-color:#3d6fb6;--awb-border-right:1px;--awb-border-style:solid;width:25%;width:calc(25% - ( ( 4% + 4% + 4% ) * 0.25 ) );margin-right: 4%;\"><div class=\"fusion-column-wrapper fusion-flex-column-wrapper-legacy\"><div class=\"fusion-text fusion-text-14\"><p><span style=\"color: #3d6fb6;\"><strong>10:30h<\/strong><\/span><\/p>\n<\/div><div class=\"fusion-text fusion-text-15\"><p><strong>Adaptaci\u00f3n tecnol\u00f3gica a realidades concretas. Una experiencia de acompa\u00f1amiento a trav\u00e9s d&#8217;Ekauri<\/strong><\/p>\n<p><em><strong>Sra. Sandra Millet,<\/strong>\u00a0Gerente del Centro de Vida Independiente (CVI)<\/em><\/p>\n<p><em><strong>Sr. Enrique de la Vega,\u00a0 <\/strong>Product Manager de la Unidad de Valorizaci\u00f3n de Eurecat<\/em><\/p>\n<p><em><strong>Sra. Paqui G\u00f3mez<\/strong>, Direcci\u00f3n \u00c1rea Ayudar y Proteger de Alzheimer Catalunya\u00a0<\/em><\/p>\n<\/div><div class=\"fusion-clearfix\"><\/div><\/div><\/div><div class=\"fusion-layout-column fusion_builder_column fusion-builder-column-10 fusion_builder_column_1_4 1_4 fusion-one-fourth\" style=\"--awb-padding-right:10px;--awb-bg-size:cover;--awb-border-color:#3d6fb6;--awb-border-right:1px;--awb-border-style:solid;width:25%;width:calc(25% - ( ( 4% + 4% + 4% ) * 0.25 ) );margin-right: 4%;\"><div class=\"fusion-column-wrapper fusion-flex-column-wrapper-legacy\"><div class=\"fusion-text fusion-text-16\"><p><span style=\"color: #3d6fb6;\"><strong>11:30h Pausa &#8211; Caf\u00e9<\/strong><\/span><\/p>\n<\/div><div class=\"fusion-text fusion-text-17\"><p><span style=\"color: #3d6fb6;\"><strong>12:00h<\/strong><\/span><\/p>\n<\/div><div class=\"fusion-text fusion-text-18\"><p><strong>Mesa Redonda: Innovaci\u00f3n, \u00e9tica y calidad de vida. Retos de futuro<\/strong><\/p>\n<p>Modera:<\/p>\n<p><em><strong>Sra. Eul\u00e0lia Cucurella,<\/strong><\/em>\u00a0Presidenta de Alzheimer Catalunya<\/p>\n<p>Intervienen en el debate:<\/p>\n<p><em><strong>Dr. Francesc Torralba,<\/strong>\u00a0Profesor Catedr\u00e1tico\u00a0 de Filosof\u00eda de la Universitat Ramon Llull<\/em><\/p>\n<p><em><strong>Dr. Ulises Cort\u00e9s,<\/strong>\u00a0Profesor Catedr\u00e1tico\u00a0 de Computaci\u00f3n y Sistemas de la Universitat Polit\u00e8cnica de Catalunya<\/em><\/p>\n<p><em><strong>Dr. Xavier Roig\u00e9, <\/strong>Profesor titular de Antropolog\u00eda Social en la Universitat de Barcelona<\/em><\/p>\n<\/div><div class=\"fusion-clearfix\"><\/div><\/div><\/div><div class=\"fusion-layout-column fusion_builder_column fusion-builder-column-11 fusion_builder_column_1_4 1_4 fusion-one-fourth fusion-column-last\" style=\"--awb-padding-right:10px;--awb-bg-size:cover;--awb-border-color:#3d6fb6;--awb-border-style:solid;width:25%;width:calc(25% - ( ( 4% + 4% + 4% ) * 0.25 ) );\"><div class=\"fusion-column-wrapper fusion-flex-column-wrapper-legacy\"><div class=\"fusion-text fusion-text-19\"><p><span style=\"color: #3d6fb6;\"><strong>13:00h\u00a0<\/strong><\/span><\/p>\n<\/div><div class=\"fusion-text fusion-text-20\"><p><b>Conclusiones y clausura de la Jornada<\/b><\/p>\n<p><em><strong>Sra. Eul\u00e0lia Cucurella,<\/strong>\u00a0Presidenta d&#8217;Alzheimer Catalunya<\/em><\/p>\n<\/div><div class=\"fusion-text fusion-text-21\"><p><span style=\"color: #3d6fb6;\"><strong>13:15h Fin de la Jornada<\/strong><\/span><\/p>\n<\/div><div class=\"fusion-clearfix\"><\/div><\/div><\/div><\/div><\/div><div class=\"fusion-fullwidth fullwidth-box fusion-builder-row-6 nonhundred-percent-fullwidth non-hundred-percent-height-scrolling\" style=\"--awb-border-radius-top-left:0px;--awb-border-radius-top-right:0px;--awb-border-radius-bottom-right:0px;--awb-border-radius-bottom-left:0px;--awb-padding-top:20px;--awb-padding-bottom:20px;--awb-margin-top:10px;--awb-margin-bottom:10px;--awb-background-color:#3d6fb6;--awb-border-sizes-top:0px;--awb-border-sizes-bottom:0px;--awb-flex-wrap:wrap;\" ><div class=\"fusion-builder-row fusion-row\"><div class=\"fusion-layout-column fusion_builder_column fusion-builder-column-12 fusion_builder_column_1_1 1_1 fusion-one-full fusion-column-first fusion-column-last\" style=\"--awb-bg-size:cover;--awb-margin-top:30px;\"><div class=\"fusion-column-wrapper fusion-flex-column-wrapper-legacy\"><div class=\"fusion-title title fusion-title-1 fusion-sep-none fusion-title-center fusion-title-text fusion-title-size-one\" style=\"--awb-margin-top-small:0px;--awb-margin-right-small:0px;--awb-margin-bottom-small:20px;--awb-margin-left-small:0px;\"><h1 class=\"fusion-title-heading title-heading-center\" style=\"margin:0;\"><h2 style=\"text-align: center;\"><span style=\"color: #ffffff;\"><strong>Ponentes que participar\u00e1n en la Jornada de Innovaci\u00f3n social:<\/strong><\/span><\/h2><\/h1><\/div><div class=\"fusion-clearfix\"><\/div><\/div><\/div><\/div><\/div><div class=\"fusion-fullwidth fullwidth-box fusion-builder-row-7 nonhundred-percent-fullwidth non-hundred-percent-height-scrolling\" style=\"--awb-border-radius-top-left:0px;--awb-border-radius-top-right:0px;--awb-border-radius-bottom-right:0px;--awb-border-radius-bottom-left:0px;--awb-padding-top:20px;--awb-padding-bottom:20px;--awb-background-color:#ffffff;--awb-flex-wrap:wrap;\" ><div class=\"fusion-builder-row fusion-row\"><div class=\"fusion-layout-column fusion_builder_column fusion-builder-column-13 fusion_builder_column_1_5 1_5 fusion-one-fifth fusion-column-first\" style=\"--awb-padding-left:40px;--awb-bg-size:cover;width:20%;width:calc(20% - ( ( 4% ) * 0.2 ) );margin-right: 4%;\"><div class=\"fusion-column-wrapper fusion-flex-column-wrapper-legacy\"><div class=\"fusion-image-element fusion-image-align-center in-legacy-container\" style=\"text-align:center;--awb-caption-title-font-family:var(--h2_typography-font-family);--awb-caption-title-font-weight:var(--h2_typography-font-weight);--awb-caption-title-font-style:var(--h2_typography-font-style);--awb-caption-title-size:var(--h2_typography-font-size);--awb-caption-title-transform:var(--h2_typography-text-transform);--awb-caption-title-line-height:var(--h2_typography-line-height);--awb-caption-title-letter-spacing:var(--h2_typography-letter-spacing);\"><div class=\"imageframe-align-center\"><span class=\" fusion-imageframe imageframe-none imageframe-1 hover-type-none\"><img decoding=\"async\" width=\"455\" height=\"360\" title=\"Miquel-Rey\" src=\"https:\/\/eurecat.org\/wp-content\/uploads\/2018\/04\/Miquel-Rey.png\" alt class=\"img-responsive wp-image-57940\" srcset=\"https:\/\/eurecat.org\/wp-content\/uploads\/2018\/04\/Miquel-Rey-200x158.png 200w, https:\/\/eurecat.org\/wp-content\/uploads\/2018\/04\/Miquel-Rey-400x316.png 400w, https:\/\/eurecat.org\/wp-content\/uploads\/2018\/04\/Miquel-Rey.png 455w\" sizes=\"(max-width: 800px) 100vw, 400px\" \/><\/span><\/div><\/div><div class=\"fusion-clearfix\"><\/div><\/div><\/div><div class=\"fusion-layout-column fusion_builder_column fusion-builder-column-14 fusion_builder_column_4_5 4_5 fusion-four-fifth fusion-column-last\" style=\"--awb-bg-size:cover;--awb-margin-top:30px;width:80%;width:calc(80% - ( ( 4% ) * 0.8 ) );\"><div class=\"fusion-column-wrapper fusion-flex-column-wrapper-legacy\"><div class=\"fusion-text fusion-text-22\"><h2><strong>Miquel Rey &#8211;\u00a0<\/strong><strong>Eurecat<br \/>\n<\/strong><\/h2>\n<p>Miquel Rey es licenciado en Administraci\u00f3n y Direcci\u00f3n de Empresas por ESADE y MBA cursado en la University of Michigan y la Universit\u00e4t zu K\u00f6ln especializ\u00e1ndose en Marketing internacional. Ha desarrollando su experiencia en una multinacional catalana del sector textil durante 12 a\u00f1os. A partir de 2011, lidera los proyectos de Tecnocampus, CETEMMSA y Aguas de Matar\u00f3 como presidente, que compagina con el servicio p\u00fablico como Concejal en el Ayuntamiento de Matar\u00f3 hasta octubre de 2015. En noviembre de 2015 se incorpora en Eurecat como director general de Negocio.<\/p>\n<p><strong><span style=\"color: #3d6fb6;\"><a href=\"https:\/\/eurecat.org\/\">www.eurecat.org<\/a>\/ | <a class=\"ProfileCard-screennameLink u-linkComplex js-nav\" href=\"https:\/\/twitter.com\/MiquelReyC\" data-aria-label-part=\"\"><span class=\"username u-dir\" dir=\"ltr\">@<b class=\"u-linkComplex-target\">MiquelReyC<\/b><\/span>\u00a0<\/a>\u200f |\u00a0\u00a0<\/span><a class=\"AdaptiveRelatedSearches-itemAnchor\" href=\"https:\/\/twitter.com\/search?q=%40eurecat_news&amp;src=rela\">@eurecat_news<\/a><\/strong><\/p>\n<\/div><div class=\"fusion-clearfix\"><\/div><\/div><\/div><div class=\"fusion-layout-column fusion_builder_column fusion-builder-column-15 fusion_builder_column_1_5 1_5 fusion-one-fifth fusion-column-first\" style=\"--awb-padding-left:40px;--awb-bg-size:cover;width:20%;width:calc(20% - ( ( 4% ) * 0.2 ) );margin-right: 4%;\"><div class=\"fusion-column-wrapper fusion-flex-column-wrapper-legacy\"><div class=\"fusion-image-element fusion-image-align-center in-legacy-container\" style=\"text-align:center;--awb-caption-title-font-family:var(--h2_typography-font-family);--awb-caption-title-font-weight:var(--h2_typography-font-weight);--awb-caption-title-font-style:var(--h2_typography-font-style);--awb-caption-title-size:var(--h2_typography-font-size);--awb-caption-title-transform:var(--h2_typography-text-transform);--awb-caption-title-line-height:var(--h2_typography-line-height);--awb-caption-title-letter-spacing:var(--h2_typography-letter-spacing);\"><div class=\"imageframe-align-center\"><span class=\" fusion-imageframe imageframe-none imageframe-2 hover-type-none\"><img decoding=\"async\" width=\"455\" height=\"360\" title=\"Asuncion-Torrrents\" src=\"https:\/\/eurecat.org\/wp-content\/uploads\/2018\/03\/Asuncion-Torrrents.png\" alt class=\"img-responsive wp-image-54807\" srcset=\"https:\/\/eurecat.org\/wp-content\/uploads\/2018\/03\/Asuncion-Torrrents-200x158.png 200w, https:\/\/eurecat.org\/wp-content\/uploads\/2018\/03\/Asuncion-Torrrents-400x316.png 400w, https:\/\/eurecat.org\/wp-content\/uploads\/2018\/03\/Asuncion-Torrrents.png 455w\" sizes=\"(max-width: 800px) 100vw, 400px\" \/><\/span><\/div><\/div><div class=\"fusion-clearfix\"><\/div><\/div><\/div><div class=\"fusion-layout-column fusion_builder_column fusion-builder-column-16 fusion_builder_column_4_5 4_5 fusion-four-fifth fusion-column-last\" style=\"--awb-bg-size:cover;--awb-margin-top:30px;width:80%;width:calc(80% - ( ( 4% ) * 0.8 ) );\"><div class=\"fusion-column-wrapper fusion-flex-column-wrapper-legacy\"><div class=\"fusion-text fusion-text-23\"><h2><strong>Asunci\u00f3n Torrents &#8211;\u00a0<\/strong><strong>Asociaci\u00f3n por la Vida Independiente (AVI)<br \/>\n<\/strong><\/h2>\n<p>La Dra. Torrents es Cardi\u00f3loga del Servicio de Cardiolog\u00eda del Hospital Vall d\u2019Hebr\u00f3n.\u00a0Actualmente tambi\u00e9n preside la Asociaci\u00f3n por la Vida Independiente.<\/p>\n<p><strong><span style=\"color: #3d6fb6;\"><a href=\"http:\/\/www.cvi-bcn.org\">www.cvi-bcn.org<\/a>\/ |\u00a0<a href=\"https:\/\/twitter.com\/CVI_AVI\">@CVI_AVI<\/a><\/span><\/strong><\/p>\n<\/div><div class=\"fusion-clearfix\"><\/div><\/div><\/div><div class=\"fusion-layout-column fusion_builder_column fusion-builder-column-17 fusion_builder_column_1_5 1_5 fusion-one-fifth fusion-column-first\" style=\"--awb-padding-left:40px;--awb-bg-size:cover;width:20%;width:calc(20% - ( ( 4% ) * 0.2 ) );margin-right: 4%;\"><div class=\"fusion-column-wrapper fusion-flex-column-wrapper-legacy\"><div class=\"fusion-image-element fusion-image-align-center in-legacy-container\" style=\"text-align:center;--awb-caption-title-font-family:var(--h2_typography-font-family);--awb-caption-title-font-weight:var(--h2_typography-font-weight);--awb-caption-title-font-style:var(--h2_typography-font-style);--awb-caption-title-size:var(--h2_typography-font-size);--awb-caption-title-transform:var(--h2_typography-text-transform);--awb-caption-title-line-height:var(--h2_typography-line-height);--awb-caption-title-letter-spacing:var(--h2_typography-letter-spacing);\"><div class=\"imageframe-align-center\"><span class=\" fusion-imageframe imageframe-none imageframe-3 hover-type-none\"><img decoding=\"async\" width=\"455\" height=\"360\" title=\"Felip-Mirralles\" src=\"https:\/\/eurecat.org\/wp-content\/uploads\/2018\/03\/Felip-Mirralles.png\" alt class=\"img-responsive wp-image-54795\" srcset=\"https:\/\/eurecat.org\/wp-content\/uploads\/2018\/03\/Felip-Mirralles-200x158.png 200w, https:\/\/eurecat.org\/wp-content\/uploads\/2018\/03\/Felip-Mirralles-400x316.png 400w, https:\/\/eurecat.org\/wp-content\/uploads\/2018\/03\/Felip-Mirralles.png 455w\" sizes=\"(max-width: 800px) 100vw, 400px\" \/><\/span><\/div><\/div><div class=\"fusion-clearfix\"><\/div><\/div><\/div><div class=\"fusion-layout-column fusion_builder_column fusion-builder-column-18 fusion_builder_column_4_5 4_5 fusion-four-fifth fusion-column-last\" style=\"--awb-padding-left:0px;--awb-bg-size:cover;--awb-margin-top:30px;width:80%;width:calc(80% - ( ( 4% ) * 0.8 ) );\"><div class=\"fusion-column-wrapper fusion-flex-column-wrapper-legacy\"><div class=\"fusion-text fusion-text-24\"><h2><strong>Felip Miralles &#8211; Eurecat<br \/>\n<\/strong><\/h2>\n<p>Doctor en Ingenier\u00eda y Tecnolog\u00edas Avanzadas por la Universitat de Barcelona.<\/p>\n<p>Ha liderado proyectos de TIC tanto en el sector p\u00fablico como privado, habiendo sido tambi\u00e9n emprendedor y docente acad\u00e9mico, adem\u00e1s de investigador. Sus intereses en el campo de la investigaci\u00f3n abarcan los modelos y la representaci\u00f3n del conocimiento sanitario, las interfaces multimodales, la inteligencia ambiental, la telemonitorizaci\u00f3n, la salud m\u00f3vil, los sistemas de apoyo a las decisiones cl\u00ednicas y la interoperabilidad. Todo ello para avanzar m\u00e1s all\u00e1 del estado actual en los \u00e1mbitos digitales de la salud como la atenci\u00f3n integrada, la medicina personalizada y la biomec\u00e1nica.<\/p>\n<p>Actualmente dirige la Unidad de eHealth de Eurecat, que ofrece productos y servicios innovadores para una atenci\u00f3n personalizada, preventiva, predictiva y participativa.<\/p>\n<p><strong><a href=\"https:\/\/eurecat.org\/\">www.eurecat.org<\/a> |\u00a0<a class=\"ProfileHeaderCard-screennameLink u-linkComplex js-nav\" href=\"https:\/\/twitter.com\/Eurecat_news\"><span class=\"username u-dir\" dir=\"ltr\">@<b class=\"u-linkComplex-target\">Eurecat_news<\/b><\/span>\u00a0<\/a>| <a href=\"https:\/\/twitter.com\/FelipMiralles\">@FelipMiralles<\/a><\/strong><\/p>\n<\/div><div class=\"fusion-clearfix\"><\/div><\/div><\/div><div class=\"fusion-layout-column fusion_builder_column fusion-builder-column-19 fusion_builder_column_1_5 1_5 fusion-one-fifth fusion-column-first\" style=\"--awb-padding-left:40px;--awb-bg-size:cover;width:20%;width:calc(20% - ( ( 4% ) * 0.2 ) );margin-right: 4%;\"><div class=\"fusion-column-wrapper fusion-flex-column-wrapper-legacy\"><div class=\"fusion-image-element fusion-image-align-center in-legacy-container\" style=\"text-align:center;--awb-caption-title-font-family:var(--h2_typography-font-family);--awb-caption-title-font-weight:var(--h2_typography-font-weight);--awb-caption-title-font-style:var(--h2_typography-font-style);--awb-caption-title-size:var(--h2_typography-font-size);--awb-caption-title-transform:var(--h2_typography-text-transform);--awb-caption-title-line-height:var(--h2_typography-line-height);--awb-caption-title-letter-spacing:var(--h2_typography-letter-spacing);\"><div class=\"imageframe-align-center\"><span class=\" fusion-imageframe imageframe-none imageframe-4 hover-type-none\"><img decoding=\"async\" width=\"455\" height=\"360\" title=\"Sandra-Millet\" src=\"https:\/\/eurecat.org\/wp-content\/uploads\/2018\/03\/Sandra-Millet.png\" alt class=\"img-responsive wp-image-54802\" srcset=\"https:\/\/eurecat.org\/wp-content\/uploads\/2018\/03\/Sandra-Millet-200x158.png 200w, https:\/\/eurecat.org\/wp-content\/uploads\/2018\/03\/Sandra-Millet-400x316.png 400w, https:\/\/eurecat.org\/wp-content\/uploads\/2018\/03\/Sandra-Millet.png 455w\" sizes=\"(max-width: 800px) 100vw, 400px\" \/><\/span><\/div><\/div><div class=\"fusion-clearfix\"><\/div><\/div><\/div><div class=\"fusion-layout-column fusion_builder_column fusion-builder-column-20 fusion_builder_column_4_5 4_5 fusion-four-fifth fusion-column-last\" style=\"--awb-bg-size:cover;--awb-margin-bottom:30px;width:80%;width:calc(80% - ( ( 4% ) * 0.8 ) );\"><div class=\"fusion-column-wrapper fusion-flex-column-wrapper-legacy\"><div class=\"fusion-text fusion-text-25\"><h2><strong>Sandra Millet &#8211; Centro de Vida Independiente<\/strong><\/h2>\n<p>Sandra Millet, se licenci\u00f3 en Pedagog\u00eda terap\u00e9utica en la Universitat Central de Barcelona. Es logopeda especialista en patolog\u00eda del lenguaje por el Hospital de la Santa Cruz y San Pablo. Realiz\u00f3 el Postgrado de patolog\u00eda del lenguaje por la Universitat Aut\u00f2noma de Barcelona. Desde el a\u00f1o 1995 hasta el a\u00f1o 2017 ejerci\u00f3 como profesora de la Universitat Ram\u00f3n Llull de Barcelona, \u200b\u200bimpartiendo dos asignaturas de Logopedia: \u00abNuevas tecnolog\u00edas aplicadas a la Logopedia\u00bb y \u00abInform\u00e1tica aplicada a la logopedia\u00bb. Es la co-creadora del Centro de Vida Independiente. Ha participado en diferentes proyectos I + D + i de \u00e1mbito europeo. Cuenta con una larga experiencia de m\u00e1s de 30 a\u00f1os en el campo de la discapacidad, donde lider\u00f3 el primer Servei d&#8217;Ajudes T\u00e8cniques de Catalunya y la creaci\u00f3n del primer PISO PILOTO DOMOTIZADO de Espa\u00f1a.<\/p>\n<p><strong><a href=\"http:\/\/www.cvi-bcn.org\/\">www.cvi-bcn.org<\/a><\/strong><\/p>\n<\/div><div class=\"fusion-clearfix\"><\/div><\/div><\/div><div class=\"fusion-layout-column fusion_builder_column fusion-builder-column-21 fusion_builder_column_1_5 1_5 fusion-one-fifth fusion-column-first\" style=\"--awb-padding-left:40px;--awb-bg-size:cover;width:20%;width:calc(20% - ( ( 4% ) * 0.2 ) );margin-right: 4%;\"><div class=\"fusion-column-wrapper fusion-flex-column-wrapper-legacy\"><div class=\"fusion-image-element fusion-image-align-center in-legacy-container\" style=\"text-align:center;--awb-caption-title-font-family:var(--h2_typography-font-family);--awb-caption-title-font-weight:var(--h2_typography-font-weight);--awb-caption-title-font-style:var(--h2_typography-font-style);--awb-caption-title-size:var(--h2_typography-font-size);--awb-caption-title-transform:var(--h2_typography-text-transform);--awb-caption-title-line-height:var(--h2_typography-line-height);--awb-caption-title-letter-spacing:var(--h2_typography-letter-spacing);\"><div class=\"imageframe-align-center\"><span class=\" fusion-imageframe imageframe-none imageframe-5 hover-type-none\"><img decoding=\"async\" width=\"455\" height=\"360\" title=\"Enrique-de-la-Vega\" src=\"https:\/\/eurecat.org\/wp-content\/uploads\/2018\/04\/Enrique-de-la-Vega.png\" alt class=\"img-responsive wp-image-55249\" srcset=\"https:\/\/eurecat.org\/wp-content\/uploads\/2018\/04\/Enrique-de-la-Vega-200x158.png 200w, https:\/\/eurecat.org\/wp-content\/uploads\/2018\/04\/Enrique-de-la-Vega-400x316.png 400w, https:\/\/eurecat.org\/wp-content\/uploads\/2018\/04\/Enrique-de-la-Vega.png 455w\" sizes=\"(max-width: 800px) 100vw, 400px\" \/><\/span><\/div><\/div><div class=\"fusion-clearfix\"><\/div><\/div><\/div><div class=\"fusion-layout-column fusion_builder_column fusion-builder-column-22 fusion_builder_column_4_5 4_5 fusion-four-fifth fusion-column-last\" style=\"--awb-padding-left:0px;--awb-bg-size:cover;--awb-margin-top:30px;width:80%;width:calc(80% - ( ( 4% ) * 0.8 ) );\"><div class=\"fusion-column-wrapper fusion-flex-column-wrapper-legacy\"><div class=\"fusion-text fusion-text-26\"><h2><strong>Enrique de la Vega &#8211; Eurecat<br \/>\n<\/strong><\/h2>\n<p>Ingeniero de Telecomunicaciones por la Universidad Polit\u00e9cnica de Madrid (UPM), donde estuvo trabajando en el LST en el marco de proyectos de investigaci\u00f3n nacionales y europeos, como Project manager y consultor. Diplomado en Estudios Avanzados (DEA) dentro del programa de doctorado \u201cIngenier\u00eda biom\u00e9dica\u201d en la UPM y M\u00e1ster en Direcci\u00f3n de Proyectos Integrados por la Universidad de Barcelona (UB). Antes de incorporarse a Eurecat gestionado productos en el \u00e1mbito de Digital Health, ha desarrollado funciones en diversos puestos del mundo empresarial sanitario que van desde la gesti\u00f3n TI, pre-venta de soluciones tecnol\u00f3gicas, consultor\u00eda, business development, especialista de producto y gestor de proyectos de soluciones tecnol\u00f3gicas. Colabora como consultor en los estudios del M\u00e1ster de Telemedicina de la Universidat Oberta de Catalunya (UOC.)<\/p>\n<p><strong><a href=\"https:\/\/eurecat.org\/\">www.eurecat.org<\/a><\/strong> |\u00a0<a class=\"ProfileCard-screennameLink u-linkComplex js-nav\" href=\"https:\/\/twitter.com\/eKauriSafety\" data-aria-label-part=\"\"><span class=\"username u-dir\" dir=\"ltr\">@<b class=\"u-linkComplex-target\">eKauriSafety<\/b><\/span><\/a> | <a class=\"ProfileCard-screennameLink u-linkComplex js-nav\" href=\"https:\/\/twitter.com\/edelavega\" data-aria-label-part=\"\"><span class=\"username u-dir\" dir=\"ltr\">@<b class=\"u-linkComplex-target\">edelavega<\/b><\/span><\/a><\/p>\n<\/div><div class=\"fusion-clearfix\"><\/div><\/div><\/div><div class=\"fusion-layout-column fusion_builder_column fusion-builder-column-23 fusion_builder_column_1_5 1_5 fusion-one-fifth fusion-column-first\" style=\"--awb-padding-left:40px;--awb-bg-size:cover;width:20%;width:calc(20% - ( ( 4% ) * 0.2 ) );margin-right: 4%;\"><div class=\"fusion-column-wrapper fusion-flex-column-wrapper-legacy\"><div class=\"fusion-image-element fusion-image-align-center in-legacy-container\" style=\"text-align:center;--awb-caption-title-font-family:var(--h2_typography-font-family);--awb-caption-title-font-weight:var(--h2_typography-font-weight);--awb-caption-title-font-style:var(--h2_typography-font-style);--awb-caption-title-size:var(--h2_typography-font-size);--awb-caption-title-transform:var(--h2_typography-text-transform);--awb-caption-title-line-height:var(--h2_typography-line-height);--awb-caption-title-letter-spacing:var(--h2_typography-letter-spacing);\"><div class=\"imageframe-align-center\"><span class=\" fusion-imageframe imageframe-none imageframe-6 hover-type-none\"><img decoding=\"async\" width=\"455\" height=\"360\" title=\"Paqui-Gomez\" src=\"https:\/\/eurecat.org\/wp-content\/uploads\/2018\/03\/Paqui-Gomez.png\" alt class=\"img-responsive wp-image-54799\" srcset=\"https:\/\/eurecat.org\/wp-content\/uploads\/2018\/03\/Paqui-Gomez-200x158.png 200w, https:\/\/eurecat.org\/wp-content\/uploads\/2018\/03\/Paqui-Gomez-400x316.png 400w, https:\/\/eurecat.org\/wp-content\/uploads\/2018\/03\/Paqui-Gomez.png 455w\" sizes=\"(max-width: 800px) 100vw, 400px\" \/><\/span><\/div><\/div><div class=\"fusion-clearfix\"><\/div><\/div><\/div><div class=\"fusion-layout-column fusion_builder_column fusion-builder-column-24 fusion_builder_column_4_5 4_5 fusion-four-fifth fusion-column-last\" style=\"--awb-padding-left:0px;--awb-bg-size:cover;--awb-margin-top:30px;width:80%;width:calc(80% - ( ( 4% ) * 0.8 ) );\"><div class=\"fusion-column-wrapper fusion-flex-column-wrapper-legacy\"><div class=\"fusion-text fusion-text-27\"><h2><strong>Paqui G\u00f3mez &#8211;\u00a0Alzheimer Catalunya Fundaci\u00f3<\/strong><\/h2>\n<p>Paqui G\u00f3mez es Diplomada en Trabajo Social por la Universidad de Zaragoza y gerontolog\u00eda.<\/p>\n<p>Dedicada a acompa\u00f1ar a personas vulnerables desde hace m\u00e1s de 20 a\u00f1os. Desde 2003 colabora en varios proyectos de Alzheimer Catalunya. Anteriormente con una intensa experiencia como Asesora T\u00e9cnica en el desarrollo y ejecuci\u00f3n de proyectos sociales (I + D) y como Responsable de diferentes servicios dirigidos a Juventud y Mayores. Desde 1999 experta en dise\u00f1o y ejecuci\u00f3n de propuestas formativas dirigidas a profesionales del \u00e1mbito de la gerontolog\u00eda y la geriatr\u00eda por diferentes Organizaciones Universitarias y de la Administraci\u00f3n.<\/p>\n<p><strong><a href=\"https:\/\/alzheimercatalunya.org\/\"> www.alzheimercatalunya.org<\/a> |\u00a0 <a href=\"https:\/\/twitter.com\/Alzheimer_Cat\">@Alzheimer_Cat<\/a><\/strong><\/p>\n<\/div><div class=\"fusion-clearfix\"><\/div><\/div><\/div><div class=\"fusion-layout-column fusion_builder_column fusion-builder-column-25 fusion_builder_column_1_5 1_5 fusion-one-fifth fusion-column-first\" style=\"--awb-padding-left:40px;--awb-bg-size:cover;width:20%;width:calc(20% - ( ( 4% ) * 0.2 ) );margin-right: 4%;\"><div class=\"fusion-column-wrapper fusion-flex-column-wrapper-legacy\"><div class=\"fusion-image-element fusion-image-align-center in-legacy-container\" style=\"text-align:center;--awb-caption-title-font-family:var(--h2_typography-font-family);--awb-caption-title-font-weight:var(--h2_typography-font-weight);--awb-caption-title-font-style:var(--h2_typography-font-style);--awb-caption-title-size:var(--h2_typography-font-size);--awb-caption-title-transform:var(--h2_typography-text-transform);--awb-caption-title-line-height:var(--h2_typography-line-height);--awb-caption-title-letter-spacing:var(--h2_typography-letter-spacing);\"><div class=\"imageframe-align-center\"><span class=\" fusion-imageframe imageframe-none imageframe-7 hover-type-none\"><img decoding=\"async\" width=\"455\" height=\"360\" title=\"Eulalia-Cucurella\" src=\"https:\/\/eurecat.org\/wp-content\/uploads\/2018\/03\/Eulalia-Cucurella.png\" alt class=\"img-responsive wp-image-54810\" srcset=\"https:\/\/eurecat.org\/wp-content\/uploads\/2018\/03\/Eulalia-Cucurella-200x158.png 200w, https:\/\/eurecat.org\/wp-content\/uploads\/2018\/03\/Eulalia-Cucurella-400x316.png 400w, https:\/\/eurecat.org\/wp-content\/uploads\/2018\/03\/Eulalia-Cucurella.png 455w\" sizes=\"(max-width: 800px) 100vw, 400px\" \/><\/span><\/div><\/div><div class=\"fusion-clearfix\"><\/div><\/div><\/div><div class=\"fusion-layout-column fusion_builder_column fusion-builder-column-26 fusion_builder_column_4_5 4_5 fusion-four-fifth fusion-column-last\" style=\"--awb-padding-left:0px;--awb-bg-size:cover;--awb-margin-top:30px;width:80%;width:calc(80% - ( ( 4% ) * 0.8 ) );\"><div class=\"fusion-column-wrapper fusion-flex-column-wrapper-legacy\"><div class=\"fusion-text fusion-text-28\"><h2><strong>Eul\u00e0lia Cucurella &#8211;\u00a0Alzheimer Catalunya Fundaci\u00f3n<\/strong><\/h2>\n<p>Licenciada en Antropolog\u00eda Social y Cultural, Diplomada en Trabajo Social y Gerontolog\u00eda por la Universitat de Barcelona. Desde 1974 acompa\u00f1ando personas afectadas de demencia o con discapacidad ps\u00edquica, f\u00edsica o intelectual. Actualmente es la Presidenta de Alzheimer Catalunya. A lo largo de toda su trayectoria vital ha impartido clases y participado en diferentes congresos en toda Espa\u00f1a y el Extranjero (Francia, Brasil, M\u00e9xico, Andorra &#8230;). Ha participado en diferentes proyectos de investigaci\u00f3n nacionales y europeos. Miembro de diferentes Sociedades Cient\u00edficas y Asociaciones, recibe el Premio Firagran al 2004 por la incidencia en la mejora de la atenci\u00f3n a las personas mayores y el Premio ACRA 2006 a la trayectoria profesional.<\/p>\n<p><strong><a href=\"http:\/\/www.alzheimercatalunya.org\">www.alzheimercatalunya.org<\/a> |\u00a0<a href=\"https:\/\/twitter.com\/Alzheimer_Cat\">@Alzheimer_Cat<\/a><\/strong><\/p>\n<\/div><div class=\"fusion-clearfix\"><\/div><\/div><\/div><div class=\"fusion-layout-column fusion_builder_column fusion-builder-column-27 fusion_builder_column_1_5 1_5 fusion-one-fifth fusion-column-first\" style=\"--awb-padding-left:40px;--awb-bg-size:cover;width:20%;width:calc(20% - ( ( 4% ) * 0.2 ) );margin-right: 4%;\"><div class=\"fusion-column-wrapper fusion-flex-column-wrapper-legacy\"><div class=\"fusion-image-element fusion-image-align-center in-legacy-container\" style=\"text-align:center;--awb-caption-title-font-family:var(--h2_typography-font-family);--awb-caption-title-font-weight:var(--h2_typography-font-weight);--awb-caption-title-font-style:var(--h2_typography-font-style);--awb-caption-title-size:var(--h2_typography-font-size);--awb-caption-title-transform:var(--h2_typography-text-transform);--awb-caption-title-line-height:var(--h2_typography-line-height);--awb-caption-title-letter-spacing:var(--h2_typography-letter-spacing);\"><div class=\"imageframe-align-center\"><span class=\" fusion-imageframe imageframe-none imageframe-8 hover-type-none\"><img decoding=\"async\" width=\"455\" height=\"360\" title=\"Francesc-Torralba\" src=\"https:\/\/eurecat.org\/wp-content\/uploads\/2018\/03\/Francesc-Torralba.png\" alt class=\"img-responsive wp-image-54813\" srcset=\"https:\/\/eurecat.org\/wp-content\/uploads\/2018\/03\/Francesc-Torralba-200x158.png 200w, https:\/\/eurecat.org\/wp-content\/uploads\/2018\/03\/Francesc-Torralba-400x316.png 400w, https:\/\/eurecat.org\/wp-content\/uploads\/2018\/03\/Francesc-Torralba.png 455w\" sizes=\"(max-width: 800px) 100vw, 400px\" \/><\/span><\/div><\/div><div class=\"fusion-clearfix\"><\/div><\/div><\/div><div class=\"fusion-layout-column fusion_builder_column fusion-builder-column-28 fusion_builder_column_4_5 4_5 fusion-four-fifth fusion-column-last\" style=\"--awb-padding-left:0px;--awb-bg-size:cover;--awb-margin-top:30px;width:80%;width:calc(80% - ( ( 4% ) * 0.8 ) );\"><div class=\"fusion-column-wrapper fusion-flex-column-wrapper-legacy\"><div class=\"fusion-text fusion-text-29\"><h2><strong>Francesc Torralba &#8211;\u00a0Universitat Ramon Llull<\/strong><\/h2>\n<p>Francesc Torralba Rosell\u00f3 (Barcelona, \u200b\u200b1967) es doctor en Filosof\u00eda y en Teolog\u00eda. Dirige la C\u00e1tedra Ethos de la Universitat Ramon Llull y ense\u00f1a en diferentes instituciones superiores. Compagina su pasi\u00f3n por educar con la de escribir. Dirige el Ramon Llull Journal of Applied Ethics y el anuario Ars Brevis de la Fundaci\u00f3n Blanquerna. A lo largo de su trayectoria ha escrito m\u00e1s de sesenta libros, algunos de los cuales han sido premiados y traducidos a diferentes lenguas (castellano, franc\u00e9s, alem\u00e1n, italiano y rumano). Participa activamente en los medios de comunicaci\u00f3n: en Catalunya Radio y en TVE 2 y escribe en La Vanguardia y Avui. Entre sus obras m\u00e1s le\u00eddas, cabe destacar: El arte de saber escuchar (2006), El sentido de la vida (2008) y No pasar de largo (2010).<\/p>\n<p><strong><a href=\"http:\/\/www.francesctorralba.com\/\">www.francesctorralba.com<\/a> |\u00a0<a href=\"http:\/\/www.url.edu\/ethos\/ca\/\">www.url.edu\/ethos\/ca<\/a> |\u00a0<a href=\"https:\/\/twitter.com\/f_torralba\">@f_torralba<\/a> |\u00a0<a href=\"https:\/\/twitter.com\/CatedraEthos\">@CatedraEthos<\/a><\/strong><\/p>\n<\/div><div class=\"fusion-clearfix\"><\/div><\/div><\/div><div class=\"fusion-layout-column fusion_builder_column fusion-builder-column-29 fusion_builder_column_1_5 1_5 fusion-one-fifth fusion-column-first\" style=\"--awb-padding-left:40px;--awb-bg-size:cover;width:20%;width:calc(20% - ( ( 4% ) * 0.2 ) );margin-right: 4%;\"><div class=\"fusion-column-wrapper fusion-flex-column-wrapper-legacy\"><div class=\"fusion-image-element fusion-image-align-center in-legacy-container\" style=\"text-align:center;--awb-caption-title-font-family:var(--h2_typography-font-family);--awb-caption-title-font-weight:var(--h2_typography-font-weight);--awb-caption-title-font-style:var(--h2_typography-font-style);--awb-caption-title-size:var(--h2_typography-font-size);--awb-caption-title-transform:var(--h2_typography-text-transform);--awb-caption-title-line-height:var(--h2_typography-line-height);--awb-caption-title-letter-spacing:var(--h2_typography-letter-spacing);\"><div class=\"imageframe-align-center\"><span class=\" fusion-imageframe imageframe-none imageframe-9 hover-type-none\"><img decoding=\"async\" width=\"455\" height=\"360\" title=\"Ulises-Cortes\" src=\"https:\/\/eurecat.org\/wp-content\/uploads\/2018\/03\/Ulises-Cortes.png\" alt class=\"img-responsive wp-image-54816\" srcset=\"https:\/\/eurecat.org\/wp-content\/uploads\/2018\/03\/Ulises-Cortes-200x158.png 200w, https:\/\/eurecat.org\/wp-content\/uploads\/2018\/03\/Ulises-Cortes-400x316.png 400w, https:\/\/eurecat.org\/wp-content\/uploads\/2018\/03\/Ulises-Cortes.png 455w\" sizes=\"(max-width: 800px) 100vw, 400px\" \/><\/span><\/div><\/div><div class=\"fusion-clearfix\"><\/div><\/div><\/div><div class=\"fusion-layout-column fusion_builder_column fusion-builder-column-30 fusion_builder_column_4_5 4_5 fusion-four-fifth fusion-column-last\" style=\"--awb-padding-left:0px;--awb-bg-size:cover;--awb-margin-top:30px;width:80%;width:calc(80% - ( ( 4% ) * 0.8 ) );\"><div class=\"fusion-column-wrapper fusion-flex-column-wrapper-legacy\"><div class=\"fusion-text fusion-text-30\"><h2><strong>Ulises Cort\u00e9s &#8211;\u00a0Universitat Polit\u00e8cnica de Catalunya<\/strong><\/h2>\n<p>El Dr. Ulises Cort\u00e9s estudi\u00f3 ingenier\u00eda en el Instituto Tecnol\u00f3gico y de Estudios Superiores de Monterrey ITESM en 1982 y obtuvo su doctorado en la Universitat Polit\u00e8cnica de Catalunya en 1984; ha sido acad\u00e9mico durante m\u00e1s de 25 a\u00f1os.<\/p>\n<p>Actualmente es el Coordinador cient\u00edfico de Inteligencia Artificial de Alto Rendimiento y director de Relaciones Internacionales del Centro Nacional de Supercomputaci\u00f3n en Barcelona BSC donde forma parte de una red de expertos internacionales en el campo de la inteligencia artificial. El foco de su investigaci\u00f3n est\u00e1 en diversas \u00e1reas de la inteligencia artificial, incluyendo la adquisici\u00f3n del conocimiento y la formaci\u00f3n conceptual en sistemas basados en el conocimiento; m\u00e1quinas de aprendizaje y agentes aut\u00f3nomos inteligentes.<\/p>\n<p>El Dr. Cort\u00e9s ha hecho una contribuci\u00f3n muy significativa a la aplicaci\u00f3n del c\u00f3mputo en las \u00e1reas de la salud y la neurofisiolog\u00eda incluyendo el desarrollo de tecnolog\u00edas asistentes para apoyar ancianos y personas con discapacidades. En los \u00faltimos 5 a\u00f1os ha colaborado con colegas en pruebas para evaluar tanto los programas de auto-gesti\u00f3n para es dar apoyo a personas con demencia y los cuidadores como las tecnolog\u00edas para mejorar la detecci\u00f3n y prevenci\u00f3n de ca\u00eddas entre las personas mayores.<\/p>\n<p><strong><a href=\"http:\/\/www.lsi.upc.edu\/~ia\/\">www.lsi.upc.edu\/~ia<\/a> |\u00a0<a href=\"https:\/\/www.bsc.es\/\">www.bsc.es<\/a><\/strong><\/p>\n<\/div><div class=\"fusion-clearfix\"><\/div><\/div><\/div><div class=\"fusion-layout-column fusion_builder_column fusion-builder-column-31 fusion_builder_column_1_5 1_5 fusion-one-fifth fusion-column-first\" style=\"--awb-padding-left:40px;--awb-bg-size:cover;width:20%;width:calc(20% - ( ( 4% ) * 0.2 ) );margin-right: 4%;\"><div class=\"fusion-column-wrapper fusion-flex-column-wrapper-legacy\"><div class=\"fusion-image-element fusion-image-align-center in-legacy-container\" style=\"text-align:center;--awb-caption-title-font-family:var(--h2_typography-font-family);--awb-caption-title-font-weight:var(--h2_typography-font-weight);--awb-caption-title-font-style:var(--h2_typography-font-style);--awb-caption-title-size:var(--h2_typography-font-size);--awb-caption-title-transform:var(--h2_typography-text-transform);--awb-caption-title-line-height:var(--h2_typography-line-height);--awb-caption-title-letter-spacing:var(--h2_typography-letter-spacing);\"><div class=\"imageframe-align-center\"><span class=\" fusion-imageframe imageframe-none imageframe-10 hover-type-none\"><img decoding=\"async\" width=\"455\" height=\"360\" title=\"Xavier-Roig\u00e9\" src=\"https:\/\/eurecat.org\/wp-content\/uploads\/2018\/03\/Xavier-Roig\u00e9.png\" alt class=\"img-responsive wp-image-54839\" srcset=\"https:\/\/eurecat.org\/wp-content\/uploads\/2018\/03\/Xavier-Roig\u00e9-200x158.png 200w, https:\/\/eurecat.org\/wp-content\/uploads\/2018\/03\/Xavier-Roig\u00e9-400x316.png 400w, https:\/\/eurecat.org\/wp-content\/uploads\/2018\/03\/Xavier-Roig\u00e9.png 455w\" sizes=\"(max-width: 800px) 100vw, 400px\" \/><\/span><\/div><\/div><div class=\"fusion-clearfix\"><\/div><\/div><\/div><div class=\"fusion-layout-column fusion_builder_column fusion-builder-column-32 fusion_builder_column_4_5 4_5 fusion-four-fifth fusion-column-last\" style=\"--awb-padding-left:0px;--awb-bg-size:cover;--awb-margin-top:30px;width:80%;width:calc(80% - ( ( 4% ) * 0.8 ) );\"><div class=\"fusion-column-wrapper fusion-flex-column-wrapper-legacy\"><div class=\"fusion-text fusion-text-31\"><h2><strong>Xavier Roig\u00e9 &#8211; Universitat de Barcelona<\/strong><\/h2>\n<p>Doctor en Antropolog\u00eda Social y Cultural, Profesor Titular de Antropolog\u00eda Social en la universidad de Barcelona.<br \/>\nL\u00edneas de trabajo: Parentesco y Nuevas Familias, Patrimonio Cultural.<\/p>\n<p>Es doctor en Antropolog\u00eda Social, por la Universidad de Barcelona. Ha sido profesor en la Universidad de Lleida (1986-1992) y actualmente es profesor titular de Antropolog\u00eda en la UB. Ha sido decano de la Facultad de Geograf\u00eda e Historia y ahora es vicerrector de la UB. En el campo del estudio de la familia y el parentesco ha realizado investigaciones sobre el hogar y la familia en Catalu\u00f1a, sobre historia de la familia y sobre las transformaciones de la familia en Barcelona. Es autor de diferentes art\u00edculos y libros sobre familia y parentesco, cuidado y asistencia en el \u00e1mbito familiar y divorcio y recomposici\u00f3n familiar. Tambi\u00e9n ha realizado investigaciones en el campo del patrimonio cultural y ha comisariado exposiciones relacionadas con los estudios familiares.<\/p>\n<p><strong><a href=\"https:\/\/webgrec.ub.edu\/webpages\/personal\/cat\/000684_roige.ub.edu.html\">https:\/\/webgrec.ub.edu<\/a> | <a href=\"http:\/\/www.roige.cat\/\">www.roige.cat<\/a> |\u00a0<a class=\"ProfileHeaderCard-screennameLink u-linkComplex js-nav\" href=\"https:\/\/twitter.com\/XavierRoige\"><span class=\"username u-dir\" dir=\"ltr\">@XavierRoige<\/span><\/a><\/strong><\/p>\n<\/div><div class=\"fusion-clearfix\"><\/div><\/div><\/div><\/div><\/div><div class=\"fusion-fullwidth fullwidth-box fusion-builder-row-8 nonhundred-percent-fullwidth non-hundred-percent-height-scrolling\" style=\"--awb-border-radius-top-left:0px;--awb-border-radius-top-right:0px;--awb-border-radius-bottom-right:0px;--awb-border-radius-bottom-left:0px;--awb-padding-top:20px;--awb-padding-right:0px;--awb-padding-bottom:0px;--awb-padding-left:20px;--awb-background-color:#ffffff;--awb-border-sizes-top:0px;--awb-border-sizes-bottom:0px;--awb-flex-wrap:wrap;\" ><div class=\"fusion-builder-row fusion-row\"><div class=\"fusion-layout-column fusion_builder_column fusion-builder-column-33 fusion_builder_column_1_1 1_1 fusion-one-full fusion-column-first fusion-column-last\" style=\"--awb-padding-top:30px;--awb-padding-right:10px;--awb-padding-bottom:10px;--awb-padding-left:10px;--awb-bg-position:center center;--awb-bg-size:cover;--awb-margin-bottom:2px;\"><div class=\"fusion-column-wrapper fusion-flex-column-wrapper-legacy\"><div class=\"fusion-column-content-centered\"><div class=\"fusion-column-content\"><div class=\"fusion-text fusion-text-32\"><h2 style=\"text-align: center;\"><span style=\"color: #662483;\"><strong>Entidades Colaboradoras<\/strong><\/span><\/h2>\n<\/div><\/div><\/div><div class=\"fusion-clearfix\"><\/div><\/div><\/div><div class=\"fusion-layout-column fusion_builder_column fusion-builder-column-34 fusion_builder_column_1_6 1_6 fusion-one-sixth fusion-column-first\" style=\"--awb-padding-top:10px;--awb-padding-right:10px;--awb-padding-bottom:10px;--awb-padding-left:10px;--awb-bg-color:#ffffff;--awb-bg-color-hover:#ffffff;--awb-bg-position:center center;--awb-bg-size:cover;--awb-margin-bottom:2px;width:13.3333%; margin-right: 4%;\"><div class=\"fusion-column-wrapper fusion-flex-column-wrapper-legacy\"><div class=\"fusion-column-content-centered\"><div class=\"fusion-column-content\"><div class=\"fusion-image-element in-legacy-container\" style=\"--awb-caption-title-font-family:var(--h2_typography-font-family);--awb-caption-title-font-weight:var(--h2_typography-font-weight);--awb-caption-title-font-style:var(--h2_typography-font-style);--awb-caption-title-size:var(--h2_typography-font-size);--awb-caption-title-transform:var(--h2_typography-text-transform);--awb-caption-title-line-height:var(--h2_typography-line-height);--awb-caption-title-letter-spacing:var(--h2_typography-letter-spacing);\"><span class=\" fusion-imageframe imageframe-none imageframe-11 hover-type-none\"><a class=\"fusion-no-lightbox\" href=\"http:\/\/acidh.org\" target=\"_self\" aria-label=\"AcidH\"><img decoding=\"async\" width=\"300\" height=\"300\" src=\"https:\/\/eurecat.org\/wp-content\/uploads\/2018\/03\/AcidH.jpg\" alt class=\"img-responsive wp-image-54884\" srcset=\"https:\/\/eurecat.org\/wp-content\/uploads\/2018\/03\/AcidH-200x200.jpg 200w, https:\/\/eurecat.org\/wp-content\/uploads\/2018\/03\/AcidH.jpg 300w\" sizes=\"(max-width: 800px) 100vw, 200px\" \/><\/a><\/span><\/div><\/div><\/div><div class=\"fusion-clearfix\"><\/div><\/div><\/div><div class=\"fusion-layout-column fusion_builder_column fusion-builder-column-35 fusion_builder_column_1_6 1_6 fusion-one-sixth\" style=\"--awb-padding-top:10px;--awb-padding-right:10px;--awb-padding-bottom:10px;--awb-padding-left:10px;--awb-bg-color:#ffffff;--awb-bg-color-hover:#ffffff;--awb-bg-position:center center;--awb-bg-size:cover;--awb-margin-bottom:2px;width:13.3333%; margin-right: 4%;\"><div class=\"fusion-column-wrapper fusion-flex-column-wrapper-legacy\"><div class=\"fusion-column-content-centered\"><div class=\"fusion-column-content\"><div class=\"fusion-image-element in-legacy-container\" style=\"--awb-caption-title-font-family:var(--h2_typography-font-family);--awb-caption-title-font-weight:var(--h2_typography-font-weight);--awb-caption-title-font-style:var(--h2_typography-font-style);--awb-caption-title-size:var(--h2_typography-font-size);--awb-caption-title-transform:var(--h2_typography-text-transform);--awb-caption-title-line-height:var(--h2_typography-line-height);--awb-caption-title-letter-spacing:var(--h2_typography-letter-spacing);\"><span class=\" fusion-imageframe imageframe-none imageframe-12 hover-type-none\"><a class=\"fusion-no-lightbox\" href=\"http:\/\/via-guasp.com\" target=\"_self\" aria-label=\"Fundaci\u00f3_Via-Guasp\"><img decoding=\"async\" width=\"300\" height=\"300\" src=\"https:\/\/eurecat.org\/wp-content\/uploads\/2018\/03\/Fundaci\u00f3_Via-Guasp-2.jpg\" alt class=\"img-responsive wp-image-54893\" srcset=\"https:\/\/eurecat.org\/wp-content\/uploads\/2018\/03\/Fundaci\u00f3_Via-Guasp-2-200x200.jpg 200w, https:\/\/eurecat.org\/wp-content\/uploads\/2018\/03\/Fundaci\u00f3_Via-Guasp-2.jpg 300w\" sizes=\"(max-width: 800px) 100vw, 200px\" \/><\/a><\/span><\/div><\/div><\/div><div class=\"fusion-clearfix\"><\/div><\/div><\/div><div class=\"fusion-layout-column fusion_builder_column fusion-builder-column-36 fusion_builder_column_1_6 1_6 fusion-one-sixth\" style=\"--awb-padding-top:10px;--awb-padding-right:10px;--awb-padding-bottom:10px;--awb-padding-left:10px;--awb-bg-color:#ffffff;--awb-bg-color-hover:#ffffff;--awb-bg-position:center center;--awb-bg-size:cover;--awb-margin-bottom:2px;width:13.3333%; margin-right: 4%;\"><div class=\"fusion-column-wrapper fusion-flex-column-wrapper-legacy\"><div class=\"fusion-column-content-centered\"><div class=\"fusion-column-content\"><div class=\"fusion-image-element in-legacy-container\" style=\"--awb-caption-title-font-family:var(--h2_typography-font-family);--awb-caption-title-font-weight:var(--h2_typography-font-weight);--awb-caption-title-font-style:var(--h2_typography-font-style);--awb-caption-title-size:var(--h2_typography-font-size);--awb-caption-title-transform:var(--h2_typography-text-transform);--awb-caption-title-line-height:var(--h2_typography-line-height);--awb-caption-title-letter-spacing:var(--h2_typography-letter-spacing);\"><span class=\" fusion-imageframe imageframe-none imageframe-13 hover-type-none\"><a class=\"fusion-no-lightbox\" href=\"http:\/\/mutuam.cat\" target=\"_self\" aria-label=\"GrupMutuam\"><img decoding=\"async\" width=\"300\" height=\"300\" src=\"https:\/\/eurecat.org\/wp-content\/uploads\/2018\/04\/GrupMutuam.jpg\" alt class=\"img-responsive wp-image-55457\" srcset=\"https:\/\/eurecat.org\/wp-content\/uploads\/2018\/04\/GrupMutuam-200x200.jpg 200w, https:\/\/eurecat.org\/wp-content\/uploads\/2018\/04\/GrupMutuam.jpg 300w\" sizes=\"(max-width: 800px) 100vw, 200px\" \/><\/a><\/span><\/div><\/div><\/div><div class=\"fusion-clearfix\"><\/div><\/div><\/div><div class=\"fusion-layout-column fusion_builder_column fusion-builder-column-37 fusion_builder_column_1_6 1_6 fusion-one-sixth\" style=\"--awb-padding-top:10px;--awb-padding-right:10px;--awb-padding-bottom:10px;--awb-padding-left:10px;--awb-bg-color:#ffffff;--awb-bg-color-hover:#ffffff;--awb-bg-position:center center;--awb-bg-size:cover;--awb-margin-bottom:2px;width:13.3333%; margin-right: 4%;\"><div class=\"fusion-column-wrapper fusion-flex-column-wrapper-legacy\"><div class=\"fusion-column-content-centered\"><div class=\"fusion-column-content\"><div class=\"fusion-image-element in-legacy-container\" style=\"--awb-caption-title-font-family:var(--h2_typography-font-family);--awb-caption-title-font-weight:var(--h2_typography-font-weight);--awb-caption-title-font-style:var(--h2_typography-font-style);--awb-caption-title-size:var(--h2_typography-font-size);--awb-caption-title-transform:var(--h2_typography-text-transform);--awb-caption-title-line-height:var(--h2_typography-line-height);--awb-caption-title-letter-spacing:var(--h2_typography-letter-spacing);\"><span class=\" fusion-imageframe imageframe-none imageframe-14 hover-type-none\"><a class=\"fusion-no-lightbox\" href=\"http:\/\/www.tercersector.cat\/\" target=\"_self\" aria-label=\"m4Social\"><img decoding=\"async\" width=\"300\" height=\"300\" src=\"https:\/\/eurecat.org\/wp-content\/uploads\/2018\/04\/m4Social.jpg\" alt class=\"img-responsive wp-image-56761\" srcset=\"https:\/\/eurecat.org\/wp-content\/uploads\/2018\/04\/m4Social-200x200.jpg 200w, https:\/\/eurecat.org\/wp-content\/uploads\/2018\/04\/m4Social.jpg 300w\" sizes=\"(max-width: 800px) 100vw, 200px\" \/><\/a><\/span><\/div><\/div><\/div><div class=\"fusion-clearfix\"><\/div><\/div><\/div><div class=\"fusion-layout-column fusion_builder_column fusion-builder-column-38 fusion_builder_column_1_6 1_6 fusion-one-sixth\" style=\"--awb-padding-top:10px;--awb-padding-right:10px;--awb-padding-bottom:10px;--awb-padding-left:10px;--awb-bg-color:#ffffff;--awb-bg-color-hover:#ffffff;--awb-bg-position:center center;--awb-bg-size:cover;--awb-margin-bottom:2px;width:13.3333%; margin-right: 4%;\"><div class=\"fusion-column-wrapper fusion-flex-column-wrapper-legacy\"><div class=\"fusion-column-content-centered\"><div class=\"fusion-column-content\"><div class=\"fusion-image-element in-legacy-container\" style=\"--awb-caption-title-font-family:var(--h2_typography-font-family);--awb-caption-title-font-weight:var(--h2_typography-font-weight);--awb-caption-title-font-style:var(--h2_typography-font-style);--awb-caption-title-size:var(--h2_typography-font-size);--awb-caption-title-transform:var(--h2_typography-text-transform);--awb-caption-title-line-height:var(--h2_typography-line-height);--awb-caption-title-letter-spacing:var(--h2_typography-letter-spacing);\"><span class=\" fusion-imageframe imageframe-none imageframe-15 hover-type-none\"><a class=\"fusion-no-lightbox\" href=\"http:\/\/mutualmedica.com\/ca\/\" target=\"_self\" aria-label=\"MutualMedica\"><img decoding=\"async\" width=\"300\" height=\"300\" src=\"https:\/\/eurecat.org\/wp-content\/uploads\/2018\/03\/MutualMedica.jpg\" alt class=\"img-responsive wp-image-54896\" srcset=\"https:\/\/eurecat.org\/wp-content\/uploads\/2018\/03\/MutualMedica-200x200.jpg 200w, https:\/\/eurecat.org\/wp-content\/uploads\/2018\/03\/MutualMedica.jpg 300w\" sizes=\"(max-width: 800px) 100vw, 200px\" \/><\/a><\/span><\/div><\/div><\/div><div class=\"fusion-clearfix\"><\/div><\/div><\/div><div class=\"fusion-layout-column fusion_builder_column fusion-builder-column-39 fusion_builder_column_1_6 1_6 fusion-one-sixth fusion-column-last\" style=\"--awb-padding-top:10px;--awb-padding-right:10px;--awb-padding-bottom:10px;--awb-padding-left:10px;--awb-bg-color:#ffffff;--awb-bg-color-hover:#ffffff;--awb-bg-position:center center;--awb-bg-size:cover;--awb-margin-bottom:2px;width:13.3333%;\"><div class=\"fusion-column-wrapper fusion-flex-column-wrapper-legacy\"><div class=\"fusion-column-content-centered\"><div class=\"fusion-column-content\"><div class=\"fusion-image-element in-legacy-container\" style=\"--awb-caption-title-font-family:var(--h2_typography-font-family);--awb-caption-title-font-weight:var(--h2_typography-font-weight);--awb-caption-title-font-style:var(--h2_typography-font-style);--awb-caption-title-size:var(--h2_typography-font-size);--awb-caption-title-transform:var(--h2_typography-text-transform);--awb-caption-title-line-height:var(--h2_typography-line-height);--awb-caption-title-letter-spacing:var(--h2_typography-letter-spacing);\"><span class=\" fusion-imageframe imageframe-none imageframe-16 hover-type-none\"><a class=\"fusion-no-lightbox\" href=\"http:\/\/molinasfoundation.org\" target=\"_self\" aria-label=\"Ramon-Molina-Foundation\"><img decoding=\"async\" width=\"300\" height=\"300\" src=\"https:\/\/eurecat.org\/wp-content\/uploads\/2018\/03\/Ramon-Molina-Foundation.jpg\" alt class=\"img-responsive wp-image-54899\" srcset=\"https:\/\/eurecat.org\/wp-content\/uploads\/2018\/03\/Ramon-Molina-Foundation-200x200.jpg 200w, https:\/\/eurecat.org\/wp-content\/uploads\/2018\/03\/Ramon-Molina-Foundation.jpg 300w\" sizes=\"(max-width: 800px) 100vw, 200px\" \/><\/a><\/span><\/div><\/div><\/div><div class=\"fusion-clearfix\"><\/div><\/div><\/div><\/div><\/div><div class=\"fusion-fullwidth fullwidth-box fusion-builder-row-9 faded-background fusion-parallax-none nonhundred-percent-fullwidth non-hundred-percent-height-scrolling\" style=\"--awb-border-radius-top-left:0px;--awb-border-radius-top-right:0px;--awb-border-radius-bottom-right:0px;--awb-border-radius-bottom-left:0px;--awb-padding-top:150px;--awb-padding-right:0px;--awb-padding-bottom:150px;--awb-padding-left:0px;--awb-background-size:cover;--awb-border-sizes-top:0px;--awb-border-sizes-bottom:0px;--awb-flex-wrap:wrap;\" ><div class=\"fullwidth-faded\" style=\"--awb-background-image:url(https:\/\/eurecat.org\/wp-content\/uploads\/2018\/04\/mapa_CasalDelMetge.jpg);--awb-background-size:cover;\" ><\/div><div class=\"fusion-builder-row fusion-row\"><div class=\"fusion-layout-column fusion_builder_column fusion-builder-column-40 fusion_builder_column_1_1 1_1 fusion-one-full fusion-column-first fusion-column-last\" style=\"--awb-padding-top:10px;--awb-padding-right:10px;--awb-padding-bottom:10px;--awb-padding-left:10px;--awb-bg-position:center center;--awb-bg-size:cover;--awb-margin-bottom:2px;\"><div class=\"fusion-column-wrapper fusion-flex-column-wrapper-legacy\"><div class=\"fusion-column-content-centered\"><div class=\"fusion-column-content\"><\/div><\/div><div class=\"fusion-clearfix\"><\/div><\/div><\/div><\/div><\/div>\n","protected":false},"excerpt":{"rendered":"","protected":false},"author":21,"featured_media":0,"parent":2777,"menu_order":28,"comment_status":"closed","ping_status":"closed","template":"100-width.php","meta":{"footnotes":""},"class_list":["post-52988","page","type-page","status-publish","hentry"],"yoast_head":"<!-- This site is optimized with the Yoast SEO plugin v27.5 - https:\/\/yoast.com\/product\/yoast-seo-wordpress\/ -->\n<title>Jornada Innovaci\u00f3n Social: la tecnolog\u00eda avanza como un nuevo concepto<\/title>\n<meta name=\"description\" content=\"Jornada Innovaci\u00f3n Social: la tecnolog\u00eda avanza como un nuevo concepto\" \/>\n<meta name=\"robots\" content=\"index, follow, max-snippet:-1, max-image-preview:large, max-video-preview:-1\" \/>\n<link rel=\"canonical\" href=\"https:\/\/eurecat.org\/es\/servicios\/eurecatevents\/tecnologia-avanza\/\" \/>\n<meta property=\"og:locale\" content=\"es_ES\" \/>\n<meta property=\"og:type\" content=\"article\" \/>\n<meta property=\"og:title\" content=\"Jornada Innovaci\u00f3n Social: la tecnolog\u00eda avanza como un nuevo concepto\" \/>\n<meta property=\"og:description\" content=\"Jornada Innovaci\u00f3n Social: la tecnolog\u00eda avanza como un nuevo concepto\" \/>\n<meta property=\"og:url\" content=\"https:\/\/eurecat.org\/es\/servicios\/eurecatevents\/tecnologia-avanza\/\" \/>\n<meta property=\"og:site_name\" content=\"Eurecat\" \/>\n<meta property=\"article:modified_time\" content=\"2018-05-10T15:59:45+00:00\" \/>\n<meta property=\"og:image\" content=\"https:\/\/eurecat.org\/wp-content\/uploads\/2018\/03\/Organitzadors_1-600x166.jpg\" \/>\n<meta name=\"twitter:card\" content=\"summary_large_image\" \/>\n<meta name=\"twitter:label1\" content=\"Tiempo de lectura\" \/>\n\t<meta name=\"twitter:data1\" content=\"36 minutos\" \/>\n<script type=\"application\/ld+json\" class=\"yoast-schema-graph\">{\"@context\":\"https:\\\/\\\/schema.org\",\"@graph\":[{\"@type\":\"WebPage\",\"@id\":\"https:\\\/\\\/eurecat.org\\\/es\\\/servicios\\\/eurecatevents\\\/tecnologia-avanza\\\/\",\"url\":\"https:\\\/\\\/eurecat.org\\\/es\\\/servicios\\\/eurecatevents\\\/tecnologia-avanza\\\/\",\"name\":\"Jornada Innovaci\u00f3n Social: la tecnolog\u00eda avanza como un nuevo concepto\",\"isPartOf\":{\"@id\":\"https:\\\/\\\/eurecat.org\\\/es\\\/#website\"},\"primaryImageOfPage\":{\"@id\":\"https:\\\/\\\/eurecat.org\\\/es\\\/servicios\\\/eurecatevents\\\/tecnologia-avanza\\\/#primaryimage\"},\"image\":{\"@id\":\"https:\\\/\\\/eurecat.org\\\/es\\\/servicios\\\/eurecatevents\\\/tecnologia-avanza\\\/#primaryimage\"},\"thumbnailUrl\":\"https:\\\/\\\/eurecat.org\\\/wp-content\\\/uploads\\\/2018\\\/03\\\/Organitzadors_1-600x166.jpg\",\"datePublished\":\"2018-03-19T12:11:56+00:00\",\"dateModified\":\"2018-05-10T15:59:45+00:00\",\"description\":\"Jornada Innovaci\u00f3n Social: la tecnolog\u00eda avanza como un nuevo concepto\",\"breadcrumb\":{\"@id\":\"https:\\\/\\\/eurecat.org\\\/es\\\/servicios\\\/eurecatevents\\\/tecnologia-avanza\\\/#breadcrumb\"},\"inLanguage\":\"es\",\"potentialAction\":[{\"@type\":\"ReadAction\",\"target\":[\"https:\\\/\\\/eurecat.org\\\/es\\\/servicios\\\/eurecatevents\\\/tecnologia-avanza\\\/\"]}]},{\"@type\":\"ImageObject\",\"inLanguage\":\"es\",\"@id\":\"https:\\\/\\\/eurecat.org\\\/es\\\/servicios\\\/eurecatevents\\\/tecnologia-avanza\\\/#primaryimage\",\"url\":\"https:\\\/\\\/eurecat.org\\\/wp-content\\\/uploads\\\/2018\\\/03\\\/Organitzadors_1-600x166.jpg\",\"contentUrl\":\"https:\\\/\\\/eurecat.org\\\/wp-content\\\/uploads\\\/2018\\\/03\\\/Organitzadors_1-600x166.jpg\"},{\"@type\":\"BreadcrumbList\",\"@id\":\"https:\\\/\\\/eurecat.org\\\/es\\\/servicios\\\/eurecatevents\\\/tecnologia-avanza\\\/#breadcrumb\",\"itemListElement\":[{\"@type\":\"ListItem\",\"position\":1,\"name\":\"Inici\",\"item\":\"https:\\\/\\\/eurecat.org\\\/es\\\/\"},{\"@type\":\"ListItem\",\"position\":2,\"name\":\"Actividades\",\"item\":\"https:\\\/\\\/eurecat.org\\\/es\\\/servicios\\\/\"},{\"@type\":\"ListItem\",\"position\":3,\"name\":\"Esdeveniments Eurecat\",\"item\":\"https:\\\/\\\/eurecat.org\\\/es\\\/servicios\\\/eurecatevents\\\/\"},{\"@type\":\"ListItem\",\"position\":4,\"name\":\"La tecnologia avanza como un nuevo concepto de ayuda&#8230; \u00bfEstamos preparados?\"}]},{\"@type\":\"WebSite\",\"@id\":\"https:\\\/\\\/eurecat.org\\\/es\\\/#website\",\"url\":\"https:\\\/\\\/eurecat.org\\\/es\\\/\",\"name\":\"Eurecat\",\"description\":\"Otro sitio realizado con WordPress\",\"potentialAction\":[{\"@type\":\"SearchAction\",\"target\":{\"@type\":\"EntryPoint\",\"urlTemplate\":\"https:\\\/\\\/eurecat.org\\\/es\\\/?s={search_term_string}\"},\"query-input\":{\"@type\":\"PropertyValueSpecification\",\"valueRequired\":true,\"valueName\":\"search_term_string\"}}],\"inLanguage\":\"es\"}]}<\/script>\n<!-- \/ Yoast SEO plugin. -->","yoast_head_json":{"title":"Jornada Innovaci\u00f3n Social: la tecnolog\u00eda avanza como un nuevo concepto","description":"Jornada Innovaci\u00f3n Social: la tecnolog\u00eda avanza como un nuevo concepto","robots":{"index":"index","follow":"follow","max-snippet":"max-snippet:-1","max-image-preview":"max-image-preview:large","max-video-preview":"max-video-preview:-1"},"canonical":"https:\/\/eurecat.org\/es\/servicios\/eurecatevents\/tecnologia-avanza\/","og_locale":"es_ES","og_type":"article","og_title":"Jornada Innovaci\u00f3n Social: la tecnolog\u00eda avanza como un nuevo concepto","og_description":"Jornada Innovaci\u00f3n Social: la tecnolog\u00eda avanza como un nuevo concepto","og_url":"https:\/\/eurecat.org\/es\/servicios\/eurecatevents\/tecnologia-avanza\/","og_site_name":"Eurecat","article_modified_time":"2018-05-10T15:59:45+00:00","og_image":[{"url":"https:\/\/eurecat.org\/wp-content\/uploads\/2018\/03\/Organitzadors_1-600x166.jpg","type":"","width":"","height":""}],"twitter_card":"summary_large_image","twitter_misc":{"Tiempo de lectura":"36 minutos"},"schema":{"@context":"https:\/\/schema.org","@graph":[{"@type":"WebPage","@id":"https:\/\/eurecat.org\/es\/servicios\/eurecatevents\/tecnologia-avanza\/","url":"https:\/\/eurecat.org\/es\/servicios\/eurecatevents\/tecnologia-avanza\/","name":"Jornada Innovaci\u00f3n Social: la tecnolog\u00eda avanza como un nuevo concepto","isPartOf":{"@id":"https:\/\/eurecat.org\/es\/#website"},"primaryImageOfPage":{"@id":"https:\/\/eurecat.org\/es\/servicios\/eurecatevents\/tecnologia-avanza\/#primaryimage"},"image":{"@id":"https:\/\/eurecat.org\/es\/servicios\/eurecatevents\/tecnologia-avanza\/#primaryimage"},"thumbnailUrl":"https:\/\/eurecat.org\/wp-content\/uploads\/2018\/03\/Organitzadors_1-600x166.jpg","datePublished":"2018-03-19T12:11:56+00:00","dateModified":"2018-05-10T15:59:45+00:00","description":"Jornada Innovaci\u00f3n Social: la tecnolog\u00eda avanza como un nuevo concepto","breadcrumb":{"@id":"https:\/\/eurecat.org\/es\/servicios\/eurecatevents\/tecnologia-avanza\/#breadcrumb"},"inLanguage":"es","potentialAction":[{"@type":"ReadAction","target":["https:\/\/eurecat.org\/es\/servicios\/eurecatevents\/tecnologia-avanza\/"]}]},{"@type":"ImageObject","inLanguage":"es","@id":"https:\/\/eurecat.org\/es\/servicios\/eurecatevents\/tecnologia-avanza\/#primaryimage","url":"https:\/\/eurecat.org\/wp-content\/uploads\/2018\/03\/Organitzadors_1-600x166.jpg","contentUrl":"https:\/\/eurecat.org\/wp-content\/uploads\/2018\/03\/Organitzadors_1-600x166.jpg"},{"@type":"BreadcrumbList","@id":"https:\/\/eurecat.org\/es\/servicios\/eurecatevents\/tecnologia-avanza\/#breadcrumb","itemListElement":[{"@type":"ListItem","position":1,"name":"Inici","item":"https:\/\/eurecat.org\/es\/"},{"@type":"ListItem","position":2,"name":"Actividades","item":"https:\/\/eurecat.org\/es\/servicios\/"},{"@type":"ListItem","position":3,"name":"Esdeveniments Eurecat","item":"https:\/\/eurecat.org\/es\/servicios\/eurecatevents\/"},{"@type":"ListItem","position":4,"name":"La tecnologia avanza como un nuevo concepto de ayuda&#8230; \u00bfEstamos preparados?"}]},{"@type":"WebSite","@id":"https:\/\/eurecat.org\/es\/#website","url":"https:\/\/eurecat.org\/es\/","name":"Eurecat","description":"Otro sitio realizado con WordPress","potentialAction":[{"@type":"SearchAction","target":{"@type":"EntryPoint","urlTemplate":"https:\/\/eurecat.org\/es\/?s={search_term_string}"},"query-input":{"@type":"PropertyValueSpecification","valueRequired":true,"valueName":"search_term_string"}}],"inLanguage":"es"}]}},"_links":{"self":[{"href":"https:\/\/eurecat.org\/es\/wp-json\/wp\/v2\/pages\/52988","targetHints":{"allow":["GET"]}}],"collection":[{"href":"https:\/\/eurecat.org\/es\/wp-json\/wp\/v2\/pages"}],"about":[{"href":"https:\/\/eurecat.org\/es\/wp-json\/wp\/v2\/types\/page"}],"author":[{"embeddable":true,"href":"https:\/\/eurecat.org\/es\/wp-json\/wp\/v2\/users\/21"}],"replies":[{"embeddable":true,"href":"https:\/\/eurecat.org\/es\/wp-json\/wp\/v2\/comments?post=52988"}],"version-history":[{"count":0,"href":"https:\/\/eurecat.org\/es\/wp-json\/wp\/v2\/pages\/52988\/revisions"}],"up":[{"embeddable":true,"href":"https:\/\/eurecat.org\/es\/wp-json\/wp\/v2\/pages\/2777"}],"wp:attachment":[{"href":"https:\/\/eurecat.org\/es\/wp-json\/wp\/v2\/media?parent=52988"}],"curies":[{"name":"wp","href":"https:\/\/api.w.org\/{rel}","templated":true}]}}