{"id":62827,"date":"2018-05-31T10:39:39","date_gmt":"2018-05-31T08:39:39","guid":{"rendered":"https:\/\/eurecat.org\/?page_id=62827"},"modified":"2023-07-11T14:28:42","modified_gmt":"2023-07-11T12:28:42","slug":"becas-doctorado-vicente-lopez-old","status":"publish","type":"page","link":"https:\/\/eurecat.org\/es\/eurecat\/becas-doctorado-vicente-lopez-old\/","title":{"rendered":"Programa de Becas de Doctorado Vicente L\u00f3pez old"},"content":{"rendered":"<div class=\"fusion-fullwidth fullwidth-box fusion-builder-row-1 nonhundred-percent-fullwidth non-hundred-percent-height-scrolling\" style=\"--awb-border-radius-top-left:0px;--awb-border-radius-top-right:0px;--awb-border-radius-bottom-right:0px;--awb-border-radius-bottom-left:0px;--awb-padding-right:30px;--awb-padding-bottom:30px;--awb-padding-left:30px;--awb-flex-wrap:wrap;\" ><div class=\"fusion-builder-row fusion-row\"><div class=\"fusion-layout-column fusion_builder_column fusion-builder-column-0 fusion_builder_column_2_3 2_3 fusion-two-third fusion-column-first\" style=\"--awb-bg-size:cover;width:66.666666666667%;width:calc(66.666666666667% - ( ( 4% ) * 0.66666666666667 ) );margin-right: 4%;\"><div class=\"fusion-column-wrapper fusion-flex-column-wrapper-legacy\"><div class=\"fusion-text fusion-text-1\"><p><img decoding=\"async\" class=\"aligncenter wp-image-63261 size-large\" src=\"https:\/\/eurecat.org\/wp-content\/uploads\/2018\/06\/LOGO_vicentelopez_ESP-1160x467.png\" alt=\"\" width=\"1160\" height=\"467\" srcset=\"https:\/\/eurecat.org\/wp-content\/uploads\/2018\/06\/LOGO_vicentelopez_ESP-200x81.png 200w, https:\/\/eurecat.org\/wp-content\/uploads\/2018\/06\/LOGO_vicentelopez_ESP-300x121.png 300w, https:\/\/eurecat.org\/wp-content\/uploads\/2018\/06\/LOGO_vicentelopez_ESP-400x161.png 400w, https:\/\/eurecat.org\/wp-content\/uploads\/2018\/06\/LOGO_vicentelopez_ESP-600x242.png 600w, https:\/\/eurecat.org\/wp-content\/uploads\/2018\/06\/LOGO_vicentelopez_ESP-768x309.png 768w, https:\/\/eurecat.org\/wp-content\/uploads\/2018\/06\/LOGO_vicentelopez_ESP-800x322.png 800w, https:\/\/eurecat.org\/wp-content\/uploads\/2018\/06\/LOGO_vicentelopez_ESP-1160x467.png 1160w, https:\/\/eurecat.org\/wp-content\/uploads\/2018\/06\/LOGO_vicentelopez_ESP.png 1190w\" sizes=\"(max-width: 1160px) 100vw, 1160px\" \/><\/p>\n<\/div><div class=\"fusion-clearfix\"><\/div><\/div><\/div><div class=\"fusion-layout-column fusion_builder_column fusion-builder-column-1 fusion_builder_column_1_3 1_3 fusion-one-third fusion-column-last\" style=\"--awb-padding-top:30px;--awb-padding-bottom:30px;--awb-bg-color:#f2f2f2;--awb-bg-color-hover:#f2f2f2;--awb-bg-size:cover;width:33.333333333333%;width:calc(33.333333333333% - ( ( 4% ) * 0.33333333333333 ) );\"><div class=\"fusion-column-wrapper fusion-flex-column-wrapper-legacy\"><div class=\"fusion-text fusion-text-2\"><p style=\"text-align: center;\">El plazo de presentaci\u00f3n de candidaturas ha finalizado.<\/p>\n<p style=\"text-align: center;\">El proceso de selecci\u00f3n se realizar\u00e1 hasta el 20 de julio.<\/p>\n<p style=\"text-align: center;\">Los primeros diecisiete estudiantes se incorporar\u00e1n a la plantilla de Eurecat a partir del 1 de septiembre de 2018.<\/p>\n<\/div><div class=\"fusion-clearfix\"><\/div><\/div><\/div><\/div><\/div><div class=\"fusion-fullwidth fullwidth-box fusion-builder-row-2 nonhundred-percent-fullwidth non-hundred-percent-height-scrolling\" style=\"--awb-background-position:left top;--awb-border-radius-top-left:0px;--awb-border-radius-top-right:0px;--awb-border-radius-bottom-right:0px;--awb-border-radius-bottom-left:0px;--awb-padding-top:30px;--awb-padding-right:30px;--awb-padding-bottom:30px;--awb-padding-left:30px;--awb-border-sizes-top:0px;--awb-border-sizes-bottom:0px;--awb-flex-wrap:wrap;\" ><div class=\"fusion-builder-row fusion-row\"><div class=\"fusion-layout-column fusion_builder_column fusion-builder-column-2 fusion_builder_column_2_3 2_3 fusion-two-third fusion-column-first\" style=\"--awb-padding-left:30px;--awb-bg-size:cover;width:66.666666666667%;width:calc(66.666666666667% - ( ( 4% ) * 0.66666666666667 ) );margin-right: 4%;\"><div class=\"fusion-column-wrapper fusion-flex-column-wrapper-legacy\"><ul style=\"--awb-iconcolor:#3d6fb6;--awb-line-height:23.8px;--awb-icon-width:23.8px;--awb-icon-height:23.8px;--awb-icon-margin:9.8px;--awb-content-margin:33.6px;\" class=\"fusion-checklist fusion-checklist-1 fusion-checklist-default type-icons\"><li class=\"fusion-li-item\" style=\"\"><span class=\"icon-wrapper circle-no\"><i class=\"fusion-li-icon fa-chevron-right fas\" aria-hidden=\"true\"><\/i><\/span><div class=\"fusion-li-item-content\">\n<h2><strong>La convocatoria 2018 ofrecer\u00e1 un total de 17 contratos predoctorales en Eurecat.<\/strong><\/h2>\n<\/div><\/li><li class=\"fusion-li-item\" style=\"\"><span class=\"icon-wrapper circle-no\"><i class=\"fusion-li-icon fa-chevron-right fas\" aria-hidden=\"true\"><\/i><\/span><div class=\"fusion-li-item-content\">\n<h2><strong>La presentaci\u00f3n de las candidaturas se podr\u00e1 hacer del 1 de junio al 2 de julio.<\/strong><\/h2>\n<\/div><\/li><li class=\"fusion-li-item\" style=\"\"><span class=\"icon-wrapper circle-no\"><i class=\"fusion-li-icon fa-chevron-right fas\" aria-hidden=\"true\"><\/i><\/span><div class=\"fusion-li-item-content\">\n<h2><strong>El programa lleva el nombre del Dr. Vicente L\u00f3pez Mart\u00ednez por su aportaci\u00f3n al sistema catal\u00e1n de innovaci\u00f3n.<\/strong><\/h2>\n<\/div><\/li><\/ul><div class=\"fusion-sep-clear\"><\/div><div class=\"fusion-separator fusion-full-width-sep\" style=\"margin-left: auto;margin-right: auto;margin-top:15px;margin-bottom:15px;width:100%;\"><\/div><div class=\"fusion-sep-clear\"><\/div><div class=\"fusion-text fusion-text-3\"><p>El centro tecnol\u00f3gico\u00a0<a href=\"http:\/\/eurecat.org\/\">Eurecat<\/a> (miembro de Tecnio) \u00a0ha lanzado el programa \u201cVicente L\u00f3pez\u201d destinado al fomento de la realizaci\u00f3n de tesis doctorales en sus \u00e1reas industrial, digital y biotecnol\u00f3gica, con la finalidad de aumentar el conocimiento cient\u00edfico en aquellos \u00e1mbitos y favorecer as\u00ed la transferencia tecnol\u00f3gica hacia la industria.<\/p>\n<\/div><div class=\"fusion-sep-clear\"><\/div><div class=\"fusion-separator fusion-full-width-sep\" style=\"margin-left: auto;margin-right: auto;margin-top:15px;margin-bottom:15px;width:100%;\"><\/div><div class=\"fusion-sep-clear\"><\/div><div class=\"fusion-text fusion-text-4\"><h2><strong>Convocatoria:<\/strong><\/h2>\n<p>La convocatoria ofrecer\u00e1 para el 2018 un total de 17 contratos predoctorales en Eurecat, vinculados a la realizaci\u00f3n de tesis doctorales y con dedicaci\u00f3n a tiempo completo.<\/p>\n<\/div><div class=\"fusion-sep-clear\"><\/div><div class=\"fusion-separator fusion-full-width-sep\" style=\"margin-left: auto;margin-right: auto;margin-top:15px;margin-bottom:15px;width:100%;\"><\/div><div class=\"fusion-sep-clear\"><\/div><div class=\"fusion-text fusion-text-5\"><h2><strong>Fechas de inscripci\u00f3n:<\/strong><\/h2>\n<p>Las fechas de inscripci\u00f3n ser\u00e1n del 1 de junio al 2 de julio de 2018. El proceso de selecci\u00f3n se realizar\u00e1 entre el 25 de junio y el 20 de julio del 2018 y los primeros diecisietes estudiantes se incorporar\u00e1n a la plantilla de Eurecat a partir del 1 de septiembre 2018.<\/p>\n<\/div><div class=\"fusion-sep-clear\"><\/div><div class=\"fusion-separator fusion-full-width-sep\" style=\"margin-left: auto;margin-right: auto;margin-top:15px;margin-bottom:15px;width:100%;\"><\/div><div class=\"fusion-sep-clear\"><\/div><div class=\"fusion-text fusion-text-6\"><h2><strong>Tem\u00e1ticas:<\/strong><\/h2>\n<\/div><div class=\"fusion-builder-row fusion-builder-row-inner fusion-row\"><div class=\"fusion-layout-column fusion_builder_column_inner fusion-builder-nested-column-0 fusion_builder_column_inner_1_2 1_2 fusion-one-half fusion-column-first\" style=\"--awb-bg-size:cover;width:50%;width:calc(50% - ( ( 4% ) * 0.5 ) );margin-right: 4%;\"><div class=\"fusion-column-wrapper fusion-flex-column-wrapper-legacy\"><ul style=\"--awb-iconcolor:#3d6fb6;--awb-line-height:23.8px;--awb-icon-width:23.8px;--awb-icon-height:23.8px;--awb-icon-margin:9.8px;--awb-content-margin:33.6px;\" class=\"fusion-checklist fusion-checklist-2 fusion-checklist-default type-icons\"><li class=\"fusion-li-item\" style=\"\"><span class=\"icon-wrapper circle-no\"><i class=\"fusion-li-icon awb-icon-check\" aria-hidden=\"true\"><\/i><\/span><div class=\"fusion-li-item-content\">\n<h3>Valorizaci\u00f3n de datos.<\/h3>\n<\/div><\/li><li class=\"fusion-li-item\" style=\"\"><span class=\"icon-wrapper circle-no\"><i class=\"fusion-li-icon awb-icon-check\" aria-hidden=\"true\"><\/i><\/span><div class=\"fusion-li-item-content\">\n<h3>Detecci\u00f3n de noticias falsas.<\/h3>\n<\/div><\/li><li class=\"fusion-li-item\" style=\"\"><span class=\"icon-wrapper circle-no\"><i class=\"fusion-li-icon awb-icon-check\" aria-hidden=\"true\"><\/i><\/span><div class=\"fusion-li-item-content\">\n<h3>Criptograf\u00eda post-cu\u00e1ntica.<\/h3>\n<\/div><\/li><li class=\"fusion-li-item\" style=\"\"><span class=\"icon-wrapper circle-no\"><i class=\"fusion-li-icon awb-icon-check\" aria-hidden=\"true\"><\/i><\/span><div class=\"fusion-li-item-content\">\n<h3>Ciencia de los datos en industria y fabricaci\u00f3n.<\/h3>\n<\/div><\/li><li class=\"fusion-li-item\" style=\"\"><span class=\"icon-wrapper circle-no\"><i class=\"fusion-li-icon awb-icon-check\" aria-hidden=\"true\"><\/i><\/span><div class=\"fusion-li-item-content\">\n<h3>Anal\u00edtica de datos en medicina.<\/h3>\n<\/div><\/li><li class=\"fusion-li-item\" style=\"\"><span class=\"icon-wrapper circle-no\"><i class=\"fusion-li-icon awb-icon-check\" aria-hidden=\"true\"><\/i><\/span><div class=\"fusion-li-item-content\">\n<h3>Nuevas tecnolog\u00edas para la caracterizaci\u00f3n metab\u00f3lica individual dirigida a la personalizaci\u00f3n de la nutrici\u00f3n.<\/h3>\n<\/div><\/li><li class=\"fusion-li-item\" style=\"\"><span class=\"icon-wrapper circle-no\"><i class=\"fusion-li-icon awb-icon-check\" aria-hidden=\"true\"><\/i><\/span><div class=\"fusion-li-item-content\">\n<h3>Modificaciones post-traslacionales y respuestas metabol\u00f3micas.<\/h3>\n<\/div><\/li><li class=\"fusion-li-item\" style=\"\"><span class=\"icon-wrapper circle-no\"><i class=\"fusion-li-icon awb-icon-check\" aria-hidden=\"true\"><\/i><\/span><div class=\"fusion-li-item-content\">\n<h3>Condiciones de procesado \u00f3ptimas en termoformado de films y sobreinyecci\u00f3n con pol\u00edmeros termopl\u00e1sticos de los mismos.<\/h3>\n<\/div><\/li><\/ul><div class=\"fusion-clearfix\"><\/div><\/div><\/div><div class=\"fusion-layout-column fusion_builder_column_inner fusion-builder-nested-column-1 fusion_builder_column_inner_1_2 1_2 fusion-one-half fusion-column-last\" style=\"--awb-bg-size:cover;width:50%;width:calc(50% - ( ( 4% ) * 0.5 ) );\"><div class=\"fusion-column-wrapper fusion-flex-column-wrapper-legacy\"><ul style=\"--awb-iconcolor:#3d6fb6;--awb-line-height:23.8px;--awb-icon-width:23.8px;--awb-icon-height:23.8px;--awb-icon-margin:9.8px;--awb-content-margin:33.6px;\" class=\"fusion-checklist fusion-checklist-3 fusion-checklist-default type-icons\"><li class=\"fusion-li-item\" style=\"\"><span class=\"icon-wrapper circle-no\"><i class=\"fusion-li-icon awb-icon-check\" aria-hidden=\"true\"><\/i><\/span><div class=\"fusion-li-item-content\">\n<h3>Tecnolog\u00eda energ\u00e9tica, econom\u00eda circular.<\/h3>\n<\/div><\/li><li class=\"fusion-li-item\" style=\"\"><span class=\"icon-wrapper circle-no\"><i class=\"fusion-li-icon awb-icon-check\" aria-hidden=\"true\"><\/i><\/span><div class=\"fusion-li-item-content\">\n<h3>Aplicaci\u00f3n de materiales innovadores de vanguardia en la impresi\u00f3n de diodos electroluminiscentes.<\/h3>\n<\/div><\/li><li class=\"fusion-li-item\" style=\"\"><span class=\"icon-wrapper circle-no\"><i class=\"fusion-li-icon awb-icon-check\" aria-hidden=\"true\"><\/i><\/span><div class=\"fusion-li-item-content\">\n<h3>Investigaci\u00f3n en la fabricaci\u00f3n de piezas ligeras estructurales mediante RTM de alta cadencia productiva.<\/h3>\n<\/div><\/li><li class=\"fusion-li-item\" style=\"\"><span class=\"icon-wrapper circle-no\"><i class=\"fusion-li-icon awb-icon-check\" aria-hidden=\"true\"><\/i><\/span><div class=\"fusion-li-item-content\">\n<h3>Sensor fot\u00f3nico para la detecci\u00f3n de la calidad del agua.<\/h3>\n<\/div><\/li><li class=\"fusion-li-item\" style=\"\"><span class=\"icon-wrapper circle-no\"><i class=\"fusion-li-icon awb-icon-check\" aria-hidden=\"true\"><\/i><\/span><div class=\"fusion-li-item-content\">\n<h3>Bater\u00edas reversibles fotosint\u00e9ticas.<\/h3>\n<\/div><\/li><li class=\"fusion-li-item\" style=\"\"><span class=\"icon-wrapper circle-no\"><i class=\"fusion-li-icon awb-icon-check\" aria-hidden=\"true\"><\/i><\/span><div class=\"fusion-li-item-content\">\n<h3>Desarrollo de recubrimientos sobre aceros de alta resistencia para deposici\u00f3n electroqu\u00edmica en Deep Eutectic Solvents.<\/h3>\n<\/div><\/li><li class=\"fusion-li-item\" style=\"\"><span class=\"icon-wrapper circle-no\"><i class=\"fusion-li-icon awb-icon-check\" aria-hidden=\"true\"><\/i><\/span><div class=\"fusion-li-item-content\">\n<h3>Desarrollo de nueva metodolog\u00eda para dise\u00f1ar productos tecnol\u00f3gicos de alto valor basados en pol\u00edmeros con memoria de forma e impresi\u00f3n 3D.<\/h3>\n<\/div><\/li><li class=\"fusion-li-item\" style=\"\"><span class=\"icon-wrapper circle-no\"><i class=\"fusion-li-icon awb-icon-check\" aria-hidden=\"true\"><\/i><\/span><div class=\"fusion-li-item-content\">\n<h3>Localizaci\u00f3n y navegaci\u00f3n robusta en ambientes visualmente complejos.<\/h3>\n<\/div><\/li><li class=\"fusion-li-item\" style=\"\"><span class=\"icon-wrapper circle-no\"><i class=\"fusion-li-icon awb-icon-check\" aria-hidden=\"true\"><\/i><\/span><div class=\"fusion-li-item-content\">\n<h3>Recomendador adaptativo e inteligente para turistas.<\/h3>\n<\/div><\/li><\/ul><div class=\"fusion-clearfix\"><\/div><\/div><\/div><\/div><div class=\"fusion-sep-clear\"><\/div><div class=\"fusion-separator fusion-full-width-sep\" style=\"margin-left: auto;margin-right: auto;margin-top:15px;margin-bottom:15px;width:100%;\"><\/div><div class=\"fusion-sep-clear\"><\/div><div class=\"fusion-text fusion-text-7\"><h2><strong>Requerimientos para la solicitud de la beca:<\/strong><\/h2>\n<p>Los solicitantes tendr\u00e1n que estar en posesi\u00f3n de un grado y un m\u00e1ster universitario y haber superado un m\u00ednimo de 300 cr\u00e9ditos ECTS en el conjunto de estudios universitarios oficiales, de los cuales por lo menos 60 han de ser de nivel de m\u00e1ster. Tambi\u00e9n ser\u00e1n admitidas las personas que est\u00e9n matriculadas de un m\u00e1ster universitario oficial que les permita acceder al doctorado el curso 2018\/2019.<\/p>\n<p>Los solicitantes tendr\u00e1n que residir en Catalu\u00f1a durante la duraci\u00f3n del programa, con tal de permitir su participaci\u00f3n de forma presencial, excepto para las estancias de colaboraci\u00f3n con otras universidades o centros de investigaci\u00f3n para la elaboraci\u00f3n de su tesis.<\/p>\n<\/div><div class=\"fusion-sep-clear\"><\/div><div class=\"fusion-separator fusion-full-width-sep\" style=\"margin-left: auto;margin-right: auto;margin-top:15px;margin-bottom:15px;width:100%;\"><\/div><div class=\"fusion-sep-clear\"><\/div><div class=\"fusion-clearfix\"><\/div><\/div><\/div><div class=\"fusion-layout-column fusion_builder_column fusion-builder-column-3 fusion_builder_column_1_3 1_3 fusion-one-third fusion-column-last\" style=\"--awb-bg-size:cover;width:33.333333333333%;width:calc(33.333333333333% - ( ( 4% ) * 0.33333333333333 ) );\"><div class=\"fusion-column-wrapper fusion-flex-column-wrapper-legacy\"><div class=\"fusion-text fusion-text-8\"><p><img decoding=\"async\" class=\"aligncenter size-full wp-image-62979\" src=\"https:\/\/eurecat.org\/wp-content\/uploads\/2018\/06\/Vicente_Lopez_400x400px.jpg\" alt=\"Vicente L\u00f3pez Eurecat\" width=\"400\" height=\"400\" srcset=\"https:\/\/eurecat.org\/wp-content\/uploads\/2018\/06\/Vicente_Lopez_400x400px-66x66.jpg 66w, https:\/\/eurecat.org\/wp-content\/uploads\/2018\/06\/Vicente_Lopez_400x400px-150x150.jpg 150w, https:\/\/eurecat.org\/wp-content\/uploads\/2018\/06\/Vicente_Lopez_400x400px-200x200.jpg 200w, https:\/\/eurecat.org\/wp-content\/uploads\/2018\/06\/Vicente_Lopez_400x400px-300x300.jpg 300w, https:\/\/eurecat.org\/wp-content\/uploads\/2018\/06\/Vicente_Lopez_400x400px.jpg 400w\" sizes=\"(max-width: 400px) 100vw, 400px\" \/><\/p>\n<\/div><div class=\"fusion-sep-clear\"><\/div><div class=\"fusion-separator fusion-full-width-sep\" style=\"margin-left: auto;margin-right: auto;margin-top:20px;margin-bottom:20px;width:100%;\"><div class=\"fusion-separator-border sep-single sep-solid\" style=\"--awb-height:20px;--awb-amount:20px;--awb-sep-color:#f2f2f2;border-color:#f2f2f2;border-top-width:1px;\"><\/div><\/div><div class=\"fusion-sep-clear\"><\/div><div class=\"fusion-text fusion-text-9\"><h2><strong>Dr. Vicente L\u00f3pez<\/strong><\/h2>\n<p>El programa toma el nombre del doctor Vicente L\u00f3pez Mart\u00ednez por su aportaci\u00f3n al sistema catal\u00e1n de innovaci\u00f3n, donde trabaj\u00f3 intensamente promoviendo los v\u00ednculos entre las universidades, los centros tecnol\u00f3gicos y las empresas. Vicente L\u00f3pez fue fundador del Centro Tecnol\u00f3gico Barcelona Media, hoy integrado a Eurecat, y sobresali\u00f3 como investigador, gestor y emprendedor.<\/p>\n<\/div><div class=\"fusion-clearfix\"><\/div><\/div><\/div><div class=\"fusion-layout-column fusion_builder_column fusion-builder-column-4 fusion_builder_column_2_3 2_3 fusion-two-third fusion-column-first\" style=\"--awb-padding-top:10px;--awb-padding-right:10px;--awb-padding-bottom:10px;--awb-padding-left:10px;--awb-bg-color:#f2f2f2;--awb-bg-color-hover:#f2f2f2;--awb-bg-size:cover;width:66.666666666667%;width:calc(66.666666666667% - ( ( 4% ) * 0.66666666666667 ) );margin-right: 4%;\"><div class=\"fusion-column-wrapper fusion-flex-column-wrapper-legacy\"><div class=\"fusion-text fusion-text-10\"><h2><strong>Biograf\u00eda del doctor Vicente L\u00f3pez<\/strong><\/h2>\n<p><strong>Vicente L\u00f3pez Mart\u00ednez (1954 &#8211; 2012)<\/strong>\u00a0fue un gran promotor de la innovaci\u00f3n en Catalu\u00f1a apostando por la investigaci\u00f3n aplicada basada en el modelo universidades, centros tecnol\u00f3gicos y empresas. Fue fundador del centro tecnol\u00f3gico Barcelona Media, hoy en d\u00eda integrado en el centro tecnol\u00f3gico Eurecat, inicialmente como director general y m\u00e1s tarde como vicepresidente ejecutivo del centro. Fue, tambi\u00e9n, vicepresidente de la Federaci\u00f3n de Centros Tecnol\u00f3gicos FEDIT.<\/p>\n<p>Licenciado en Ciencias Qu\u00edmicas, obtuvo el doctorado en Qu\u00edmica Cu\u00e1ntica por la Universidad Aut\u00f3noma de Madrid (UAM). Se mantuvo activo como investigador a lo largo de su vida profesional, compaginando esta actividad con las de gestor y emprendedor. Fue investigador del Instituto Tecnol\u00f3gico de California (CALTECH), profesor titular en el Departamento de F\u00edsica Qu\u00edmica de la UAM, investigador y m\u00e1s tarde director t\u00e9cnico del Instituto de Ingenier\u00eda del Conocimiento (IIC) de la UAM, catedr\u00e1tico en el Departamento de Ciencias de la Computaci\u00f3n de la UAM y del Departamento de Tecnolog\u00edas de la Informaci\u00f3n y Comunicaciones de la Universitat Pompeu Fabra, publicando m\u00e1s de 50 art\u00edculos cient\u00edficos.<\/p>\n<p>Como emprendedor e innovador, Vicente cre\u00f3 y puso en marcha dos empresas tecnol\u00f3gicas para el grupo Prisa: Proel (publicidad electr\u00f3nica) e Inicia Comunicaciones (proveedora de servicios de internet y portales). Co-fundador y m\u00e1s tarde miembro del comit\u00e9 de direcci\u00f3n de Raditech, una empresa proveedora de servicios y productos de investigaci\u00f3n en Internet, fue miembro del consejo de Telef\u00f3nica y fund\u00f3 ImmSound, una empresa proveedora de productos de sonido inmersivo, donde ejerci\u00f3 como CEO y Presidente.\u00a0 Immsound fue, posteriormente, adquirida por Dolby.<\/p>\n<p>Vicente, adem\u00e1s de ser una persona carism\u00e1tica, pose\u00eda un gran sentido humanista que aplicaba en sus diversas actividades. Supo guiar Barcelona Media con compromiso, visi\u00f3n y trabajo constante desde sus comienzos y desde all\u00ed apoy\u00f3 e impuls\u00f3 el modelo de centro tecnol\u00f3gico como punto de encuentro entre las universidades, centros de investigaci\u00f3n y empresas, haciendo de puente entre la investigaci\u00f3n b\u00e1sica y su aplicaci\u00f3n industrial.<\/p>\n<\/div><div class=\"fusion-clearfix\"><\/div><\/div><\/div><\/div><\/div>\n","protected":false},"excerpt":{"rendered":"","protected":false},"author":12,"featured_media":63255,"parent":2715,"menu_order":0,"comment_status":"closed","ping_status":"closed","template":"100-width.php","meta":{"footnotes":""},"class_list":["post-62827","page","type-page","status-publish","has-post-thumbnail","hentry"],"yoast_head":"<!-- This site is optimized with the Yoast SEO plugin v27.4 - https:\/\/yoast.com\/product\/yoast-seo-wordpress\/ -->\n<title>Programa de Becas de Doctorado Vicente L\u00f3pez - Eurecat<\/title>\n<meta name=\"description\" content=\"El programa de becas de Doctorado es una propuesta de Eurecat Centro Tecnol\u00f3gico de Catalu\u00f1a para impulsar las propuestas de los investigadores que quieren desarrollar su tesis doctoral en campos de investigaci\u00f3n en los que el centro tiene competencias.\" \/>\n<meta name=\"robots\" content=\"noindex, nofollow\" \/>\n<meta property=\"og:locale\" content=\"es_ES\" \/>\n<meta property=\"og:type\" content=\"article\" \/>\n<meta property=\"og:title\" content=\"Programa de Becas de Doctorado Vicente L\u00f3pez - Eurecat\" \/>\n<meta property=\"og:description\" content=\"El programa de becas de Doctorado es una propuesta de Eurecat Centro Tecnol\u00f3gico de Catalu\u00f1a para impulsar las propuestas de los investigadores que quieren desarrollar su tesis doctoral en campos de investigaci\u00f3n en los que el centro tiene competencias.\" \/>\n<meta property=\"og:url\" content=\"https:\/\/eurecat.org\/es\/eurecat\/becas-doctorado-vicente-lopez-old\/\" \/>\n<meta property=\"og:site_name\" content=\"Eurecat\" \/>\n<meta property=\"article:modified_time\" content=\"2023-07-11T12:28:42+00:00\" \/>\n<meta property=\"og:image\" content=\"https:\/\/eurecat.org\/wp-content\/uploads\/2018\/06\/LOGO_vicentelopez_ESP_520x272_ESP.jpg\" \/>\n\t<meta property=\"og:image:width\" content=\"520\" \/>\n\t<meta property=\"og:image:height\" content=\"272\" \/>\n\t<meta property=\"og:image:type\" content=\"image\/jpeg\" \/>\n<meta name=\"twitter:card\" content=\"summary_large_image\" \/>\n<meta name=\"twitter:label1\" content=\"Tiempo de lectura\" \/>\n\t<meta name=\"twitter:data1\" content=\"9 minutos\" \/>\n<script type=\"application\/ld+json\" class=\"yoast-schema-graph\">{\"@context\":\"https:\\\/\\\/schema.org\",\"@graph\":[{\"@type\":\"WebPage\",\"@id\":\"https:\\\/\\\/eurecat.org\\\/es\\\/eurecat\\\/becas-doctorado-vicente-lopez-old\\\/\",\"url\":\"https:\\\/\\\/eurecat.org\\\/es\\\/eurecat\\\/becas-doctorado-vicente-lopez-old\\\/\",\"name\":\"Programa de Becas de Doctorado Vicente L\u00f3pez - Eurecat\",\"isPartOf\":{\"@id\":\"https:\\\/\\\/eurecat.org\\\/es\\\/#website\"},\"primaryImageOfPage\":{\"@id\":\"https:\\\/\\\/eurecat.org\\\/es\\\/eurecat\\\/becas-doctorado-vicente-lopez-old\\\/#primaryimage\"},\"image\":{\"@id\":\"https:\\\/\\\/eurecat.org\\\/es\\\/eurecat\\\/becas-doctorado-vicente-lopez-old\\\/#primaryimage\"},\"thumbnailUrl\":\"https:\\\/\\\/eurecat.org\\\/wp-content\\\/uploads\\\/2018\\\/06\\\/LOGO_vicentelopez_ESP_520x272_ESP.jpg\",\"datePublished\":\"2018-05-31T08:39:39+00:00\",\"dateModified\":\"2023-07-11T12:28:42+00:00\",\"description\":\"El programa de becas de Doctorado es una propuesta de Eurecat Centro Tecnol\u00f3gico de Catalu\u00f1a para impulsar las propuestas de los investigadores que quieren desarrollar su tesis doctoral en campos de investigaci\u00f3n en los que el centro tiene competencias.\",\"breadcrumb\":{\"@id\":\"https:\\\/\\\/eurecat.org\\\/es\\\/eurecat\\\/becas-doctorado-vicente-lopez-old\\\/#breadcrumb\"},\"inLanguage\":\"es\",\"potentialAction\":[{\"@type\":\"ReadAction\",\"target\":[\"https:\\\/\\\/eurecat.org\\\/es\\\/eurecat\\\/becas-doctorado-vicente-lopez-old\\\/\"]}]},{\"@type\":\"ImageObject\",\"inLanguage\":\"es\",\"@id\":\"https:\\\/\\\/eurecat.org\\\/es\\\/eurecat\\\/becas-doctorado-vicente-lopez-old\\\/#primaryimage\",\"url\":\"https:\\\/\\\/eurecat.org\\\/wp-content\\\/uploads\\\/2018\\\/06\\\/LOGO_vicentelopez_ESP_520x272_ESP.jpg\",\"contentUrl\":\"https:\\\/\\\/eurecat.org\\\/wp-content\\\/uploads\\\/2018\\\/06\\\/LOGO_vicentelopez_ESP_520x272_ESP.jpg\",\"width\":\"520\",\"height\":\"272\",\"caption\":\"vicente lopez\"},{\"@type\":\"BreadcrumbList\",\"@id\":\"https:\\\/\\\/eurecat.org\\\/es\\\/eurecat\\\/becas-doctorado-vicente-lopez-old\\\/#breadcrumb\",\"itemListElement\":[{\"@type\":\"ListItem\",\"position\":1,\"name\":\"Inici\",\"item\":\"https:\\\/\\\/eurecat.org\\\/es\\\/\"},{\"@type\":\"ListItem\",\"position\":2,\"name\":\"Eurecat\",\"item\":\"https:\\\/\\\/eurecat.org\\\/es\\\/eurecat\\\/\"},{\"@type\":\"ListItem\",\"position\":3,\"name\":\"Programa de Becas de Doctorado Vicente L\u00f3pez old\"}]},{\"@type\":\"WebSite\",\"@id\":\"https:\\\/\\\/eurecat.org\\\/es\\\/#website\",\"url\":\"https:\\\/\\\/eurecat.org\\\/es\\\/\",\"name\":\"Eurecat\",\"description\":\"Otro sitio realizado con WordPress\",\"potentialAction\":[{\"@type\":\"SearchAction\",\"target\":{\"@type\":\"EntryPoint\",\"urlTemplate\":\"https:\\\/\\\/eurecat.org\\\/es\\\/?s={search_term_string}\"},\"query-input\":{\"@type\":\"PropertyValueSpecification\",\"valueRequired\":true,\"valueName\":\"search_term_string\"}}],\"inLanguage\":\"es\"}]}<\/script>\n<!-- \/ Yoast SEO plugin. -->","yoast_head_json":{"title":"Programa de Becas de Doctorado Vicente L\u00f3pez - Eurecat","description":"El programa de becas de Doctorado es una propuesta de Eurecat Centro Tecnol\u00f3gico de Catalu\u00f1a para impulsar las propuestas de los investigadores que quieren desarrollar su tesis doctoral en campos de investigaci\u00f3n en los que el centro tiene competencias.","robots":{"index":"noindex","follow":"nofollow"},"og_locale":"es_ES","og_type":"article","og_title":"Programa de Becas de Doctorado Vicente L\u00f3pez - Eurecat","og_description":"El programa de becas de Doctorado es una propuesta de Eurecat Centro Tecnol\u00f3gico de Catalu\u00f1a para impulsar las propuestas de los investigadores que quieren desarrollar su tesis doctoral en campos de investigaci\u00f3n en los que el centro tiene competencias.","og_url":"https:\/\/eurecat.org\/es\/eurecat\/becas-doctorado-vicente-lopez-old\/","og_site_name":"Eurecat","article_modified_time":"2023-07-11T12:28:42+00:00","og_image":[{"width":520,"height":272,"url":"https:\/\/eurecat.org\/wp-content\/uploads\/2018\/06\/LOGO_vicentelopez_ESP_520x272_ESP.jpg","type":"image\/jpeg"}],"twitter_card":"summary_large_image","twitter_misc":{"Tiempo de lectura":"9 minutos"},"schema":{"@context":"https:\/\/schema.org","@graph":[{"@type":"WebPage","@id":"https:\/\/eurecat.org\/es\/eurecat\/becas-doctorado-vicente-lopez-old\/","url":"https:\/\/eurecat.org\/es\/eurecat\/becas-doctorado-vicente-lopez-old\/","name":"Programa de Becas de Doctorado Vicente L\u00f3pez - Eurecat","isPartOf":{"@id":"https:\/\/eurecat.org\/es\/#website"},"primaryImageOfPage":{"@id":"https:\/\/eurecat.org\/es\/eurecat\/becas-doctorado-vicente-lopez-old\/#primaryimage"},"image":{"@id":"https:\/\/eurecat.org\/es\/eurecat\/becas-doctorado-vicente-lopez-old\/#primaryimage"},"thumbnailUrl":"https:\/\/eurecat.org\/wp-content\/uploads\/2018\/06\/LOGO_vicentelopez_ESP_520x272_ESP.jpg","datePublished":"2018-05-31T08:39:39+00:00","dateModified":"2023-07-11T12:28:42+00:00","description":"El programa de becas de Doctorado es una propuesta de Eurecat Centro Tecnol\u00f3gico de Catalu\u00f1a para impulsar las propuestas de los investigadores que quieren desarrollar su tesis doctoral en campos de investigaci\u00f3n en los que el centro tiene competencias.","breadcrumb":{"@id":"https:\/\/eurecat.org\/es\/eurecat\/becas-doctorado-vicente-lopez-old\/#breadcrumb"},"inLanguage":"es","potentialAction":[{"@type":"ReadAction","target":["https:\/\/eurecat.org\/es\/eurecat\/becas-doctorado-vicente-lopez-old\/"]}]},{"@type":"ImageObject","inLanguage":"es","@id":"https:\/\/eurecat.org\/es\/eurecat\/becas-doctorado-vicente-lopez-old\/#primaryimage","url":"https:\/\/eurecat.org\/wp-content\/uploads\/2018\/06\/LOGO_vicentelopez_ESP_520x272_ESP.jpg","contentUrl":"https:\/\/eurecat.org\/wp-content\/uploads\/2018\/06\/LOGO_vicentelopez_ESP_520x272_ESP.jpg","width":"520","height":"272","caption":"vicente lopez"},{"@type":"BreadcrumbList","@id":"https:\/\/eurecat.org\/es\/eurecat\/becas-doctorado-vicente-lopez-old\/#breadcrumb","itemListElement":[{"@type":"ListItem","position":1,"name":"Inici","item":"https:\/\/eurecat.org\/es\/"},{"@type":"ListItem","position":2,"name":"Eurecat","item":"https:\/\/eurecat.org\/es\/eurecat\/"},{"@type":"ListItem","position":3,"name":"Programa de Becas de Doctorado Vicente L\u00f3pez old"}]},{"@type":"WebSite","@id":"https:\/\/eurecat.org\/es\/#website","url":"https:\/\/eurecat.org\/es\/","name":"Eurecat","description":"Otro sitio realizado con WordPress","potentialAction":[{"@type":"SearchAction","target":{"@type":"EntryPoint","urlTemplate":"https:\/\/eurecat.org\/es\/?s={search_term_string}"},"query-input":{"@type":"PropertyValueSpecification","valueRequired":true,"valueName":"search_term_string"}}],"inLanguage":"es"}]}},"_links":{"self":[{"href":"https:\/\/eurecat.org\/es\/wp-json\/wp\/v2\/pages\/62827","targetHints":{"allow":["GET"]}}],"collection":[{"href":"https:\/\/eurecat.org\/es\/wp-json\/wp\/v2\/pages"}],"about":[{"href":"https:\/\/eurecat.org\/es\/wp-json\/wp\/v2\/types\/page"}],"author":[{"embeddable":true,"href":"https:\/\/eurecat.org\/es\/wp-json\/wp\/v2\/users\/12"}],"replies":[{"embeddable":true,"href":"https:\/\/eurecat.org\/es\/wp-json\/wp\/v2\/comments?post=62827"}],"version-history":[{"count":1,"href":"https:\/\/eurecat.org\/es\/wp-json\/wp\/v2\/pages\/62827\/revisions"}],"predecessor-version":[{"id":138093,"href":"https:\/\/eurecat.org\/es\/wp-json\/wp\/v2\/pages\/62827\/revisions\/138093"}],"up":[{"embeddable":true,"href":"https:\/\/eurecat.org\/es\/wp-json\/wp\/v2\/pages\/2715"}],"wp:featuredmedia":[{"embeddable":true,"href":"https:\/\/eurecat.org\/es\/wp-json\/wp\/v2\/media\/63255"}],"wp:attachment":[{"href":"https:\/\/eurecat.org\/es\/wp-json\/wp\/v2\/media?parent=62827"}],"curies":[{"name":"wp","href":"https:\/\/api.w.org\/{rel}","templated":true}]}}