{"id":65105,"date":"2018-07-17T13:42:24","date_gmt":"2018-07-17T11:42:24","guid":{"rendered":"https:\/\/eurecat.org\/?page_id=65105"},"modified":"2025-06-19T15:31:21","modified_gmt":"2025-06-19T13:31:21","slug":"notas-prensa","status":"publish","type":"page","link":"https:\/\/eurecat.org\/es\/actualidad\/notas-prensa\/","title":{"rendered":"Notas de prensa"},"content":{"rendered":"<div class=\"fusion-fullwidth fullwidth-box fusion-builder-row-1 fusion-flex-container has-pattern-background has-mask-background fusion-parallax-none nonhundred-percent-fullwidth non-hundred-percent-height-scrolling eu_2024 section-hero section-color-transparent\" style=\"--awb-border-radius-top-left:0px;--awb-border-radius-top-right:0px;--awb-border-radius-bottom-right:0px;--awb-border-radius-bottom-left:0px;--awb-background-color:rgba(0,0,0,0.37);--awb-background-image:url(&quot;https:\/\/eurecat.org\/wp-content\/uploads\/2025\/03\/sala-premsa_header.jpg&quot;);--awb-background-size:cover;--awb-flex-wrap:wrap;\" ><div class=\"fusion-builder-row fusion-row fusion-flex-align-items-flex-start fusion-flex-content-wrap\" style=\"max-width:1424.8px;margin-left: calc(-4% \/ 2 );margin-right: calc(-4% \/ 2 );\"><div class=\"fusion-layout-column fusion_builder_column fusion-builder-column-0 fusion_builder_column_1_1 1_1 fusion-flex-column\" style=\"--awb-bg-size:cover;--awb-width-large:100%;--awb-margin-top-large:0px;--awb-spacing-right-large:1.92%;--awb-margin-bottom-large:20px;--awb-spacing-left-large:1.92%;--awb-width-medium:100%;--awb-order-medium:0;--awb-spacing-right-medium:1.92%;--awb-spacing-left-medium:1.92%;--awb-width-small:100%;--awb-order-small:0;--awb-spacing-right-small:1.92%;--awb-spacing-left-small:1.92%;\" data-scroll-devices=\"small-visibility,medium-visibility,large-visibility\"><div class=\"fusion-column-wrapper fusion-column-has-shadow fusion-flex-justify-content-flex-start fusion-content-layout-column\"><div class=\"fusion-text fusion-text-1\"><p>Actualidad<\/p>\n<h1>Sala de prensa<\/h1>\n<\/div><\/div><\/div><\/div><\/div><div class=\"fusion-fullwidth fullwidth-box fusion-builder-row-2 fusion-flex-container has-pattern-background has-mask-background nonhundred-percent-fullwidth non-hundred-percent-height-scrolling eu_2024 section-news\" style=\"--awb-border-radius-top-left:0px;--awb-border-radius-top-right:0px;--awb-border-radius-bottom-right:0px;--awb-border-radius-bottom-left:0px;--awb-padding-top:50px;--awb-padding-bottom:10px;--awb-flex-wrap:wrap;\" ><div class=\"fusion-builder-row fusion-row fusion-flex-align-items-flex-start fusion-flex-content-wrap\" style=\"max-width:1424.8px;margin-left: calc(-4% \/ 2 );margin-right: calc(-4% \/ 2 );\"><div class=\"fusion-layout-column fusion_builder_column fusion-builder-column-1 fusion_builder_column_1_1 1_1 fusion-flex-column\" style=\"--awb-bg-size:cover;--awb-width-large:100%;--awb-margin-top-large:0px;--awb-spacing-right-large:1.92%;--awb-margin-bottom-large:20px;--awb-spacing-left-large:1.92%;--awb-width-medium:100%;--awb-order-medium:0;--awb-spacing-right-medium:1.92%;--awb-spacing-left-medium:1.92%;--awb-width-small:100%;--awb-order-small:0;--awb-spacing-right-small:1.92%;--awb-spacing-left-small:1.92%;\" data-scroll-devices=\"small-visibility,medium-visibility,large-visibility\"><div class=\"fusion-column-wrapper fusion-column-has-shadow fusion-flex-justify-content-flex-start fusion-content-layout-column\"><div class=\"fusion-recent-posts fusion-recent-posts-1 avada-container layout-default layout-columns-3\"><section class=\"fusion-columns columns fusion-columns-3 columns-3\"><article class=\"post fusion-column column col col-lg-4 col-md-4 col-sm-4\"><div class=\"fusion-flexslider fusion-flexslider-loading flexslider flexslider-hover-type-liftup\"><ul class=\"slides\"><li><a href=\"https:\/\/eurecat.org\/es\/el-centro-tecnologico-eurecat-amplia-sus-capacidades-para-la-fabricacion-de-textiles-mas-circulares-reciclables-y-funcionales\/\" aria-label=\"El centro tecnol\u00f3gico Eurecat ampl\u00eda sus capacidades para la fabricaci\u00f3n de textiles m\u00e1s circulares, reciclables y funcionales\" class=\"hover-type-liftup\"><img decoding=\"async\" width=\"700\" height=\"441\" src=\"https:\/\/eurecat.org\/wp-content\/uploads\/2026\/04\/26_techtextil1-700x441.jpg\" class=\"attachment-recent-posts size-recent-posts\" alt=\"\" srcset=\"https:\/\/eurecat.org\/wp-content\/uploads\/2026\/04\/26_techtextil1-320x202.jpg 320w, https:\/\/eurecat.org\/wp-content\/uploads\/2026\/04\/26_techtextil1-700x441.jpg 700w\" sizes=\"(max-width: 700px) 100vw, 700px\" \/><\/a><\/li><li><a href=\"https:\/\/eurecat.org\/es\/el-centro-tecnologico-eurecat-amplia-sus-capacidades-para-la-fabricacion-de-textiles-mas-circulares-reciclables-y-funcionales\/\" aria-label=\"El centro tecnol\u00f3gico Eurecat ampl\u00eda sus capacidades para la fabricaci\u00f3n de textiles m\u00e1s circulares, reciclables y funcionales\" class=\"hover-type-liftup\"><img decoding=\"async\" width=\"700\" height=\"441\" src=\"https:\/\/eurecat.org\/wp-content\/uploads\/2026\/04\/26_techtextil2-700x441.jpg\" class=\"attachment-recent-posts size-recent-posts\" alt=\"\" srcset=\"https:\/\/eurecat.org\/wp-content\/uploads\/2026\/04\/26_techtextil2-320x202.jpg 320w, https:\/\/eurecat.org\/wp-content\/uploads\/2026\/04\/26_techtextil2-700x441.jpg 700w\" sizes=\"(max-width: 700px) 100vw, 700px\" \/><\/a><\/li><li><a href=\"https:\/\/eurecat.org\/es\/el-centro-tecnologico-eurecat-amplia-sus-capacidades-para-la-fabricacion-de-textiles-mas-circulares-reciclables-y-funcionales\/\" aria-label=\"El centro tecnol\u00f3gico Eurecat ampl\u00eda sus capacidades para la fabricaci\u00f3n de textiles m\u00e1s circulares, reciclables y funcionales\" class=\"hover-type-liftup\"><img decoding=\"async\" width=\"700\" height=\"441\" src=\"https:\/\/eurecat.org\/wp-content\/uploads\/2026\/04\/26_techtextil3-700x441.jpg\" class=\"attachment-recent-posts size-recent-posts\" alt=\"\" srcset=\"https:\/\/eurecat.org\/wp-content\/uploads\/2026\/04\/26_techtextil3-320x202.jpg 320w, https:\/\/eurecat.org\/wp-content\/uploads\/2026\/04\/26_techtextil3-700x441.jpg 700w\" sizes=\"(max-width: 700px) 100vw, 700px\" \/><\/a><\/li><li><a href=\"https:\/\/eurecat.org\/es\/el-centro-tecnologico-eurecat-amplia-sus-capacidades-para-la-fabricacion-de-textiles-mas-circulares-reciclables-y-funcionales\/\" aria-label=\"El centro tecnol\u00f3gico Eurecat ampl\u00eda sus capacidades para la fabricaci\u00f3n de textiles m\u00e1s circulares, reciclables y funcionales\" class=\"hover-type-liftup\"><img decoding=\"async\" width=\"700\" height=\"441\" src=\"https:\/\/eurecat.org\/wp-content\/uploads\/2026\/04\/26_techtextil4-700x441.jpg\" class=\"attachment-recent-posts size-recent-posts\" alt=\"\" srcset=\"https:\/\/eurecat.org\/wp-content\/uploads\/2026\/04\/26_techtextil4-320x202.jpg 320w, https:\/\/eurecat.org\/wp-content\/uploads\/2026\/04\/26_techtextil4-700x441.jpg 700w\" sizes=\"(max-width: 700px) 100vw, 700px\" \/><\/a><\/li><\/ul><\/div><div class=\"recent-posts-content\"><span class=\"vcard\" style=\"display: none;\"><span class=\"fn\"><a href=\"https:\/\/eurecat.org\/es\/author\/eva-marquez\/\" title=\"Entradas de EurecatEQZ\" rel=\"author\">EurecatEQZ<\/a><\/span><\/span><span class=\"updated\" style=\"display:none;\">2026-04-24T14:53:10+02:00<\/span><h3 class=\"entry-title\"><a href=\"https:\/\/eurecat.org\/es\/el-centro-tecnologico-eurecat-amplia-sus-capacidades-para-la-fabricacion-de-textiles-mas-circulares-reciclables-y-funcionales\/\">El centro tecnol\u00f3gico Eurecat ampl\u00eda sus capacidades para la fabricaci\u00f3n de textiles m\u00e1s circulares, reciclables y funcionales<\/a><\/h3><p> El centro tecnol\u00f3gico Eurecat ha ampliado sus capacidades tecnol\u00f3gicas para dar apoyo integral a toda la cadena de valor [...]<\/p><\/div><\/article><article class=\"post fusion-column column col col-lg-4 col-md-4 col-sm-4\"><div class=\"fusion-flexslider fusion-flexslider-loading flexslider flexslider-hover-type-liftup\"><ul class=\"slides\"><li><a href=\"https:\/\/eurecat.org\/es\/eurecat-distinguido-en-la-primera-edicion-de-los-premios-redestelcom-unos-galardones-que-reconocen-proyectos-soluciones-y-servicios-que-estan-marcando-el-rumbo-del-sector\/\" aria-label=\"Eurecat, distinguido en la primera edici\u00f3n de los premios Redes&#038;Telecom, unos galardones que reconocen proyectos, soluciones y servicios que est\u00e1n marcando el rumbo del sector\" class=\"hover-type-liftup\"><img decoding=\"async\" width=\"700\" height=\"400\" src=\"https:\/\/eurecat.org\/wp-content\/uploads\/2026\/04\/26_PREMI_REDTELECOM-700x400.jpg\" class=\"attachment-recent-posts size-recent-posts\" alt=\"\" \/><\/a><\/li><\/ul><\/div><div class=\"recent-posts-content\"><span class=\"vcard\" style=\"display: none;\"><span class=\"fn\"><a href=\"https:\/\/eurecat.org\/es\/author\/eva-marquez\/\" title=\"Entradas de EurecatEQZ\" rel=\"author\">EurecatEQZ<\/a><\/span><\/span><span class=\"updated\" style=\"display:none;\">2026-04-23T09:57:09+02:00<\/span><h3 class=\"entry-title\"><a href=\"https:\/\/eurecat.org\/es\/eurecat-distinguido-en-la-primera-edicion-de-los-premios-redestelcom-unos-galardones-que-reconocen-proyectos-soluciones-y-servicios-que-estan-marcando-el-rumbo-del-sector\/\">Eurecat, distinguido en la primera edici\u00f3n de los premios Redes&#038;Telecom, unos galardones que reconocen proyectos, soluciones y servicios que est\u00e1n marcando el rumbo del sector<\/a><\/h3><p> Redes&amp;Telecom, publicaci\u00f3n decana de la industria de las telecomunicaciones en Espa\u00f1a, ha celebrado en Madrid la primera edici\u00f3n de [...]<\/p><\/div><\/article><article class=\"post fusion-column column col col-lg-4 col-md-4 col-sm-4\"><div class=\"fusion-flexslider fusion-flexslider-loading flexslider flexslider-hover-type-liftup\"><ul class=\"slides\"><li><a href=\"https:\/\/eurecat.org\/es\/tarragona-acoge-el-demo-day-de-la-red-h2cat-con-mas-de-una-decena-de-tecnologias-clave-para-la-descarbonizacion-industrial\/\" aria-label=\"Tarragona acoge el Demo Day de la red H2CAT con m\u00e1s de una decena de tecnolog\u00edas clave para la descarbonizaci\u00f3n industrial\" class=\"hover-type-liftup\"><img decoding=\"async\" width=\"700\" height=\"441\" src=\"https:\/\/eurecat.org\/wp-content\/uploads\/2026\/04\/Xarxa_H2CAT_1-700x441.jpg\" class=\"attachment-recent-posts size-recent-posts\" alt=\"\" srcset=\"https:\/\/eurecat.org\/wp-content\/uploads\/2026\/04\/Xarxa_H2CAT_1-320x202.jpg 320w, https:\/\/eurecat.org\/wp-content\/uploads\/2026\/04\/Xarxa_H2CAT_1-700x441.jpg 700w\" sizes=\"(max-width: 700px) 100vw, 700px\" \/><\/a><\/li><li><a href=\"https:\/\/eurecat.org\/es\/tarragona-acoge-el-demo-day-de-la-red-h2cat-con-mas-de-una-decena-de-tecnologias-clave-para-la-descarbonizacion-industrial\/\" aria-label=\"Tarragona acoge el Demo Day de la red H2CAT con m\u00e1s de una decena de tecnolog\u00edas clave para la descarbonizaci\u00f3n industrial\" class=\"hover-type-liftup\"><img decoding=\"async\" width=\"700\" height=\"441\" src=\"https:\/\/eurecat.org\/wp-content\/uploads\/2026\/04\/26_Xarxa_H2CAT_2-700x441.jpg\" class=\"attachment-recent-posts size-recent-posts\" alt=\"\" srcset=\"https:\/\/eurecat.org\/wp-content\/uploads\/2026\/04\/26_Xarxa_H2CAT_2-320x202.jpg 320w, https:\/\/eurecat.org\/wp-content\/uploads\/2026\/04\/26_Xarxa_H2CAT_2-700x441.jpg 700w\" sizes=\"(max-width: 700px) 100vw, 700px\" \/><\/a><\/li><li><a href=\"https:\/\/eurecat.org\/es\/tarragona-acoge-el-demo-day-de-la-red-h2cat-con-mas-de-una-decena-de-tecnologias-clave-para-la-descarbonizacion-industrial\/\" aria-label=\"Tarragona acoge el Demo Day de la red H2CAT con m\u00e1s de una decena de tecnolog\u00edas clave para la descarbonizaci\u00f3n industrial\" class=\"hover-type-liftup\"><img decoding=\"async\" width=\"700\" height=\"441\" src=\"https:\/\/eurecat.org\/wp-content\/uploads\/2026\/04\/26_Xarxa_H2CAT_3-700x441.jpg\" class=\"attachment-recent-posts size-recent-posts\" alt=\"\" srcset=\"https:\/\/eurecat.org\/wp-content\/uploads\/2026\/04\/26_Xarxa_H2CAT_3-320x202.jpg 320w, https:\/\/eurecat.org\/wp-content\/uploads\/2026\/04\/26_Xarxa_H2CAT_3-700x441.jpg 700w\" sizes=\"(max-width: 700px) 100vw, 700px\" \/><\/a><\/li><\/ul><\/div><div class=\"recent-posts-content\"><span class=\"vcard\" style=\"display: none;\"><span class=\"fn\"><a href=\"https:\/\/eurecat.org\/es\/author\/eva-marquez\/\" title=\"Entradas de EurecatEQZ\" rel=\"author\">EurecatEQZ<\/a><\/span><\/span><span class=\"updated\" style=\"display:none;\">2026-04-09T09:13:37+02:00<\/span><h3 class=\"entry-title\"><a href=\"https:\/\/eurecat.org\/es\/tarragona-acoge-el-demo-day-de-la-red-h2cat-con-mas-de-una-decena-de-tecnologias-clave-para-la-descarbonizacion-industrial\/\">Tarragona acoge el Demo Day de la red H2CAT con m\u00e1s de una decena de tecnolog\u00edas clave para la descarbonizaci\u00f3n industrial<\/a><\/h3><p> La red H2CAT, coordinada por el centro tecnol\u00f3gico Eurecat, ha celebrado, hoy, en el Instituto Catal\u00e1n de Investigaci\u00f3n Qu\u00edmica [...]<\/p><\/div><\/article><article class=\"post fusion-column column col col-lg-4 col-md-4 col-sm-4\"><div class=\"fusion-flexslider fusion-flexslider-loading flexslider flexslider-hover-type-liftup\"><ul class=\"slides\"><li><a href=\"https:\/\/eurecat.org\/es\/eurecat-apunta-al-potencial-de-la-inteligencia-artificial-la-robotica-y-la-sensorica-para-avanzar-hacia-una-salud-mas-preventiva-equitativa-y-personalizada\/\" aria-label=\"Eurecat apunta al potencial de la inteligencia artificial, la rob\u00f3tica y la sens\u00f3rica para avanzar hacia una salud m\u00e1s preventiva, equitativa y personalizada\" class=\"hover-type-liftup\"><img decoding=\"async\" width=\"700\" height=\"441\" src=\"https:\/\/eurecat.org\/wp-content\/uploads\/2026\/04\/26_DIA_MUNDIA_SALUT2-700x441.jpg\" class=\"attachment-recent-posts size-recent-posts\" alt=\"\" srcset=\"https:\/\/eurecat.org\/wp-content\/uploads\/2026\/04\/26_DIA_MUNDIA_SALUT2-320x202.jpg 320w, https:\/\/eurecat.org\/wp-content\/uploads\/2026\/04\/26_DIA_MUNDIA_SALUT2-700x441.jpg 700w\" sizes=\"(max-width: 700px) 100vw, 700px\" \/><\/a><\/li><\/ul><\/div><div class=\"recent-posts-content\"><span class=\"vcard\" style=\"display: none;\"><span class=\"fn\"><a href=\"https:\/\/eurecat.org\/es\/author\/eva-marquez\/\" title=\"Entradas de EurecatEQZ\" rel=\"author\">EurecatEQZ<\/a><\/span><\/span><span class=\"updated\" style=\"display:none;\">2026-04-07T13:59:45+02:00<\/span><h3 class=\"entry-title\"><a href=\"https:\/\/eurecat.org\/es\/eurecat-apunta-al-potencial-de-la-inteligencia-artificial-la-robotica-y-la-sensorica-para-avanzar-hacia-una-salud-mas-preventiva-equitativa-y-personalizada\/\">Eurecat apunta al potencial de la inteligencia artificial, la rob\u00f3tica y la sens\u00f3rica para avanzar hacia una salud m\u00e1s preventiva, equitativa y personalizada<\/a><\/h3><p> La inteligencia artificial, la ciencia de datos, los sensores, la rob\u00f3tica y la salud digital est\u00e1n abriendo paso a [...]<\/p><\/div><\/article><article class=\"post fusion-column column col col-lg-4 col-md-4 col-sm-4\"><div class=\"fusion-flexslider fusion-flexslider-loading flexslider flexslider-hover-type-liftup\"><ul class=\"slides\"><li><a href=\"https:\/\/eurecat.org\/es\/eurecat-impulsa-las-tecnologias-termoquimicas-para-reaprovechar-los-residuos-y-obtener-productos-de-alto-valor-como-biocombustibles-biomateriales-y-gases-con-poder-energetico\/\" aria-label=\"Eurecat impulsa las tecnolog\u00edas termoqu\u00edmicas para reaprovechar los residuos y obtener productos de alto valor como biocombustibles, biomateriales y gases con poder energ\u00e9tico\" class=\"hover-type-liftup\"><img decoding=\"async\" width=\"700\" height=\"441\" src=\"https:\/\/eurecat.org\/wp-content\/uploads\/2026\/03\/26_DIA_MUNDIAL_ZERO-RESIDUS-700x441.jpg\" class=\"attachment-recent-posts size-recent-posts\" alt=\"\" srcset=\"https:\/\/eurecat.org\/wp-content\/uploads\/2026\/03\/26_DIA_MUNDIAL_ZERO-RESIDUS-320x202.jpg 320w, https:\/\/eurecat.org\/wp-content\/uploads\/2026\/03\/26_DIA_MUNDIAL_ZERO-RESIDUS-700x441.jpg 700w\" sizes=\"(max-width: 700px) 100vw, 700px\" \/><\/a><\/li><\/ul><\/div><div class=\"recent-posts-content\"><span class=\"vcard\" style=\"display: none;\"><span class=\"fn\"><a href=\"https:\/\/eurecat.org\/es\/author\/eva-marquez\/\" title=\"Entradas de EurecatEQZ\" rel=\"author\">EurecatEQZ<\/a><\/span><\/span><span class=\"updated\" style=\"display:none;\">2026-03-30T11:45:55+02:00<\/span><h3 class=\"entry-title\"><a href=\"https:\/\/eurecat.org\/es\/eurecat-impulsa-las-tecnologias-termoquimicas-para-reaprovechar-los-residuos-y-obtener-productos-de-alto-valor-como-biocombustibles-biomateriales-y-gases-con-poder-energetico\/\">Eurecat impulsa las tecnolog\u00edas termoqu\u00edmicas para reaprovechar los residuos y obtener productos de alto valor como biocombustibles, biomateriales y gases con poder energ\u00e9tico<\/a><\/h3><p> El centro tecnol\u00f3gico Eurecat ha crecido en el desarrollo de tecnolog\u00edas termoqu\u00edmicas con el objetivo de avanzar en la [...]<\/p><\/div><\/article><article class=\"post fusion-column column col col-lg-4 col-md-4 col-sm-4\"><div class=\"fusion-flexslider fusion-flexslider-loading flexslider flexslider-hover-type-liftup\"><ul class=\"slides\"><li><a href=\"https:\/\/eurecat.org\/es\/eurecat-se-consolida-en-el-ecosistema-de-innovacion-andaluz-con-el-impulso-de-tecnologias-punteras-en-descarbonizacion-movilidad-y-digitalizacion\/\" aria-label=\"Eurecat se consolida en el ecosistema de innovaci\u00f3n andaluz con el impulso de tecnolog\u00edas punteras en descarbonizaci\u00f3n, movilidad y digitalizaci\u00f3n\" class=\"hover-type-liftup\"><img decoding=\"async\" width=\"700\" height=\"441\" src=\"https:\/\/eurecat.org\/wp-content\/uploads\/2026\/03\/Eurecat_robotica_agricola_800px-700x441.gif\" class=\"attachment-recent-posts size-recent-posts\" alt=\"\" srcset=\"https:\/\/eurecat.org\/wp-content\/uploads\/2026\/03\/Eurecat_robotica_agricola_800px-320x202.gif 320w, https:\/\/eurecat.org\/wp-content\/uploads\/2026\/03\/Eurecat_robotica_agricola_800px-700x441.gif 700w\" sizes=\"(max-width: 700px) 100vw, 700px\" \/><\/a><\/li><\/ul><\/div><div class=\"recent-posts-content\"><span class=\"vcard\" style=\"display: none;\"><span class=\"fn\"><a href=\"https:\/\/eurecat.org\/es\/author\/eva-marquez\/\" title=\"Entradas de EurecatEQZ\" rel=\"author\">EurecatEQZ<\/a><\/span><\/span><span class=\"updated\" style=\"display:none;\">2026-03-26T13:31:48+01:00<\/span><h3 class=\"entry-title\"><a href=\"https:\/\/eurecat.org\/es\/eurecat-se-consolida-en-el-ecosistema-de-innovacion-andaluz-con-el-impulso-de-tecnologias-punteras-en-descarbonizacion-movilidad-y-digitalizacion\/\">Eurecat se consolida en el ecosistema de innovaci\u00f3n andaluz con el impulso de tecnolog\u00edas punteras en descarbonizaci\u00f3n, movilidad y digitalizaci\u00f3n<\/a><\/h3><p> El centro tecnol\u00f3gico Eurecat ha incrementado su presencia en el ecosistema andaluz de innovaci\u00f3n, donde ya act\u00faa como aliado [...]<\/p><\/div><\/article><\/section><div class=\"pagination clearfix\"><span class=\"current\">1<\/span><a href=\"https:\/\/eurecat.org\/es\/wp-json\/wp\/v2\/pages\/65105\/page\/2\/\" class=\"inactive\">2<\/a><a class=\"pagination-next\" rel=\"next\" href=\"https:\/\/eurecat.org\/es\/wp-json\/wp\/v2\/pages\/65105\/page\/2\/\"><span class=\"page-text\">Siguiente<\/span><span class=\"page-next\"><\/span><\/a><\/div><div class=\"fusion-clearfix\"><\/div><\/div><\/div><\/div><\/div><\/div><div class=\"fusion-fullwidth fullwidth-box fusion-builder-row-3 fusion-flex-container has-pattern-background has-mask-background nonhundred-percent-fullwidth non-hundred-percent-height-scrolling eu_2024 section-header section-color-gradient \" style=\"--awb-border-radius-top-left:0px;--awb-border-radius-top-right:0px;--awb-border-radius-bottom-right:0px;--awb-border-radius-bottom-left:0px;--awb-background-size:cover;--awb-flex-wrap:wrap;\" ><div class=\"fusion-builder-row fusion-row fusion-flex-align-items-flex-start fusion-flex-content-wrap\" style=\"max-width:1424.8px;margin-left: calc(-4% \/ 2 );margin-right: calc(-4% \/ 2 );\"><div class=\"fusion-layout-column fusion_builder_column fusion-builder-column-2 fusion_builder_column_1_1 1_1 fusion-flex-column\" style=\"--awb-bg-size:cover;--awb-width-large:100%;--awb-margin-top-large:0px;--awb-spacing-right-large:1.92%;--awb-margin-bottom-large:20px;--awb-spacing-left-large:1.92%;--awb-width-medium:100%;--awb-order-medium:0;--awb-spacing-right-medium:1.92%;--awb-spacing-left-medium:1.92%;--awb-width-small:100%;--awb-order-small:0;--awb-spacing-right-small:1.92%;--awb-spacing-left-small:1.92%;\" data-scroll-devices=\"small-visibility,medium-visibility,large-visibility\"><div class=\"fusion-column-wrapper fusion-column-has-shadow fusion-flex-justify-content-flex-start fusion-content-layout-column\"><div class=\"fusion-text fusion-text-2 topline\"><h2>Contacto<\/h2>\n<\/div><\/div><\/div><\/div><\/div><div class=\"fusion-fullwidth fullwidth-box fusion-builder-row-4 fusion-flex-container has-pattern-background has-mask-background fusion-parallax-fixed nonhundred-percent-fullwidth non-hundred-percent-height-scrolling eu_2024 section-color-transparent section-contact\" style=\"--awb-background-position:left top;--awb-border-radius-top-left:0px;--awb-border-radius-top-right:0px;--awb-border-radius-bottom-right:0px;--awb-border-radius-bottom-left:0px;--awb-background-image:url(&quot;https:\/\/eurecat.org\/wp-content\/uploads\/2024\/07\/cercle-opacity.png&quot;);--awb-background-size:600px;--awb-flex-wrap:wrap;background-attachment:fixed;\" ><div class=\"fusion-builder-row fusion-row fusion-flex-align-items-flex-start fusion-flex-content-wrap\" style=\"max-width:1424.8px;margin-left: calc(-4% \/ 2 );margin-right: calc(-4% \/ 2 );\"><div class=\"fusion-layout-column fusion_builder_column fusion-builder-column-3 fusion_builder_column_1_1 1_1 fusion-flex-column contact\" style=\"--awb-bg-size:cover;--awb-width-large:100%;--awb-margin-top-large:0px;--awb-spacing-right-large:1.92%;--awb-margin-bottom-large:20px;--awb-spacing-left-large:1.92%;--awb-width-medium:100%;--awb-order-medium:0;--awb-spacing-right-medium:1.92%;--awb-spacing-left-medium:1.92%;--awb-width-small:100%;--awb-order-small:0;--awb-spacing-right-small:1.92%;--awb-spacing-left-small:1.92%;\" data-scroll-devices=\"small-visibility,medium-visibility,large-visibility\"><div class=\"fusion-column-wrapper fusion-column-has-shadow fusion-flex-justify-content-flex-start fusion-content-layout-column\"><div class=\"fusion-image-element \" style=\"--awb-caption-title-font-family:var(--h2_typography-font-family);--awb-caption-title-font-weight:var(--h2_typography-font-weight);--awb-caption-title-font-style:var(--h2_typography-font-style);--awb-caption-title-size:var(--h2_typography-font-size);--awb-caption-title-transform:var(--h2_typography-text-transform);--awb-caption-title-line-height:var(--h2_typography-line-height);--awb-caption-title-letter-spacing:var(--h2_typography-letter-spacing);\"><span class=\" fusion-imageframe imageframe-none imageframe-1 hover-type-none contact-img\"><img decoding=\"async\" width=\"360\" height=\"360\" title=\"mascar\u00f3_montse\" src=\"https:\/\/eurecat.org\/wp-content\/uploads\/2025\/03\/mascaro_montse.png\" alt class=\"img-responsive wp-image-174027\" srcset=\"https:\/\/eurecat.org\/wp-content\/uploads\/2025\/03\/mascaro_montse-200x200.png 200w, https:\/\/eurecat.org\/wp-content\/uploads\/2025\/03\/mascaro_montse.png 360w\" sizes=\"(max-width: 1024px) 100vw, (max-width: 640px) 100vw, 360px\" \/><\/span><\/div><div class=\"fusion-text fusion-text-3 contact-name topline\"><h3>Montse Mascar\u00f3<\/h3>\n<\/div><div class=\"fusion-text fusion-text-4 contact-job-position\"><p><strong>Jefa de prensa<\/strong><\/p>\n<\/div><div class=\"fusion-text fusion-text-5 contact-list\"><ul>\n<li>Tel. +34 630 425 169 | (+34) 932 381 400<\/li>\n<li><a href=\"mailto:premsa@eurecat.org\">premsa@eurecat.org<\/a><\/li>\n<\/ul>\n<\/div><div ><a class=\"fusion-button button-flat fusion-button-default-size button-default fusion-button-default button-1 fusion-button-default-span fusion-button-default-type\" target=\"_self\" href=\"mailto:premsa@eurecat.org\"><span class=\"fusion-button-text awb-button__text awb-button__text--default\">Contacta<\/span><\/a><\/div><\/div><\/div><\/div><\/div><div class=\"fusion-fullwidth fullwidth-box fusion-builder-row-5 fusion-flex-container has-pattern-background has-mask-background nonhundred-percent-fullwidth non-hundred-percent-height-scrolling eu_2024 section-header section-color-gradient-light\" style=\"--awb-border-radius-top-left:0px;--awb-border-radius-top-right:0px;--awb-border-radius-bottom-right:0px;--awb-border-radius-bottom-left:0px;--awb-background-size:cover;--awb-flex-wrap:wrap;\" ><div class=\"fusion-builder-row fusion-row fusion-flex-align-items-flex-start fusion-flex-content-wrap\" style=\"max-width:1424.8px;margin-left: calc(-4% \/ 2 );margin-right: calc(-4% \/ 2 );\"><div class=\"fusion-layout-column fusion_builder_column fusion-builder-column-4 fusion_builder_column_1_1 1_1 fusion-flex-column\" style=\"--awb-bg-size:cover;--awb-width-large:100%;--awb-margin-top-large:0px;--awb-spacing-right-large:1.92%;--awb-margin-bottom-large:20px;--awb-spacing-left-large:1.92%;--awb-width-medium:100%;--awb-order-medium:0;--awb-spacing-right-medium:1.92%;--awb-spacing-left-medium:1.92%;--awb-width-small:100%;--awb-order-small:0;--awb-spacing-right-small:1.92%;--awb-spacing-left-small:1.92%;\" data-scroll-devices=\"small-visibility,medium-visibility,large-visibility\"><div class=\"fusion-column-wrapper fusion-column-has-shadow fusion-flex-justify-content-flex-start fusion-content-layout-column\"><div class=\"fusion-text fusion-text-6 topline\"><h2>Recursos para periodistas<\/h2>\n<\/div><\/div><\/div><\/div><\/div><div class=\"fusion-fullwidth fullwidth-box fusion-builder-row-6 fusion-flex-container has-pattern-background has-mask-background nonhundred-percent-fullwidth non-hundred-percent-height-scrolling eu_2024 section-equipaments section-color-white\" style=\"--awb-border-radius-top-left:0px;--awb-border-radius-top-right:0px;--awb-border-radius-bottom-right:0px;--awb-border-radius-bottom-left:0px;--awb-flex-wrap:wrap;\" ><div class=\"fusion-builder-row fusion-row fusion-flex-align-items-flex-start fusion-flex-content-wrap\" style=\"max-width:1424.8px;margin-left: calc(-4% \/ 2 );margin-right: calc(-4% \/ 2 );\"><div class=\"fusion-layout-column fusion_builder_column fusion-builder-column-5 fusion_builder_column_1_3 1_3 fusion-flex-column equipament\" style=\"--awb-bg-size:cover;--awb-width-large:33.333333333333%;--awb-margin-top-large:0px;--awb-spacing-right-large:5.76%;--awb-margin-bottom-large:20px;--awb-spacing-left-large:5.76%;--awb-width-medium:50%;--awb-order-medium:0;--awb-spacing-right-medium:3.84%;--awb-spacing-left-medium:3.84%;--awb-width-small:100%;--awb-order-small:0;--awb-spacing-right-small:1.92%;--awb-spacing-left-small:1.92%;\" data-scroll-devices=\"small-visibility,medium-visibility,large-visibility\"><div class=\"fusion-column-wrapper fusion-column-has-shadow fusion-flex-justify-content-flex-start fusion-content-layout-column\"><div class=\"fusion-image-element \" style=\"--awb-margin-top:0px;--awb-margin-right:0px;--awb-margin-bottom:0px;--awb-margin-left:0px;--awb-caption-title-font-family:var(--h2_typography-font-family);--awb-caption-title-font-weight:var(--h2_typography-font-weight);--awb-caption-title-font-style:var(--h2_typography-font-style);--awb-caption-title-size:var(--h2_typography-font-size);--awb-caption-title-transform:var(--h2_typography-text-transform);--awb-caption-title-line-height:var(--h2_typography-line-height);--awb-caption-title-letter-spacing:var(--h2_typography-letter-spacing);\"><span class=\" fusion-imageframe imageframe-none imageframe-2 hover-type-none\"><img decoding=\"async\" width=\"1024\" height=\"684\" title=\"premsa1024x684\" src=\"https:\/\/eurecat.org\/wp-content\/uploads\/2025\/03\/premsa1024x684.jpg\" alt class=\"img-responsive wp-image-174225\" srcset=\"https:\/\/eurecat.org\/wp-content\/uploads\/2025\/03\/premsa1024x684-200x134.jpg 200w, https:\/\/eurecat.org\/wp-content\/uploads\/2025\/03\/premsa1024x684-400x267.jpg 400w, https:\/\/eurecat.org\/wp-content\/uploads\/2025\/03\/premsa1024x684-600x401.jpg 600w, https:\/\/eurecat.org\/wp-content\/uploads\/2025\/03\/premsa1024x684-800x534.jpg 800w, https:\/\/eurecat.org\/wp-content\/uploads\/2025\/03\/premsa1024x684.jpg 1024w\" sizes=\"(max-width: 1024px) 100vw, (max-width: 640px) 100vw, 600px\" \/><\/span><\/div><div class=\"fusion-text fusion-text-7\"><h3>Dossier de prensa<\/h3>\n<\/div><div ><a class=\"fusion-button button-flat fusion-button-default-size button-default fusion-button-default button-2 fusion-button-default-span fusion-button-default-type\" target=\"_self\" href=\"https:\/\/eurecat.org\/wp-content\/uploads\/2025\/05\/Dossier_Eurecat_2025_es.docx\"><span class=\"fusion-button-text awb-button__text awb-button__text--default\">Acceder<\/span><\/a><\/div><\/div><\/div><div class=\"fusion-layout-column fusion_builder_column fusion-builder-column-6 fusion_builder_column_1_3 1_3 fusion-flex-column equipament\" style=\"--awb-bg-size:cover;--awb-width-large:33.333333333333%;--awb-margin-top-large:0px;--awb-spacing-right-large:5.76%;--awb-margin-bottom-large:20px;--awb-spacing-left-large:5.76%;--awb-width-medium:50%;--awb-order-medium:0;--awb-spacing-right-medium:3.84%;--awb-spacing-left-medium:3.84%;--awb-width-small:100%;--awb-order-small:0;--awb-spacing-right-small:1.92%;--awb-spacing-left-small:1.92%;\" data-scroll-devices=\"small-visibility,medium-visibility,large-visibility\"><div class=\"fusion-column-wrapper fusion-column-has-shadow fusion-flex-justify-content-flex-start fusion-content-layout-column\"><div class=\"fusion-image-element \" style=\"--awb-margin-top:0px;--awb-margin-right:0px;--awb-margin-bottom:0px;--awb-margin-left:0px;--awb-caption-title-font-family:var(--h2_typography-font-family);--awb-caption-title-font-weight:var(--h2_typography-font-weight);--awb-caption-title-font-style:var(--h2_typography-font-style);--awb-caption-title-size:var(--h2_typography-font-size);--awb-caption-title-transform:var(--h2_typography-text-transform);--awb-caption-title-line-height:var(--h2_typography-line-height);--awb-caption-title-letter-spacing:var(--h2_typography-letter-spacing);\"><span class=\" fusion-imageframe imageframe-none imageframe-3 hover-type-none\"><img decoding=\"async\" width=\"1024\" height=\"684\" title=\"gr\u00e0fics1024x684\" src=\"https:\/\/eurecat.org\/wp-content\/uploads\/2025\/03\/grafics1024x684.jpg\" alt class=\"img-responsive wp-image-174219\" srcset=\"https:\/\/eurecat.org\/wp-content\/uploads\/2025\/03\/grafics1024x684-200x134.jpg 200w, https:\/\/eurecat.org\/wp-content\/uploads\/2025\/03\/grafics1024x684-400x267.jpg 400w, https:\/\/eurecat.org\/wp-content\/uploads\/2025\/03\/grafics1024x684-600x401.jpg 600w, https:\/\/eurecat.org\/wp-content\/uploads\/2025\/03\/grafics1024x684-800x534.jpg 800w, https:\/\/eurecat.org\/wp-content\/uploads\/2025\/03\/grafics1024x684.jpg 1024w\" sizes=\"(max-width: 1024px) 100vw, (max-width: 640px) 100vw, 600px\" \/><\/span><\/div><div class=\"fusion-text fusion-text-8\"><h3>Recursos gr\u00e1ficos<\/h3>\n<\/div><div ><a class=\"fusion-button button-flat fusion-button-default-size button-default fusion-button-default button-3 fusion-button-default-span fusion-button-default-type\" target=\"_self\" href=\" https:\/\/eurecat.org\/es\/actualidad\/notas-prensa\/recursos\/\"><span class=\"fusion-button-text awb-button__text awb-button__text--default\">Acceder<\/span><\/a><\/div><\/div><\/div><div class=\"fusion-layout-column fusion_builder_column fusion-builder-column-7 fusion_builder_column_1_3 1_3 fusion-flex-column equipament\" style=\"--awb-bg-size:cover;--awb-width-large:33.333333333333%;--awb-margin-top-large:0px;--awb-spacing-right-large:5.76%;--awb-margin-bottom-large:20px;--awb-spacing-left-large:5.76%;--awb-width-medium:50%;--awb-order-medium:0;--awb-spacing-right-medium:3.84%;--awb-spacing-left-medium:3.84%;--awb-width-small:100%;--awb-order-small:0;--awb-spacing-right-small:1.92%;--awb-spacing-left-small:1.92%;\" data-scroll-devices=\"small-visibility,medium-visibility,large-visibility\"><div class=\"fusion-column-wrapper fusion-column-has-shadow fusion-flex-justify-content-flex-start fusion-content-layout-column\"><div class=\"fusion-image-element \" style=\"--awb-margin-top:0px;--awb-margin-right:0px;--awb-margin-bottom:0px;--awb-margin-left:0px;--awb-caption-title-font-family:var(--h2_typography-font-family);--awb-caption-title-font-weight:var(--h2_typography-font-weight);--awb-caption-title-font-style:var(--h2_typography-font-style);--awb-caption-title-size:var(--h2_typography-font-size);--awb-caption-title-transform:var(--h2_typography-text-transform);--awb-caption-title-line-height:var(--h2_typography-line-height);--awb-caption-title-letter-spacing:var(--h2_typography-letter-spacing);\"><span class=\" fusion-imageframe imageframe-none imageframe-4 hover-type-none\"><img decoding=\"async\" width=\"1024\" height=\"684\" title=\"mitjans1024x684\" src=\"https:\/\/eurecat.org\/wp-content\/uploads\/2025\/03\/mitjans1024x684.jpg\" alt class=\"img-responsive wp-image-174222\" srcset=\"https:\/\/eurecat.org\/wp-content\/uploads\/2025\/03\/mitjans1024x684-200x134.jpg 200w, https:\/\/eurecat.org\/wp-content\/uploads\/2025\/03\/mitjans1024x684-400x267.jpg 400w, https:\/\/eurecat.org\/wp-content\/uploads\/2025\/03\/mitjans1024x684-600x401.jpg 600w, https:\/\/eurecat.org\/wp-content\/uploads\/2025\/03\/mitjans1024x684-800x534.jpg 800w, https:\/\/eurecat.org\/wp-content\/uploads\/2025\/03\/mitjans1024x684.jpg 1024w\" sizes=\"(max-width: 1024px) 100vw, (max-width: 640px) 100vw, 600px\" \/><\/span><\/div><div class=\"fusion-text fusion-text-9\"><h3>Eurecat en los medios<\/h3>\n<\/div><div ><a class=\"fusion-button button-flat fusion-button-default-size button-default fusion-button-default button-4 fusion-button-default-span fusion-button-default-type\" target=\"_self\" href=\"https:\/\/eurecat.org\/es\/actualidad\/notas-prensa\/eurecat-medios\/\"><span class=\"fusion-button-text awb-button__text awb-button__text--default\">Acceder<\/span><\/a><\/div><\/div><\/div><\/div><\/div>\n","protected":false},"excerpt":{"rendered":"<p>yes<\/p>\n","protected":false},"author":18,"featured_media":67235,"parent":2779,"menu_order":1,"comment_status":"closed","ping_status":"closed","template":"100-width.php","meta":{"footnotes":""},"class_list":["post-65105","page","type-page","status-publish","has-post-thumbnail","hentry"],"yoast_head":"<!-- This site is optimized with the Yoast SEO plugin v27.5 - https:\/\/yoast.com\/product\/yoast-seo-wordpress\/ -->\n<title>Notas de prensa - Eurecat Centro Tecnol\u00f3gico de Catalu\u00f1a<\/title>\n<meta name=\"description\" content=\"Puedes consultar todas las notas de prensa sobre innovaci\u00f3n, investigaci\u00f3 y conocimiento de Eurecat, el centro tecnol\u00f3gico de Catalu\u00f1a\" \/>\n<meta name=\"robots\" content=\"index, follow, max-snippet:-1, max-image-preview:large, max-video-preview:-1\" \/>\n<link rel=\"canonical\" href=\"https:\/\/eurecat.org\/es\/actualidad\/notas-prensa\/\" \/>\n<meta property=\"og:locale\" content=\"es_ES\" \/>\n<meta property=\"og:type\" content=\"article\" \/>\n<meta property=\"og:title\" content=\"Notas de prensa - Eurecat Centro Tecnol\u00f3gico de Catalu\u00f1a\" \/>\n<meta property=\"og:description\" content=\"Puedes consultar todas las notas de prensa sobre innovaci\u00f3n, investigaci\u00f3 y conocimiento de Eurecat, el centro tecnol\u00f3gico de Catalu\u00f1a\" \/>\n<meta property=\"og:url\" content=\"https:\/\/eurecat.org\/es\/actualidad\/notas-prensa\/\" \/>\n<meta property=\"og:site_name\" content=\"Eurecat\" \/>\n<meta property=\"article:modified_time\" content=\"2025-06-19T13:31:21+00:00\" \/>\n<meta property=\"og:image\" content=\"https:\/\/eurecat.org\/wp-content\/uploads\/2018\/07\/NdPCAT_destacada520x272_ES.jpg\" \/>\n\t<meta property=\"og:image:width\" content=\"520\" \/>\n\t<meta property=\"og:image:height\" content=\"272\" \/>\n\t<meta property=\"og:image:type\" content=\"image\/jpeg\" \/>\n<meta name=\"twitter:card\" content=\"summary_large_image\" \/>\n<meta name=\"twitter:label1\" content=\"Tiempo de lectura\" \/>\n\t<meta name=\"twitter:data1\" content=\"5 minutos\" \/>\n<script type=\"application\/ld+json\" class=\"yoast-schema-graph\">{\"@context\":\"https:\\\/\\\/schema.org\",\"@graph\":[{\"@type\":\"WebPage\",\"@id\":\"https:\\\/\\\/eurecat.org\\\/es\\\/actualidad\\\/notas-prensa\\\/\",\"url\":\"https:\\\/\\\/eurecat.org\\\/es\\\/actualidad\\\/notas-prensa\\\/\",\"name\":\"Notas de prensa - Eurecat Centro Tecnol\u00f3gico de Catalu\u00f1a\",\"isPartOf\":{\"@id\":\"https:\\\/\\\/eurecat.org\\\/es\\\/#website\"},\"primaryImageOfPage\":{\"@id\":\"https:\\\/\\\/eurecat.org\\\/es\\\/actualidad\\\/notas-prensa\\\/#primaryimage\"},\"image\":{\"@id\":\"https:\\\/\\\/eurecat.org\\\/es\\\/actualidad\\\/notas-prensa\\\/#primaryimage\"},\"thumbnailUrl\":\"https:\\\/\\\/eurecat.org\\\/wp-content\\\/uploads\\\/2018\\\/07\\\/NdPCAT_destacada520x272_ES.jpg\",\"datePublished\":\"2018-07-17T11:42:24+00:00\",\"dateModified\":\"2025-06-19T13:31:21+00:00\",\"description\":\"Puedes consultar todas las notas de prensa sobre innovaci\u00f3n, investigaci\u00f3 y conocimiento de Eurecat, el centro tecnol\u00f3gico de Catalu\u00f1a\",\"breadcrumb\":{\"@id\":\"https:\\\/\\\/eurecat.org\\\/es\\\/actualidad\\\/notas-prensa\\\/#breadcrumb\"},\"inLanguage\":\"es\",\"potentialAction\":[{\"@type\":\"ReadAction\",\"target\":[\"https:\\\/\\\/eurecat.org\\\/es\\\/actualidad\\\/notas-prensa\\\/\"]}]},{\"@type\":\"ImageObject\",\"inLanguage\":\"es\",\"@id\":\"https:\\\/\\\/eurecat.org\\\/es\\\/actualidad\\\/notas-prensa\\\/#primaryimage\",\"url\":\"https:\\\/\\\/eurecat.org\\\/wp-content\\\/uploads\\\/2018\\\/07\\\/NdPCAT_destacada520x272_ES.jpg\",\"contentUrl\":\"https:\\\/\\\/eurecat.org\\\/wp-content\\\/uploads\\\/2018\\\/07\\\/NdPCAT_destacada520x272_ES.jpg\",\"width\":520,\"height\":272,\"caption\":\"sala de prensa Eurecat\"},{\"@type\":\"BreadcrumbList\",\"@id\":\"https:\\\/\\\/eurecat.org\\\/es\\\/actualidad\\\/notas-prensa\\\/#breadcrumb\",\"itemListElement\":[{\"@type\":\"ListItem\",\"position\":1,\"name\":\"Inici\",\"item\":\"https:\\\/\\\/eurecat.org\\\/es\\\/\"},{\"@type\":\"ListItem\",\"position\":2,\"name\":\"Actualidad\",\"item\":\"https:\\\/\\\/eurecat.org\\\/es\\\/actualidad\\\/\"},{\"@type\":\"ListItem\",\"position\":3,\"name\":\"Notas de prensa\"}]},{\"@type\":\"WebSite\",\"@id\":\"https:\\\/\\\/eurecat.org\\\/es\\\/#website\",\"url\":\"https:\\\/\\\/eurecat.org\\\/es\\\/\",\"name\":\"Eurecat\",\"description\":\"Otro sitio realizado con WordPress\",\"potentialAction\":[{\"@type\":\"SearchAction\",\"target\":{\"@type\":\"EntryPoint\",\"urlTemplate\":\"https:\\\/\\\/eurecat.org\\\/es\\\/?s={search_term_string}\"},\"query-input\":{\"@type\":\"PropertyValueSpecification\",\"valueRequired\":true,\"valueName\":\"search_term_string\"}}],\"inLanguage\":\"es\"}]}<\/script>\n<!-- \/ Yoast SEO plugin. -->","yoast_head_json":{"title":"Notas de prensa - Eurecat Centro Tecnol\u00f3gico de Catalu\u00f1a","description":"Puedes consultar todas las notas de prensa sobre innovaci\u00f3n, investigaci\u00f3 y conocimiento de Eurecat, el centro tecnol\u00f3gico de Catalu\u00f1a","robots":{"index":"index","follow":"follow","max-snippet":"max-snippet:-1","max-image-preview":"max-image-preview:large","max-video-preview":"max-video-preview:-1"},"canonical":"https:\/\/eurecat.org\/es\/actualidad\/notas-prensa\/","og_locale":"es_ES","og_type":"article","og_title":"Notas de prensa - Eurecat Centro Tecnol\u00f3gico de Catalu\u00f1a","og_description":"Puedes consultar todas las notas de prensa sobre innovaci\u00f3n, investigaci\u00f3 y conocimiento de Eurecat, el centro tecnol\u00f3gico de Catalu\u00f1a","og_url":"https:\/\/eurecat.org\/es\/actualidad\/notas-prensa\/","og_site_name":"Eurecat","article_modified_time":"2025-06-19T13:31:21+00:00","og_image":[{"width":520,"height":272,"url":"https:\/\/eurecat.org\/wp-content\/uploads\/2018\/07\/NdPCAT_destacada520x272_ES.jpg","type":"image\/jpeg"}],"twitter_card":"summary_large_image","twitter_misc":{"Tiempo de lectura":"5 minutos"},"schema":{"@context":"https:\/\/schema.org","@graph":[{"@type":"WebPage","@id":"https:\/\/eurecat.org\/es\/actualidad\/notas-prensa\/","url":"https:\/\/eurecat.org\/es\/actualidad\/notas-prensa\/","name":"Notas de prensa - Eurecat Centro Tecnol\u00f3gico de Catalu\u00f1a","isPartOf":{"@id":"https:\/\/eurecat.org\/es\/#website"},"primaryImageOfPage":{"@id":"https:\/\/eurecat.org\/es\/actualidad\/notas-prensa\/#primaryimage"},"image":{"@id":"https:\/\/eurecat.org\/es\/actualidad\/notas-prensa\/#primaryimage"},"thumbnailUrl":"https:\/\/eurecat.org\/wp-content\/uploads\/2018\/07\/NdPCAT_destacada520x272_ES.jpg","datePublished":"2018-07-17T11:42:24+00:00","dateModified":"2025-06-19T13:31:21+00:00","description":"Puedes consultar todas las notas de prensa sobre innovaci\u00f3n, investigaci\u00f3 y conocimiento de Eurecat, el centro tecnol\u00f3gico de Catalu\u00f1a","breadcrumb":{"@id":"https:\/\/eurecat.org\/es\/actualidad\/notas-prensa\/#breadcrumb"},"inLanguage":"es","potentialAction":[{"@type":"ReadAction","target":["https:\/\/eurecat.org\/es\/actualidad\/notas-prensa\/"]}]},{"@type":"ImageObject","inLanguage":"es","@id":"https:\/\/eurecat.org\/es\/actualidad\/notas-prensa\/#primaryimage","url":"https:\/\/eurecat.org\/wp-content\/uploads\/2018\/07\/NdPCAT_destacada520x272_ES.jpg","contentUrl":"https:\/\/eurecat.org\/wp-content\/uploads\/2018\/07\/NdPCAT_destacada520x272_ES.jpg","width":520,"height":272,"caption":"sala de prensa Eurecat"},{"@type":"BreadcrumbList","@id":"https:\/\/eurecat.org\/es\/actualidad\/notas-prensa\/#breadcrumb","itemListElement":[{"@type":"ListItem","position":1,"name":"Inici","item":"https:\/\/eurecat.org\/es\/"},{"@type":"ListItem","position":2,"name":"Actualidad","item":"https:\/\/eurecat.org\/es\/actualidad\/"},{"@type":"ListItem","position":3,"name":"Notas de prensa"}]},{"@type":"WebSite","@id":"https:\/\/eurecat.org\/es\/#website","url":"https:\/\/eurecat.org\/es\/","name":"Eurecat","description":"Otro sitio realizado con WordPress","potentialAction":[{"@type":"SearchAction","target":{"@type":"EntryPoint","urlTemplate":"https:\/\/eurecat.org\/es\/?s={search_term_string}"},"query-input":{"@type":"PropertyValueSpecification","valueRequired":true,"valueName":"search_term_string"}}],"inLanguage":"es"}]}},"_links":{"self":[{"href":"https:\/\/eurecat.org\/es\/wp-json\/wp\/v2\/pages\/65105","targetHints":{"allow":["GET"]}}],"collection":[{"href":"https:\/\/eurecat.org\/es\/wp-json\/wp\/v2\/pages"}],"about":[{"href":"https:\/\/eurecat.org\/es\/wp-json\/wp\/v2\/types\/page"}],"author":[{"embeddable":true,"href":"https:\/\/eurecat.org\/es\/wp-json\/wp\/v2\/users\/18"}],"replies":[{"embeddable":true,"href":"https:\/\/eurecat.org\/es\/wp-json\/wp\/v2\/comments?post=65105"}],"version-history":[{"count":3,"href":"https:\/\/eurecat.org\/es\/wp-json\/wp\/v2\/pages\/65105\/revisions"}],"predecessor-version":[{"id":181496,"href":"https:\/\/eurecat.org\/es\/wp-json\/wp\/v2\/pages\/65105\/revisions\/181496"}],"up":[{"embeddable":true,"href":"https:\/\/eurecat.org\/es\/wp-json\/wp\/v2\/pages\/2779"}],"wp:featuredmedia":[{"embeddable":true,"href":"https:\/\/eurecat.org\/es\/wp-json\/wp\/v2\/media\/67235"}],"wp:attachment":[{"href":"https:\/\/eurecat.org\/es\/wp-json\/wp\/v2\/media?parent=65105"}],"curies":[{"name":"wp","href":"https:\/\/api.w.org\/{rel}","templated":true}]}}