{"id":81502,"date":"2019-05-24T09:58:00","date_gmt":"2019-05-24T09:58:00","guid":{"rendered":"https:\/\/eurecat.org\/?page_id=81502"},"modified":"2019-07-09T12:40:32","modified_gmt":"2019-07-09T12:40:32","slug":"info-day-dih-hero-2","status":"publish","type":"page","link":"https:\/\/eurecat.org\/es\/servicios\/eurecatevents\/info-day-dih-hero-2\/","title":{"rendered":"Jornada Info Day DIH-HERO"},"content":{"rendered":"<div class=\"fusion-fullwidth fullwidth-box fusion-builder-row-1 hundred-percent-fullwidth non-hundred-percent-height-scrolling\" style=\"--awb-border-radius-top-left:0px;--awb-border-radius-top-right:0px;--awb-border-radius-bottom-right:0px;--awb-border-radius-bottom-left:0px;--awb-padding-top:-40px;--awb-flex-wrap:wrap;\" ><div class=\"fusion-builder-row fusion-row\"><div class=\"fusion-layout-column fusion_builder_column fusion-builder-column-0 fusion_builder_column_1_1 1_1 fusion-one-full fusion-column-first fusion-column-last fusion-column-no-min-height\" style=\"--awb-bg-size:cover;--awb-margin-bottom:0px;\"><div class=\"fusion-column-wrapper fusion-flex-column-wrapper-legacy\"><div class=\"fusion-text fusion-text-1\"><h1 style=\"text-align: center;\"><strong><span style=\"color: #3d6fb6;\">\u00a0JORNADA INFO DAY: DIH-HERO<br \/>\nDigital Innovation Hubs in Healthcare Robotics<br \/>\n<\/span><\/strong><\/h1>\n<\/div><div class=\"fusion-sep-clear\"><\/div><div class=\"fusion-separator fusion-full-width-sep\" style=\"margin-left: auto;margin-right: auto;width:100%;\"><\/div><div class=\"fusion-sep-clear\"><\/div><div class=\"fusion-clearfix\"><\/div><\/div><\/div><div class=\"fusion-layout-column fusion_builder_column fusion-builder-column-1 fusion_builder_column_1_2 1_2 fusion-one-half fusion-column-first fusion-column-no-min-height\" style=\"--awb-bg-size:cover;--awb-margin-bottom:0px;width:50%;width:calc(50% - ( ( 4% ) * 0.5 ) );margin-right: 4%;\"><div class=\"fusion-column-wrapper fusion-flex-column-wrapper-legacy\"><div class=\"fusion-sep-clear\"><\/div><div class=\"fusion-separator fusion-full-width-sep\" style=\"margin-left: auto;margin-right: auto;width:100%;\"><\/div><div class=\"fusion-sep-clear\"><\/div><div class=\"fusion-sep-clear\"><\/div><div class=\"fusion-separator fusion-full-width-sep\" style=\"margin-left: auto;margin-right: auto;width:100%;\"><\/div><div class=\"fusion-sep-clear\"><\/div><div class=\"fusion-text fusion-text-2\"><p style=\"text-align: center;\">Organiza:<\/p>\n<p><img decoding=\"async\" class=\"aligncenter wp-image-79826\" src=\"https:\/\/eurecat.org\/wp-content\/uploads\/2019\/04\/logo_EURECAT_Alta.png\" alt=\"\" width=\"314\" height=\"91\" \/><\/p>\n<\/div><div class=\"fusion-sep-clear\"><\/div><div class=\"fusion-separator fusion-full-width-sep\" style=\"margin-left: auto;margin-right: auto;width:100%;\"><div class=\"fusion-separator-border sep-single\" style=\"--awb-height:20px;--awb-amount:20px;--awb-sep-color:#ffffff;border-color:#ffffff;border-top-width:1px;\"><\/div><\/div><div class=\"fusion-sep-clear\"><\/div><div class=\"fusion-clearfix\"><\/div><\/div><\/div><div class=\"fusion-layout-column fusion_builder_column fusion-builder-column-2 fusion_builder_column_1_2 1_2 fusion-one-half fusion-column-last fusion-column-no-min-height\" style=\"--awb-bg-size:cover;--awb-margin-bottom:0px;width:50%;width:calc(50% - ( ( 4% ) * 0.5 ) );\"><div class=\"fusion-column-wrapper fusion-flex-column-wrapper-legacy\"><div class=\"fusion-sep-clear\"><\/div><div class=\"fusion-separator fusion-full-width-sep\" style=\"margin-left: auto;margin-right: auto;width:100%;\"><\/div><div class=\"fusion-sep-clear\"><\/div><div class=\"fusion-sep-clear\"><\/div><div class=\"fusion-separator fusion-full-width-sep\" style=\"margin-left: auto;margin-right: auto;width:100%;\"><\/div><div class=\"fusion-sep-clear\"><\/div><div class=\"fusion-text fusion-text-3\"><h2 style=\"text-align: center;\"><span style=\"color: #000000;\"><strong>9 julio 2019<br \/>\nde 9.00h a 12:10h<\/strong><\/span><\/h2>\n<\/div><div class=\"fusion-text fusion-text-4\"><p style=\"text-align: center;\"><strong><em><a href=\"https:\/\/goo.gl\/maps\/9J6f2LE75898QCqL9\" target=\"_blank\" rel=\"noopener noreferrer\">Eurecat Barcelona<\/a><br \/>\n<\/em><\/strong><i>Calle Bilbao, 72<br \/>\n08005<\/i><i>\u00a0Barcelona<\/i><\/p>\n<\/div><div class=\"fusion-clearfix\"><\/div><\/div><\/div><\/div><\/div><div class=\"fusion-fullwidth fullwidth-box fusion-builder-row-2 fusion-parallax-none hundred-percent-fullwidth non-hundred-percent-height-scrolling\" style=\"--awb-border-radius-top-left:0px;--awb-border-radius-top-right:0px;--awb-border-radius-bottom-right:0px;--awb-border-radius-bottom-left:0px;--awb-padding-top:220px;--awb-padding-bottom:220px;--awb-background-image:url(&quot;https:\/\/eurecat.org\/wp-content\/uploads\/2019\/05\/imatgecapweb_infoday-1200x404.jpg&quot;);--awb-background-size:cover;--awb-flex-wrap:wrap;\" ><div class=\"fusion-builder-row fusion-row\"><div class=\"fusion-layout-column fusion_builder_column fusion-builder-column-3 fusion_builder_column_1_1 1_1 fusion-one-full fusion-column-first fusion-column-last fusion-column-no-min-height\" style=\"--awb-bg-size:cover;--awb-margin-bottom:0px;\"><div class=\"fusion-column-wrapper fusion-flex-column-wrapper-legacy\"><div class=\"fusion-sep-clear\"><\/div><div class=\"fusion-separator fusion-full-width-sep\" style=\"margin-left: auto;margin-right: auto;width:100%;\"><\/div><div class=\"fusion-sep-clear\"><\/div><div class=\"fusion-clearfix\"><\/div><\/div><\/div><\/div><\/div><div class=\"fusion-fullwidth fullwidth-box fusion-builder-row-3 nonhundred-percent-fullwidth non-hundred-percent-height-scrolling\" style=\"--awb-background-position:left top;--awb-border-radius-top-left:0px;--awb-border-radius-top-right:0px;--awb-border-radius-bottom-right:0px;--awb-border-radius-bottom-left:0px;--awb-padding-top:30px;--awb-padding-right:0px;--awb-padding-bottom:30px;--awb-padding-left:0px;--awb-border-sizes-top:0px;--awb-border-sizes-bottom:0px;--awb-flex-wrap:wrap;\" ><div class=\"fusion-builder-row fusion-row\"><div class=\"fusion-layout-column fusion_builder_column fusion-builder-column-4 fusion_builder_column_1_2 1_2 fusion-one-half fusion-column-first\" style=\"--awb-padding-right:20px;--awb-padding-left:40px;--awb-bg-size:cover;width:50%;width:calc(50% - ( ( 4% ) * 0.5 ) );margin-right: 4%;\"><div class=\"fusion-column-wrapper fusion-flex-column-wrapper-legacy\"><div class=\"fusion-text fusion-text-5\"><p style=\"text-align: center;\"><strong>DESCRIPCI\u00d3N DE LA JORNADA<\/strong><\/p>\n<p>El <strong>Info Day<\/strong> catal\u00e1n del <strong>DIH-HERO<\/strong> presentar\u00e1 esta red <strong>Europea de Digital Innovation Hubs (DIHs)<\/strong> en rob\u00f3tica e inteligencia artificial aplicadas a eHealth, aportar\u00e1 informaci\u00f3n sobre<strong> oportunidades de financiaci\u00f3n<\/strong> para el sector, <strong>oportunidades de networking y colaboraci\u00f3n<\/strong>, y sobre el DIH catal\u00e1n en este \u00e1mbito.<\/p>\n<p>Ven a conocer las posibilidades que ofrece nuestro Hub y descubre c\u00f3mo tu organizaci\u00f3n puede beneficiarse de la <strong>Comunidad DIH-HERO<\/strong>.<\/p>\n<\/div><div class=\"fusion-clearfix\"><\/div><\/div><\/div><div class=\"fusion-layout-column fusion_builder_column fusion-builder-column-5 fusion_builder_column_1_2 1_2 fusion-one-half fusion-column-last\" style=\"--awb-padding-right:20px;--awb-padding-left:40px;--awb-bg-size:cover;width:50%;width:calc(50% - ( ( 4% ) * 0.5 ) );\"><div class=\"fusion-column-wrapper fusion-flex-column-wrapper-legacy\"><div class=\"fusion-text fusion-text-6\"><p style=\"text-align: center;\"><b>\u00bfPOR QU\u00c9 DEBER\u00cdAS ASISTIR?<\/b><\/p>\n<p>Te interesa si eres una <strong>PIME vinculada al \u00e1rea de rob\u00f3tica e inteligencia artificial<\/strong> que trabaje o quiera trabajar con el sector eHealth; un <strong>usuario final de estas tecnolog\u00edas para el sector Salud<\/strong> (centros hospitalarios, residencias, empresas de asistencia, etc.); o una <strong>gran empresa, asociaci\u00f3n, cl\u00faster u otro tipo de entidad que est\u00e9 relacionada con eHealth<\/strong> que quiera saber m\u00e1s sobre c\u00f3mo vincularse a la Comunidad o HUB catal\u00e1n.<\/p>\n<\/div><div class=\"fusion-sep-clear\"><\/div><div class=\"fusion-separator fusion-full-width-sep\" style=\"margin-left: auto;margin-right: auto;width:100%;\"><\/div><div class=\"fusion-sep-clear\"><\/div><div class=\"fusion-sep-clear\"><\/div><div class=\"fusion-separator fusion-full-width-sep\" style=\"margin-left: auto;margin-right: auto;width:100%;\"><\/div><div class=\"fusion-sep-clear\"><\/div><div class=\"fusion-sep-clear\"><\/div><div class=\"fusion-separator fusion-full-width-sep\" style=\"margin-left: auto;margin-right: auto;width:100%;\"><\/div><div class=\"fusion-sep-clear\"><\/div><div class=\"fusion-button-wrapper fusion-aligncenter\"><a class=\"fusion-button button-flat fusion-button-default-size button-default fusion-button-default button-1 fusion-button-default-span fusion-button-default-type\" target=\"_blank\" rel=\"noopener noreferrer\" href=\"https:\/\/eurecat.org\/wp-content\/uploads\/2019\/06\/Programa-jornada_DIH-HERO_castv5_c.pdf\"><span class=\"fusion-button-text awb-button__text awb-button__text--default\">Desc\u00e1rgate el programa<\/span><i class=\"fa-arrow-alt-circle-down far awb-button__icon awb-button__icon--default button-icon-right\" aria-hidden=\"true\"><\/i><\/a><\/div><div class=\"fusion-clearfix\"><\/div><\/div><\/div><\/div><\/div><div class=\"fusion-fullwidth fullwidth-box fusion-builder-row-4 nonhundred-percent-fullwidth non-hundred-percent-height-scrolling\" style=\"--awb-border-radius-top-left:0px;--awb-border-radius-top-right:0px;--awb-border-radius-bottom-right:0px;--awb-border-radius-bottom-left:0px;--awb-padding-top:5px;--awb-padding-bottom:5px;--awb-background-color:#3d6fb6;--awb-flex-wrap:wrap;\" ><div class=\"fusion-builder-row fusion-row\"><div class=\"fusion-layout-column fusion_builder_column fusion-builder-column-6 fusion_builder_column_1_1 1_1 fusion-one-full fusion-column-first fusion-column-last\" style=\"--awb-bg-size:cover;--awb-margin-top:30px;\"><div class=\"fusion-column-wrapper fusion-flex-column-wrapper-legacy\"><div class=\"fusion-text fusion-text-7\"><h2 style=\"text-align: center;\"><span style=\"color: #ffffff;\"><strong>PROGRAMA<\/strong><\/span><\/h2>\n<\/div><div class=\"fusion-clearfix\"><\/div><\/div><\/div><\/div><\/div><div class=\"fusion-fullwidth fullwidth-box fusion-builder-row-5 nonhundred-percent-fullwidth non-hundred-percent-height-scrolling\" style=\"--awb-border-radius-top-left:0px;--awb-border-radius-top-right:0px;--awb-border-radius-bottom-right:0px;--awb-border-radius-bottom-left:0px;--awb-padding-top:20px;--awb-padding-right:50px;--awb-padding-bottom:20px;--awb-padding-left:50px;--awb-background-color:rgba(249,249,249,0);--awb-flex-wrap:wrap;\" ><div class=\"fusion-builder-row fusion-row\"><div class=\"fusion-layout-column fusion_builder_column fusion-builder-column-7 fusion_builder_column_1_1 1_1 fusion-one-full fusion-column-first fusion-column-last\" style=\"--awb-padding-right:10px;--awb-padding-left:20px;--awb-bg-size:cover;--awb-border-color:#3d5fb6;--awb-border-style:solid;\"><div class=\"fusion-column-wrapper fusion-column-has-shadow fusion-flex-column-wrapper-legacy\"><div class=\"fusion-text fusion-text-8\"><p style=\"text-align: center;\"><span style=\"color: #3d6fb6;\"><strong>09:00h<\/strong><\/span><\/p>\n<\/div><div class=\"fusion-text fusion-text-9\"><p style=\"text-align: center;\"><b>Registro de asistentes<\/b><\/p>\n<\/div><div class=\"fusion-text fusion-text-10\"><p style=\"text-align: center;\"><span style=\"color: #3d6fb6;\"><strong>9:30h<\/strong><\/span><\/p>\n<\/div><div class=\"fusion-text fusion-text-11\"><p style=\"text-align: center;\"><b>Introducci\u00f3n al concepto DIH y overview del DIH-HERO<br \/>\n<\/b><b><i>Jes\u00fas Pablo Gonz\u00e1lez<\/i><\/b><i>, European Programmes Manager en <\/i><i>Eurecat<\/i><\/p>\n<\/div><div class=\"fusion-text fusion-text-12\"><p style=\"text-align: center;\"><span style=\"color: #3d6fb6;\"><strong>9:45h<\/strong><\/span><\/p>\n<\/div><div class=\"fusion-text fusion-text-13\"><p style=\"text-align: center;\"><b>\u00bfPor qu\u00e9 Eurecat? Capacidades en rob\u00f3tica aplicada a eHealth<\/b><b><br \/>\n<\/b><b><i>Pepa Sed\u00f3<\/i><\/b><i>, Directora de la Unidad Rob\u00f3tica y Automatizaci\u00f3n<\/i><i> en <\/i><i>Eurecat<br \/>\n<b>Felip Miralles<\/b>, Director de la Unidad eHealth en Eurecat<br \/>\n<\/i><\/p>\n<\/div><div class=\"fusion-text fusion-text-14\"><p style=\"text-align: center;\"><span style=\"color: #3d6fb6;\"><strong>10:15h<\/strong><\/span><\/p>\n<\/div><div class=\"fusion-text fusion-text-15\"><p style=\"text-align: center;\"><b>Open Calls<br \/>\n<\/b><em><b><i>Jes\u00fas Pablo Gonz\u00e1lez,<\/i><\/b><i> European Programmes Manager<\/i><i> en <\/i><i>Eurecat<\/i><\/em><b><br \/>\n<\/b><\/p>\n<\/div><div class=\"fusion-text fusion-text-16\"><p style=\"text-align: center;\"><span style=\"color: #3d6fb6;\"><strong>10:30h<\/strong><\/span><\/p>\n<\/div><div class=\"fusion-text fusion-text-17\"><p style=\"text-align: center;\"><b>Ejemplos de proyectos al Sector Salut<br \/>\nABLE Human Motion | <em>Alfons Carnicero, <\/em><\/b><em>CEO &amp; Co-founder<\/em><b><br \/>\nInstitut de Rob\u00f2tica per la Depend\u00e8ncia | <em><strong>David L\u00f3pez, <\/strong><\/em><\/b><em>Responsable de comunicaci\u00f3n y captaci\u00f3n de fondos<\/em><b><br \/>\nPAL Robotics | <\/b><em><strong>Francesco Ferro<\/strong>, CEO<\/em><\/p>\n<\/div><div class=\"fusion-text fusion-text-18\"><p style=\"text-align: center;\"><span style=\"color: #3d6fb6;\"><strong>11:00h<\/strong><\/span><\/p>\n<\/div><div class=\"fusion-text fusion-text-19\"><p style=\"text-align: center;\"><b>Din\u00e1mica de grupo: Oportunidades de Colaboraci\u00f3n<\/b><b><br \/>\n<\/b><b><em>Laura Arribas, <\/em><\/b><em>Resp. Pol\u00edticas Innovaci\u00f3n &#8211; Consultor\u00eda Tecnol\u00f3gica en Eurecat<\/em><\/p>\n<\/div><div class=\"fusion-text fusion-text-20\"><p style=\"text-align: center;\"><span style=\"color: #3d6fb6;\"><strong>12:00h<\/strong><\/span><\/p>\n<\/div><div class=\"fusion-text fusion-text-21\"><p style=\"text-align: center;\"><b>Conclusiones y clausura<\/b><b><br \/>\n<\/b><b><i>Laura Arribas<\/i><\/b><i>, Resp. Pol\u00edticas Innovaci\u00f3n &#8211; Consultor\u00eda Tecnol\u00f3gica en<\/i><i>\u00a0<\/i><i>Eurecat<\/i><\/p>\n<\/div><div class=\"fusion-clearfix\"><\/div><\/div><\/div><\/div><\/div><div class=\"fusion-fullwidth fullwidth-box fusion-builder-row-6 nonhundred-percent-fullwidth non-hundred-percent-height-scrolling\" style=\"--awb-border-radius-top-left:0px;--awb-border-radius-top-right:0px;--awb-border-radius-bottom-right:0px;--awb-border-radius-bottom-left:0px;--awb-padding-top:5px;--awb-padding-right:0px;--awb-padding-bottom:5px;--awb-padding-left:0px;--awb-background-color:#3d6fb6;--awb-border-sizes-top:0px;--awb-border-sizes-bottom:0px;--awb-flex-wrap:wrap;\" ><div class=\"fusion-builder-row fusion-row\"><div class=\"fusion-layout-column fusion_builder_column fusion-builder-column-8 fusion_builder_column_1_1 1_1 fusion-one-full fusion-column-first fusion-column-last\" style=\"--awb-padding-top:10px;--awb-padding-right:10px;--awb-padding-bottom:10px;--awb-padding-left:10px;--awb-bg-position:center center;--awb-bg-size:cover;--awb-margin-bottom:2px;\"><div class=\"fusion-column-wrapper fusion-flex-column-wrapper-legacy\"><div class=\"fusion-column-content-centered\"><div class=\"fusion-column-content\"><div class=\"fusion-text fusion-text-22\"><h2><\/h2>\n<h2 style=\"text-align: center;\"><span style=\"color: #ffffff;\"><strong>ENTIDADES COLABORADORAS<\/strong><\/span><\/h2>\n<\/div><\/div><\/div><div class=\"fusion-clearfix\"><\/div><\/div><\/div><\/div><\/div><div class=\"fusion-fullwidth fullwidth-box fusion-builder-row-7 nonhundred-percent-fullwidth non-hundred-percent-height-scrolling\" style=\"--awb-border-radius-top-left:0px;--awb-border-radius-top-right:0px;--awb-border-radius-bottom-right:0px;--awb-border-radius-bottom-left:0px;--awb-padding-top:5px;--awb-padding-right:0px;--awb-padding-bottom:5px;--awb-padding-left:0px;--awb-background-color:#ffffff;--awb-border-sizes-top:0px;--awb-border-sizes-bottom:0px;--awb-flex-wrap:wrap;\" ><div class=\"fusion-builder-row fusion-row\"><div class=\"fusion-layout-column fusion_builder_column fusion-builder-column-9 fusion_builder_column_1_3 1_3 fusion-one-third fusion-column-first\" style=\"--awb-padding-top:10px;--awb-padding-right:10px;--awb-padding-bottom:10px;--awb-padding-left:10px;--awb-bg-position:center center;--awb-bg-size:cover;--awb-margin-bottom:2px;width:30.6666%; margin-right: 4%;\"><div class=\"fusion-column-wrapper fusion-flex-column-wrapper-legacy\"><div class=\"fusion-column-content-centered\"><div class=\"fusion-column-content\"><div class=\"fusion-image-element fusion-image-align-center in-legacy-container\" style=\"text-align:center;--awb-caption-title-font-family:var(--h2_typography-font-family);--awb-caption-title-font-weight:var(--h2_typography-font-weight);--awb-caption-title-font-style:var(--h2_typography-font-style);--awb-caption-title-size:var(--h2_typography-font-size);--awb-caption-title-transform:var(--h2_typography-text-transform);--awb-caption-title-line-height:var(--h2_typography-line-height);--awb-caption-title-letter-spacing:var(--h2_typography-letter-spacing);\"><div class=\"imageframe-align-center\"><span class=\" fusion-imageframe imageframe-none imageframe-1 hover-type-none\"><img decoding=\"async\" width=\"340\" height=\"206\" title=\"CATALONIABIO_health_web2\" src=\"https:\/\/eurecat.org\/wp-content\/uploads\/2019\/06\/CATALONIABIO_health_web2-1.jpg\" alt class=\"img-responsive wp-image-82354\" srcset=\"https:\/\/eurecat.org\/wp-content\/uploads\/2019\/06\/CATALONIABIO_health_web2-1-200x121.jpg 200w, https:\/\/eurecat.org\/wp-content\/uploads\/2019\/06\/CATALONIABIO_health_web2-1.jpg 340w\" sizes=\"(max-width: 800px) 100vw, 340px\" \/><\/span><\/div><\/div><\/div><\/div><div class=\"fusion-clearfix\"><\/div><\/div><\/div><div class=\"fusion-layout-column fusion_builder_column fusion-builder-column-10 fusion_builder_column_1_3 1_3 fusion-one-third\" style=\"--awb-padding-top:10px;--awb-padding-right:10px;--awb-padding-bottom:10px;--awb-padding-left:10px;--awb-bg-position:center center;--awb-bg-size:cover;--awb-margin-bottom:2px;width:30.6666%; margin-right: 4%;\"><div class=\"fusion-column-wrapper fusion-flex-column-wrapper-legacy\"><div class=\"fusion-column-content-centered\"><div class=\"fusion-column-content\"><div class=\"fusion-image-element fusion-image-align-center in-legacy-container\" style=\"text-align:center;--awb-caption-title-font-family:var(--h2_typography-font-family);--awb-caption-title-font-weight:var(--h2_typography-font-weight);--awb-caption-title-font-style:var(--h2_typography-font-style);--awb-caption-title-size:var(--h2_typography-font-size);--awb-caption-title-transform:var(--h2_typography-text-transform);--awb-caption-title-line-height:var(--h2_typography-line-height);--awb-caption-title-letter-spacing:var(--h2_typography-letter-spacing);\"><div class=\"imageframe-align-center\"><span class=\" fusion-imageframe imageframe-none imageframe-2 hover-type-none\"><a class=\"fusion-no-lightbox\" href=\"https:\/\/www.fenin.es\/\" target=\"_blank\" aria-label=\"LOGOFENIN_web\" rel=\"noopener noreferrer\"><img decoding=\"async\" width=\"340\" height=\"206\" src=\"https:\/\/eurecat.org\/wp-content\/uploads\/2019\/06\/LOGOFENIN_web.jpg\" alt class=\"img-responsive wp-image-82371\" srcset=\"https:\/\/eurecat.org\/wp-content\/uploads\/2019\/06\/LOGOFENIN_web-200x121.jpg 200w, https:\/\/eurecat.org\/wp-content\/uploads\/2019\/06\/LOGOFENIN_web.jpg 340w\" sizes=\"(max-width: 800px) 100vw, 340px\" \/><\/a><\/span><\/div><\/div><\/div><\/div><div class=\"fusion-clearfix\"><\/div><\/div><\/div><div class=\"fusion-layout-column fusion_builder_column fusion-builder-column-11 fusion_builder_column_1_3 1_3 fusion-one-third fusion-column-last\" style=\"--awb-padding-top:10px;--awb-padding-right:10px;--awb-padding-bottom:10px;--awb-padding-left:10px;--awb-bg-position:center center;--awb-bg-size:cover;--awb-margin-bottom:2px;width:30.6666%;\"><div class=\"fusion-column-wrapper fusion-flex-column-wrapper-legacy\"><div class=\"fusion-column-content-centered\"><div class=\"fusion-column-content\"><div class=\"fusion-image-element fusion-image-align-center in-legacy-container\" style=\"text-align:center;--awb-caption-title-font-family:var(--h2_typography-font-family);--awb-caption-title-font-weight:var(--h2_typography-font-weight);--awb-caption-title-font-style:var(--h2_typography-font-style);--awb-caption-title-size:var(--h2_typography-font-size);--awb-caption-title-transform:var(--h2_typography-text-transform);--awb-caption-title-line-height:var(--h2_typography-line-height);--awb-caption-title-letter-spacing:var(--h2_typography-letter-spacing);\"><div class=\"imageframe-align-center\"><span class=\" fusion-imageframe imageframe-none imageframe-3 hover-type-none\"><a class=\"fusion-no-lightbox\" href=\"http:\/\/exteriors.gencat.cat\/ca\/ambits-dactuacio\/afers_exteriors\/ue\/fons_europeus\/\" target=\"_blank\" aria-label=\"logo_fonseuropei_web\" rel=\"noopener noreferrer\"><img decoding=\"async\" width=\"340\" height=\"206\" src=\"https:\/\/eurecat.org\/wp-content\/uploads\/2019\/06\/logo_fonseuropei_web.jpg\" alt class=\"img-responsive wp-image-82362\" srcset=\"https:\/\/eurecat.org\/wp-content\/uploads\/2019\/06\/logo_fonseuropei_web-200x121.jpg 200w, https:\/\/eurecat.org\/wp-content\/uploads\/2019\/06\/logo_fonseuropei_web.jpg 340w\" sizes=\"(max-width: 800px) 100vw, 340px\" \/><\/a><\/span><\/div><\/div><\/div><\/div><div class=\"fusion-clearfix\"><\/div><\/div><\/div><\/div><\/div><div class=\"fusion-fullwidth fullwidth-box fusion-builder-row-8 nonhundred-percent-fullwidth non-hundred-percent-height-scrolling\" style=\"--awb-border-radius-top-left:0px;--awb-border-radius-top-right:0px;--awb-border-radius-bottom-right:0px;--awb-border-radius-bottom-left:0px;--awb-padding-top:5px;--awb-padding-right:0px;--awb-padding-bottom:5px;--awb-padding-left:0px;--awb-background-color:#3d6fb6;--awb-border-sizes-top:0px;--awb-border-sizes-bottom:0px;--awb-flex-wrap:wrap;\" ><div class=\"fusion-builder-row fusion-row\"><div class=\"fusion-layout-column fusion_builder_column fusion-builder-column-12 fusion_builder_column_1_1 1_1 fusion-one-full fusion-column-first fusion-column-last\" style=\"--awb-padding-top:10px;--awb-padding-right:10px;--awb-padding-bottom:10px;--awb-padding-left:10px;--awb-bg-position:center center;--awb-bg-size:cover;--awb-margin-bottom:2px;\"><div class=\"fusion-column-wrapper fusion-flex-column-wrapper-legacy\"><div class=\"fusion-column-content-centered\"><div class=\"fusion-column-content\"><div class=\"fusion-text fusion-text-23\"><h2><\/h2>\n<h2 style=\"text-align: center;\"><span style=\"color: #ffffff;\"><strong>D\u00d3NDE<\/strong><\/span><\/h2>\n<\/div><\/div><\/div><div class=\"fusion-clearfix\"><\/div><\/div><\/div><\/div><\/div><div class=\"fusion-fullwidth fullwidth-box fusion-builder-row-9 nonhundred-percent-fullwidth non-hundred-percent-height-scrolling\" style=\"--awb-border-radius-top-left:0px;--awb-border-radius-top-right:0px;--awb-border-radius-bottom-right:0px;--awb-border-radius-bottom-left:0px;--awb-padding-top:5px;--awb-padding-right:0px;--awb-padding-bottom:5px;--awb-padding-left:0px;--awb-background-color:#ffffff;--awb-border-sizes-top:0px;--awb-border-sizes-bottom:0px;--awb-flex-wrap:wrap;\" ><div class=\"fusion-builder-row fusion-row\"><div class=\"fusion-layout-column fusion_builder_column fusion-builder-column-13 fusion_builder_column_1_1 1_1 fusion-one-full fusion-column-first fusion-column-last\" style=\"--awb-bg-position:center center;--awb-bg-size:cover;--awb-margin-bottom:0px;\"><div class=\"fusion-column-wrapper fusion-column-has-shadow fusion-flex-column-wrapper-legacy\"><div class=\"fusion-column-content-centered\"><div class=\"fusion-column-content\"><div class=\"fusion-image-element fusion-image-align-center in-legacy-container\" style=\"text-align:center;--awb-caption-title-font-family:var(--h2_typography-font-family);--awb-caption-title-font-weight:var(--h2_typography-font-weight);--awb-caption-title-font-style:var(--h2_typography-font-style);--awb-caption-title-size:var(--h2_typography-font-size);--awb-caption-title-transform:var(--h2_typography-text-transform);--awb-caption-title-line-height:var(--h2_typography-line-height);--awb-caption-title-letter-spacing:var(--h2_typography-letter-spacing);\"><div class=\"imageframe-align-center\"><span class=\" fusion-imageframe imageframe-none imageframe-4 hover-type-none\"><a class=\"fusion-no-lightbox\" href=\"https:\/\/goo.gl\/maps\/pxB6aY66EZRsoLKc7\" target=\"_self\" aria-label=\"mapa_infoday\"><img decoding=\"async\" width=\"1200\" height=\"283\" src=\"https:\/\/eurecat.org\/wp-content\/uploads\/2019\/05\/mapa_infoday-1200x283.jpg\" alt class=\"img-responsive wp-image-81526\" srcset=\"https:\/\/eurecat.org\/wp-content\/uploads\/2019\/05\/mapa_infoday-200x47.jpg 200w, https:\/\/eurecat.org\/wp-content\/uploads\/2019\/05\/mapa_infoday-400x94.jpg 400w, https:\/\/eurecat.org\/wp-content\/uploads\/2019\/05\/mapa_infoday-600x142.jpg 600w, https:\/\/eurecat.org\/wp-content\/uploads\/2019\/05\/mapa_infoday-800x189.jpg 800w, https:\/\/eurecat.org\/wp-content\/uploads\/2019\/05\/mapa_infoday-1200x283.jpg 1200w, https:\/\/eurecat.org\/wp-content\/uploads\/2019\/05\/mapa_infoday.jpg 1373w\" sizes=\"(max-width: 800px) 100vw, 1200px\" \/><\/a><\/span><\/div><\/div><\/div><\/div><div class=\"fusion-clearfix\"><\/div><\/div><\/div><\/div><\/div>\n","protected":false},"excerpt":{"rendered":"","protected":false},"author":24,"featured_media":81686,"parent":2777,"menu_order":40,"comment_status":"closed","ping_status":"closed","template":"100-width.php","meta":{"footnotes":""},"class_list":["post-81502","page","type-page","status-publish","has-post-thumbnail","hentry"],"yoast_head":"<!-- This site is optimized with the Yoast SEO plugin v27.5 - https:\/\/yoast.com\/product\/yoast-seo-wordpress\/ -->\n<title>Jornada Info Day: DIH-HERO<\/title>\n<meta name=\"description\" content=\"En aquesta jornada veurem: Metodologies i tecnologies que ens poden permetre treballar en dissenys modulars dels vagons que s\u2019adaptin a les necessitats del moment.Disseny participatiu, obert a la fluctuaci\u00f3 de la demanda i necessitats.Manteniment predictiu i control automatitzat, mutaci\u00f3 i flexibilitzaci\u00f3 d\u2019interiors en funci\u00f3 de l\u2019ocupaci\u00f3 a temps real i previsi\u00f3.\" \/>\n<meta name=\"robots\" content=\"index, follow, max-snippet:-1, max-image-preview:large, max-video-preview:-1\" \/>\n<link rel=\"canonical\" href=\"https:\/\/eurecat.org\/es\/servicios\/eurecatevents\/info-day-dih-hero-2\/\" \/>\n<meta property=\"og:locale\" content=\"es_ES\" \/>\n<meta property=\"og:type\" content=\"article\" \/>\n<meta property=\"og:title\" content=\"Jornada Info Day: DIH-HERO\" \/>\n<meta property=\"og:description\" content=\"En aquesta jornada veurem: Metodologies i tecnologies que ens poden permetre treballar en dissenys modulars dels vagons que s\u2019adaptin a les necessitats del moment.Disseny participatiu, obert a la fluctuaci\u00f3 de la demanda i necessitats.Manteniment predictiu i control automatitzat, mutaci\u00f3 i flexibilitzaci\u00f3 d\u2019interiors en funci\u00f3 de l\u2019ocupaci\u00f3 a temps real i previsi\u00f3.\" \/>\n<meta property=\"og:url\" content=\"https:\/\/eurecat.org\/es\/servicios\/eurecatevents\/info-day-dih-hero-2\/\" \/>\n<meta property=\"og:site_name\" content=\"Eurecat\" \/>\n<meta property=\"article:modified_time\" content=\"2019-07-09T12:40:32+00:00\" \/>\n<meta property=\"og:image\" content=\"https:\/\/eurecat.org\/wp-content\/uploads\/2019\/05\/BASEdestacada520x272_infoday_cast.jpg\" \/>\n\t<meta property=\"og:image:width\" content=\"520\" \/>\n\t<meta property=\"og:image:height\" content=\"272\" \/>\n\t<meta property=\"og:image:type\" content=\"image\/jpeg\" \/>\n<meta name=\"twitter:card\" content=\"summary_large_image\" \/>\n<meta name=\"twitter:label1\" content=\"Tiempo de lectura\" \/>\n\t<meta name=\"twitter:data1\" content=\"18 minutos\" \/>\n<script type=\"application\/ld+json\" class=\"yoast-schema-graph\">{\"@context\":\"https:\\\/\\\/schema.org\",\"@graph\":[{\"@type\":\"WebPage\",\"@id\":\"https:\\\/\\\/eurecat.org\\\/es\\\/servicios\\\/eurecatevents\\\/info-day-dih-hero-2\\\/\",\"url\":\"https:\\\/\\\/eurecat.org\\\/es\\\/servicios\\\/eurecatevents\\\/info-day-dih-hero-2\\\/\",\"name\":\"Jornada Info Day: DIH-HERO\",\"isPartOf\":{\"@id\":\"https:\\\/\\\/eurecat.org\\\/es\\\/#website\"},\"primaryImageOfPage\":{\"@id\":\"https:\\\/\\\/eurecat.org\\\/es\\\/servicios\\\/eurecatevents\\\/info-day-dih-hero-2\\\/#primaryimage\"},\"image\":{\"@id\":\"https:\\\/\\\/eurecat.org\\\/es\\\/servicios\\\/eurecatevents\\\/info-day-dih-hero-2\\\/#primaryimage\"},\"thumbnailUrl\":\"https:\\\/\\\/eurecat.org\\\/wp-content\\\/uploads\\\/2019\\\/05\\\/BASEdestacada520x272_infoday_cast.jpg\",\"datePublished\":\"2019-05-24T09:58:00+00:00\",\"dateModified\":\"2019-07-09T12:40:32+00:00\",\"description\":\"En aquesta jornada veurem: Metodologies i tecnologies que ens poden permetre treballar en dissenys modulars dels vagons que s\u2019adaptin a les necessitats del moment.Disseny participatiu, obert a la fluctuaci\u00f3 de la demanda i necessitats.Manteniment predictiu i control automatitzat, mutaci\u00f3 i flexibilitzaci\u00f3 d\u2019interiors en funci\u00f3 de l\u2019ocupaci\u00f3 a temps real i previsi\u00f3.\",\"breadcrumb\":{\"@id\":\"https:\\\/\\\/eurecat.org\\\/es\\\/servicios\\\/eurecatevents\\\/info-day-dih-hero-2\\\/#breadcrumb\"},\"inLanguage\":\"es\",\"potentialAction\":[{\"@type\":\"ReadAction\",\"target\":[\"https:\\\/\\\/eurecat.org\\\/es\\\/servicios\\\/eurecatevents\\\/info-day-dih-hero-2\\\/\"]}]},{\"@type\":\"ImageObject\",\"inLanguage\":\"es\",\"@id\":\"https:\\\/\\\/eurecat.org\\\/es\\\/servicios\\\/eurecatevents\\\/info-day-dih-hero-2\\\/#primaryimage\",\"url\":\"https:\\\/\\\/eurecat.org\\\/wp-content\\\/uploads\\\/2019\\\/05\\\/BASEdestacada520x272_infoday_cast.jpg\",\"contentUrl\":\"https:\\\/\\\/eurecat.org\\\/wp-content\\\/uploads\\\/2019\\\/05\\\/BASEdestacada520x272_infoday_cast.jpg\",\"width\":520,\"height\":272},{\"@type\":\"BreadcrumbList\",\"@id\":\"https:\\\/\\\/eurecat.org\\\/es\\\/servicios\\\/eurecatevents\\\/info-day-dih-hero-2\\\/#breadcrumb\",\"itemListElement\":[{\"@type\":\"ListItem\",\"position\":1,\"name\":\"Inici\",\"item\":\"https:\\\/\\\/eurecat.org\\\/es\\\/\"},{\"@type\":\"ListItem\",\"position\":2,\"name\":\"Actividades\",\"item\":\"https:\\\/\\\/eurecat.org\\\/es\\\/servicios\\\/\"},{\"@type\":\"ListItem\",\"position\":3,\"name\":\"Esdeveniments Eurecat\",\"item\":\"https:\\\/\\\/eurecat.org\\\/es\\\/servicios\\\/eurecatevents\\\/\"},{\"@type\":\"ListItem\",\"position\":4,\"name\":\"Jornada Info Day DIH-HERO\"}]},{\"@type\":\"WebSite\",\"@id\":\"https:\\\/\\\/eurecat.org\\\/es\\\/#website\",\"url\":\"https:\\\/\\\/eurecat.org\\\/es\\\/\",\"name\":\"Eurecat\",\"description\":\"Otro sitio realizado con WordPress\",\"potentialAction\":[{\"@type\":\"SearchAction\",\"target\":{\"@type\":\"EntryPoint\",\"urlTemplate\":\"https:\\\/\\\/eurecat.org\\\/es\\\/?s={search_term_string}\"},\"query-input\":{\"@type\":\"PropertyValueSpecification\",\"valueRequired\":true,\"valueName\":\"search_term_string\"}}],\"inLanguage\":\"es\"}]}<\/script>\n<!-- \/ Yoast SEO plugin. -->","yoast_head_json":{"title":"Jornada Info Day: DIH-HERO","description":"En aquesta jornada veurem: Metodologies i tecnologies que ens poden permetre treballar en dissenys modulars dels vagons que s\u2019adaptin a les necessitats del moment.Disseny participatiu, obert a la fluctuaci\u00f3 de la demanda i necessitats.Manteniment predictiu i control automatitzat, mutaci\u00f3 i flexibilitzaci\u00f3 d\u2019interiors en funci\u00f3 de l\u2019ocupaci\u00f3 a temps real i previsi\u00f3.","robots":{"index":"index","follow":"follow","max-snippet":"max-snippet:-1","max-image-preview":"max-image-preview:large","max-video-preview":"max-video-preview:-1"},"canonical":"https:\/\/eurecat.org\/es\/servicios\/eurecatevents\/info-day-dih-hero-2\/","og_locale":"es_ES","og_type":"article","og_title":"Jornada Info Day: DIH-HERO","og_description":"En aquesta jornada veurem: Metodologies i tecnologies que ens poden permetre treballar en dissenys modulars dels vagons que s\u2019adaptin a les necessitats del moment.Disseny participatiu, obert a la fluctuaci\u00f3 de la demanda i necessitats.Manteniment predictiu i control automatitzat, mutaci\u00f3 i flexibilitzaci\u00f3 d\u2019interiors en funci\u00f3 de l\u2019ocupaci\u00f3 a temps real i previsi\u00f3.","og_url":"https:\/\/eurecat.org\/es\/servicios\/eurecatevents\/info-day-dih-hero-2\/","og_site_name":"Eurecat","article_modified_time":"2019-07-09T12:40:32+00:00","og_image":[{"width":520,"height":272,"url":"https:\/\/eurecat.org\/wp-content\/uploads\/2019\/05\/BASEdestacada520x272_infoday_cast.jpg","type":"image\/jpeg"}],"twitter_card":"summary_large_image","twitter_misc":{"Tiempo de lectura":"18 minutos"},"schema":{"@context":"https:\/\/schema.org","@graph":[{"@type":"WebPage","@id":"https:\/\/eurecat.org\/es\/servicios\/eurecatevents\/info-day-dih-hero-2\/","url":"https:\/\/eurecat.org\/es\/servicios\/eurecatevents\/info-day-dih-hero-2\/","name":"Jornada Info Day: DIH-HERO","isPartOf":{"@id":"https:\/\/eurecat.org\/es\/#website"},"primaryImageOfPage":{"@id":"https:\/\/eurecat.org\/es\/servicios\/eurecatevents\/info-day-dih-hero-2\/#primaryimage"},"image":{"@id":"https:\/\/eurecat.org\/es\/servicios\/eurecatevents\/info-day-dih-hero-2\/#primaryimage"},"thumbnailUrl":"https:\/\/eurecat.org\/wp-content\/uploads\/2019\/05\/BASEdestacada520x272_infoday_cast.jpg","datePublished":"2019-05-24T09:58:00+00:00","dateModified":"2019-07-09T12:40:32+00:00","description":"En aquesta jornada veurem: Metodologies i tecnologies que ens poden permetre treballar en dissenys modulars dels vagons que s\u2019adaptin a les necessitats del moment.Disseny participatiu, obert a la fluctuaci\u00f3 de la demanda i necessitats.Manteniment predictiu i control automatitzat, mutaci\u00f3 i flexibilitzaci\u00f3 d\u2019interiors en funci\u00f3 de l\u2019ocupaci\u00f3 a temps real i previsi\u00f3.","breadcrumb":{"@id":"https:\/\/eurecat.org\/es\/servicios\/eurecatevents\/info-day-dih-hero-2\/#breadcrumb"},"inLanguage":"es","potentialAction":[{"@type":"ReadAction","target":["https:\/\/eurecat.org\/es\/servicios\/eurecatevents\/info-day-dih-hero-2\/"]}]},{"@type":"ImageObject","inLanguage":"es","@id":"https:\/\/eurecat.org\/es\/servicios\/eurecatevents\/info-day-dih-hero-2\/#primaryimage","url":"https:\/\/eurecat.org\/wp-content\/uploads\/2019\/05\/BASEdestacada520x272_infoday_cast.jpg","contentUrl":"https:\/\/eurecat.org\/wp-content\/uploads\/2019\/05\/BASEdestacada520x272_infoday_cast.jpg","width":520,"height":272},{"@type":"BreadcrumbList","@id":"https:\/\/eurecat.org\/es\/servicios\/eurecatevents\/info-day-dih-hero-2\/#breadcrumb","itemListElement":[{"@type":"ListItem","position":1,"name":"Inici","item":"https:\/\/eurecat.org\/es\/"},{"@type":"ListItem","position":2,"name":"Actividades","item":"https:\/\/eurecat.org\/es\/servicios\/"},{"@type":"ListItem","position":3,"name":"Esdeveniments Eurecat","item":"https:\/\/eurecat.org\/es\/servicios\/eurecatevents\/"},{"@type":"ListItem","position":4,"name":"Jornada Info Day DIH-HERO"}]},{"@type":"WebSite","@id":"https:\/\/eurecat.org\/es\/#website","url":"https:\/\/eurecat.org\/es\/","name":"Eurecat","description":"Otro sitio realizado con WordPress","potentialAction":[{"@type":"SearchAction","target":{"@type":"EntryPoint","urlTemplate":"https:\/\/eurecat.org\/es\/?s={search_term_string}"},"query-input":{"@type":"PropertyValueSpecification","valueRequired":true,"valueName":"search_term_string"}}],"inLanguage":"es"}]}},"_links":{"self":[{"href":"https:\/\/eurecat.org\/es\/wp-json\/wp\/v2\/pages\/81502","targetHints":{"allow":["GET"]}}],"collection":[{"href":"https:\/\/eurecat.org\/es\/wp-json\/wp\/v2\/pages"}],"about":[{"href":"https:\/\/eurecat.org\/es\/wp-json\/wp\/v2\/types\/page"}],"author":[{"embeddable":true,"href":"https:\/\/eurecat.org\/es\/wp-json\/wp\/v2\/users\/24"}],"replies":[{"embeddable":true,"href":"https:\/\/eurecat.org\/es\/wp-json\/wp\/v2\/comments?post=81502"}],"version-history":[{"count":0,"href":"https:\/\/eurecat.org\/es\/wp-json\/wp\/v2\/pages\/81502\/revisions"}],"up":[{"embeddable":true,"href":"https:\/\/eurecat.org\/es\/wp-json\/wp\/v2\/pages\/2777"}],"wp:featuredmedia":[{"embeddable":true,"href":"https:\/\/eurecat.org\/es\/wp-json\/wp\/v2\/media\/81686"}],"wp:attachment":[{"href":"https:\/\/eurecat.org\/es\/wp-json\/wp\/v2\/media?parent=81502"}],"curies":[{"name":"wp","href":"https:\/\/api.w.org\/{rel}","templated":true}]}}