{"id":94905,"date":"2020-01-23T11:33:13","date_gmt":"2020-01-23T11:33:13","guid":{"rendered":"https:\/\/eurecat.org\/servicios\/eurecatevents\/sessio-plastronica\/"},"modified":"2020-02-24T12:41:03","modified_gmt":"2020-02-24T12:41:03","slug":"sesion-plastronica","status":"publish","type":"page","link":"https:\/\/eurecat.org\/es\/servicios\/eurecatevents\/sesion-plastronica\/","title":{"rendered":"Sesi\u00f3n | Planta piloto de Plastr\u00f3nica"},"content":{"rendered":"<div class=\"fusion-fullwidth fullwidth-box fusion-builder-row-1 nonhundred-percent-fullwidth non-hundred-percent-height-scrolling\" style=\"--awb-border-radius-top-left:0px;--awb-border-radius-top-right:0px;--awb-border-radius-bottom-right:0px;--awb-border-radius-bottom-left:0px;--awb-padding-top:0px;--awb-padding-bottom:0px;--awb-background-color:#ffffff;--awb-flex-wrap:wrap;\" ><div class=\"fusion-builder-row fusion-row\"><div class=\"fusion-layout-column fusion_builder_column fusion-builder-column-0 fusion_builder_column_1_1 1_1 fusion-one-full fusion-column-first fusion-column-last\" style=\"--awb-bg-size:cover;\"><div class=\"fusion-column-wrapper fusion-column-has-shadow fusion-flex-column-wrapper-legacy\"><div class=\"fusion-text fusion-text-1\"><h1 style=\"text-align: center;\"><strong><span style=\"color: #3c3d91;\">Sesi\u00f3n Plastr\u00f3nica | Usos y aplicaciones para la Industria<\/span><\/strong><\/h1>\n<\/div><div class=\"fusion-clearfix\"><\/div><\/div><\/div><\/div><\/div><div class=\"fusion-fullwidth fullwidth-box fusion-builder-row-2 fusion-parallax-none hundred-percent-fullwidth non-hundred-percent-height-scrolling\" style=\"--awb-border-radius-top-left:0px;--awb-border-radius-top-right:0px;--awb-border-radius-bottom-right:0px;--awb-border-radius-bottom-left:0px;--awb-padding-top:220px;--awb-padding-bottom:220px;--awb-margin-top:20px;--awb-margin-bottom:40px;--awb-background-image:url(&quot;https:\/\/eurecat.org\/wp-content\/uploads\/2019\/12\/Imatge-Sessio-plastronica.jpg&quot;);--awb-background-size:cover;--awb-flex-wrap:wrap;\" ><div class=\"fusion-builder-row fusion-row\"><div class=\"fusion-layout-column fusion_builder_column fusion-builder-column-1 fusion_builder_column_1_1 1_1 fusion-one-full fusion-column-first fusion-column-last\" style=\"--awb-bg-size:cover;\"><div class=\"fusion-column-wrapper fusion-column-has-shadow fusion-flex-column-wrapper-legacy\"><div class=\"fusion-clearfix\"><\/div><\/div><\/div><\/div><\/div><div class=\"fusion-fullwidth fullwidth-box fusion-builder-row-3 nonhundred-percent-fullwidth non-hundred-percent-height-scrolling\" style=\"--awb-border-radius-top-left:0px;--awb-border-radius-top-right:0px;--awb-border-radius-bottom-right:0px;--awb-border-radius-bottom-left:0px;--awb-padding-top:20px;--awb-padding-bottom:20px;--awb-flex-wrap:wrap;\" ><div class=\"fusion-builder-row fusion-row\"><div class=\"fusion-layout-column fusion_builder_column fusion-builder-column-2 fusion_builder_column_3_5 3_5 fusion-three-fifth fusion-column-first\" style=\"--awb-padding-top:0px;--awb-padding-bottom:30px;--awb-bg-size:cover;--awb-margin-top:20px;width:60%;width:calc(60% - ( ( 4% ) * 0.6 ) );margin-right: 4%;\"><div class=\"fusion-column-wrapper fusion-column-has-shadow fusion-flex-column-wrapper-legacy\"><div class=\"fusion-text fusion-text-2\"><h2>D\u00eda:<strong><span style=\"color: #000000;\"> jueves, 27 de febrero de 2020<\/span><br \/>\n<\/strong>Horario:<strong> de 09.00h a 12.00h<\/strong><\/h2>\n<h2>Lugar:<strong> Eurecat &#8211; Cerdanyola<br \/>\n(Av. Universitat Aut\u00f2noma, 23<br \/>\n08290 Cerdanyola del Vall\u00e8s)\u00a0<\/strong><\/h2>\n<\/div><div class=\"fusion-text fusion-text-3\"><h3>En esta sesi\u00f3n conoceremos la nueva planta piloto de Plastr\u00f3nica de Eurecat, la primera de estas caracter\u00edsticas en Europa. La plastr\u00f2nica, tambi\u00e9n conocida como In Mold Electronics (IME), es una tecnolog\u00eda emergente que une la electr\u00f3nica y los materiales pl\u00e1sticos y que tiene como objetivo la obtenci\u00f3n de productos de alto valor a\u00f1adido dot\u00e1ndolos de funciones o prestaciones avanzadas, fabricados a gran escala.<br \/>\nLa Plastr\u00f2nica representa una revoluci\u00f3n para los sectores automoci\u00f3n, aeron\u00e1utica, packaging, electr\u00f3nica de consumo, m\u00e9dico o deportivo.<\/h3>\n<h3><\/h3>\n<\/div><div class=\"fusion-sep-clear\"><\/div><div class=\"fusion-separator fusion-full-width-sep\" style=\"margin-left: auto;margin-right: auto;width:100%;\"><\/div><div class=\"fusion-sep-clear\"><\/div><div class=\"fusion-sep-clear\"><\/div><div class=\"fusion-separator fusion-full-width-sep\" style=\"margin-left: auto;margin-right: auto;width:100%;\"><\/div><div class=\"fusion-sep-clear\"><\/div><div class=\"fusion-button-wrapper\"><a class=\"fusion-button button-flat fusion-button-default-size button-default fusion-button-default button-1 fusion-button-default-span fusion-button-default-type\" target=\"_blank\" rel=\"noopener noreferrer\" href=\"https:\/\/eurecat.org\/wp-content\/uploads\/2020\/02\/Programa-Sessio-Plastronica_cas_270220.pdf\"><span class=\"fusion-button-text awb-button__text awb-button__text--default\">DESC\u00c1RGATE EL PROGRAMA<\/span><i class=\"fa-keyboard fas awb-button__icon awb-button__icon--default button-icon-right\" aria-hidden=\"true\"><\/i><\/a><\/div><div class=\"fusion-sep-clear\"><\/div><div class=\"fusion-separator fusion-full-width-sep\" style=\"margin-left: auto;margin-right: auto;margin-top:10px;width:100%;\"><\/div><div class=\"fusion-sep-clear\"><\/div><div class=\"fusion-clearfix\"><\/div><\/div><\/div><div class=\"fusion-layout-column fusion_builder_column fusion-builder-column-3 fusion_builder_column_2_5 2_5 fusion-two-fifth fusion-column-last\" style=\"--awb-bg-size:cover;width:40%;width:calc(40% - ( ( 4% ) * 0.4 ) );\"><div class=\"fusion-column-wrapper fusion-column-has-shadow fusion-flex-column-wrapper-legacy\"><div class=\"fusion-sep-clear\"><\/div><div class=\"fusion-separator fusion-full-width-sep\" style=\"margin-left: auto;margin-right: auto;width:100%;\"><\/div><div class=\"fusion-sep-clear\"><\/div><div class=\"fusion-sep-clear\"><\/div><div class=\"fusion-separator fusion-full-width-sep\" style=\"margin-left: auto;margin-right: auto;width:100%;\"><\/div><div class=\"fusion-sep-clear\"><\/div><div class=\"fusion-sep-clear\"><\/div><div class=\"fusion-separator fusion-full-width-sep\" style=\"margin-left: auto;margin-right: auto;width:100%;\"><\/div><div class=\"fusion-sep-clear\"><\/div><div class=\"fusion-text fusion-text-4\"><h2><span style=\"color: #3d6fb6;\"><strong>Te interesa si eres:<\/strong><\/span><\/h2>\n<ul>\n<li>\n<h3>Una PYME, gran empresa o entidad tecnol\u00f3gica vinculada a la sens\u00f3rica, la dom\u00f3tica, la fabricaci\u00f3n de componentes pl\u00e1sticos, etc. que trabaje o quiera trabajar para aportar nuevas funcionalidades a su producto.<\/h3>\n<\/li>\n<li>\n<h3>Una PYME industrial con un reto relacionado con estas tecnolog\u00edas que quiera implementar una soluci\u00f3n innovadora en la empresa.<\/h3>\n<\/li>\n<li>\n<h3>Una gran empresa, asociaci\u00f3n u otro tipo de entidad con necesidad de un producto con mayor valor a\u00f1adido, que incorpore nuevas funciones y servicios m\u00e1s complejos: smart; que conecten entre s\u00ed para compartir informaci\u00f3n en tiempo real; con multitecnolog\u00eda, que integren electr\u00f3nica; que incorporen materiales avanzados, con dise\u00f1os atractivos y funcionales.<\/h3>\n<\/li>\n<\/ul>\n<\/div><div class=\"fusion-sep-clear\"><\/div><div class=\"fusion-separator fusion-full-width-sep\" style=\"margin-left: auto;margin-right: auto;width:100%;\"><\/div><div class=\"fusion-sep-clear\"><\/div><div class=\"fusion-button-wrapper\"><a class=\"fusion-button button-flat fusion-button-default-size button-default fusion-button-default button-2 fusion-button-default-span fusion-button-default-type\" target=\"_blank\" rel=\"noopener noreferrer\" href=\"https:\/\/www.tfaforms.com\/4778736\"><span class=\"fusion-button-text awb-button__text awb-button__text--default\">Inscr\u00edbete<\/span><i class=\"fa-keyboard fas awb-button__icon awb-button__icon--default button-icon-right\" aria-hidden=\"true\"><\/i><\/a><\/div><div class=\"fusion-sep-clear\"><\/div><div class=\"fusion-separator fusion-full-width-sep\" style=\"margin-left: auto;margin-right: auto;width:100%;\"><\/div><div class=\"fusion-sep-clear\"><\/div><div class=\"fusion-clearfix\"><\/div><\/div><\/div><\/div><\/div><div class=\"fusion-fullwidth fullwidth-box fusion-builder-row-4 nonhundred-percent-fullwidth non-hundred-percent-height-scrolling\" style=\"--awb-border-radius-top-left:0px;--awb-border-radius-top-right:0px;--awb-border-radius-bottom-right:0px;--awb-border-radius-bottom-left:0px;--awb-padding-top:10px;--awb-padding-bottom:10px;--awb-background-color:#3d6fb6;--awb-flex-wrap:wrap;\" ><div class=\"fusion-builder-row fusion-row\"><div class=\"fusion-layout-column fusion_builder_column fusion-builder-column-4 fusion_builder_column_1_1 1_1 fusion-one-full fusion-column-first fusion-column-last\" style=\"--awb-bg-size:cover;\"><div class=\"fusion-column-wrapper fusion-column-has-shadow fusion-flex-column-wrapper-legacy\"><div class=\"fusion-text fusion-text-5\"><h2 style=\"text-align: center;\"><strong><span style=\"color: #ffffff;\"><br \/>\nPROGRAMA<\/span><\/strong><\/h2>\n<\/div><div class=\"fusion-clearfix\"><\/div><\/div><\/div><\/div><\/div><div class=\"fusion-fullwidth fullwidth-box fusion-builder-row-5 nonhundred-percent-fullwidth non-hundred-percent-height-scrolling\" style=\"--awb-border-radius-top-left:0px;--awb-border-radius-top-right:0px;--awb-border-radius-bottom-right:0px;--awb-border-radius-bottom-left:0px;--awb-padding-top:10px;--awb-padding-bottom:10px;--awb-background-color:#ffffff;--awb-flex-wrap:wrap;\" ><div class=\"fusion-builder-row fusion-row\"><div class=\"fusion-layout-column fusion_builder_column fusion-builder-column-5 fusion_builder_column_1_5 1_5 fusion-one-fifth fusion-column-first\" style=\"--awb-bg-size:cover;width:20%;width:calc(20% - ( ( 4% ) * 0.2 ) );margin-right: 4%;\"><div class=\"fusion-column-wrapper fusion-column-has-shadow fusion-flex-column-wrapper-legacy\"><div class=\"fusion-clearfix\"><\/div><\/div><\/div><div class=\"fusion-layout-column fusion_builder_column fusion-builder-column-6 fusion_builder_column_4_5 4_5 fusion-four-fifth fusion-column-last\" style=\"--awb-padding-right:40px;--awb-padding-left:20px;--awb-overflow:hidden;--awb-bg-size:cover;--awb-border-color:#3d6fb6;--awb-border-left:3px;--awb-border-style:solid;--awb-border-radius:0px 20px 0px 0px;width:80%;width:calc(80% - ( ( 4% ) * 0.8 ) );\"><div class=\"fusion-column-wrapper fusion-column-has-shadow fusion-flex-column-wrapper-legacy\"><div class=\"fusion-text fusion-text-6\"><p><span style=\"color: #3d6fb6;\"><strong>09.00h\u00a0<\/strong><\/span><\/p>\n<\/div><div class=\"fusion-text fusion-text-7\"><h3><strong>Recepci\u00f3n de los asistentes<\/strong><\/h3>\n<\/div><div class=\"fusion-text fusion-text-8\"><p><span style=\"color: #3d6fb6;\"><strong>09.15h\u00a0<\/strong><\/span><\/p>\n<\/div><div class=\"fusion-text fusion-text-9\"><h3><span style=\"color: #000000;\"><strong>Bienvenida y presentaci\u00f3n de la sesi\u00f3n<\/strong><\/span><\/h3>\n<div><\/div>\n<div><\/div>\n<div><\/div>\n<div><\/div>\n<div><\/div>\n<div><\/div>\n<div><\/div>\n<div><\/div>\n<div><\/div>\n<div><\/div>\n<div><\/div>\n<div><\/div>\n<div><\/div>\n<div><\/div>\n<\/div><div class=\"fusion-text fusion-text-10\"><p><span style=\"color: #3d6fb6;\"><strong>09.30h\u00a0<\/strong><\/span><\/p>\n<\/div><div class=\"fusion-text fusion-text-11\"><h3><strong><span style=\"color: #1e4192;\"><span style=\"color: #000000;\">Ponencia: &#8216;A\u00f1adiendo inteligencia y funciones a los componentes pl\u00e1sticos\u2019<br \/>\n<b><i>Dr. Paul <\/i><\/b><b><i>Lacharmoise<\/i><\/b><b><i>, <\/i><\/b><\/span><\/span><\/strong><span style=\"color: #1e4192;\"><span style=\"color: #000000;\"><i>director de la unidad de Impresi\u00f3n Funcional y Dispositivos Integrados de Eurecat<\/i><\/span><\/span><\/h3>\n<\/div><div class=\"fusion-text fusion-text-12\"><p><span style=\"color: #3d6fb6;\"><strong>10.00h\u00a0<\/strong><\/span><\/p>\n<\/div><div class=\"fusion-text fusion-text-13\"><h3><strong>Ponencia: &#8216;Funcionalizaci\u00f3n de superficies mediante la sobre-inyecci\u00f3n de circuitos impresos&#8217;<\/strong><b><br \/>\n<\/b><b><i>Dr. <\/i><\/b><b><i>Enric<\/i><\/b> <b><i>Fontdecaba<\/i><\/b><b><i>, <\/i><\/b><i>director de la unidad de Materiales Polim\u00e9ricos y Procesos de <\/i><i>Eurecat<\/i><\/h3>\n<\/div><div class=\"fusion-text fusion-text-14\"><p><span style=\"color: #3d6fb6;\"><strong>10.30h\u00a0<\/strong><\/span><\/p>\n<\/div><div class=\"fusion-text fusion-text-15\"><h3><strong><span style=\"color: #1e4192;\"><span style=\"color: #000000;\"><b>&#8216;Retos: desaf\u00edos y oportunidades de la <\/b><b>IoT&#8217;<\/b><\/span><\/span><\/strong><\/h3>\n<\/div><div class=\"fusion-text fusion-text-16\"><p><span style=\"color: #3d6fb6;\"><strong>11.00h\u00a0<\/strong><\/span><\/p>\n<\/div><div class=\"fusion-text fusion-text-17\"><h3><strong><span style=\"color: #1e4192;\"><span style=\"color: #000000;\">Visita a la planta piloto de Plastr\u00f3nica de Eurecat<\/span><\/span><\/strong><\/h3>\n<\/div><div class=\"fusion-text fusion-text-18\"><p><span style=\"color: #3d6fb6;\"><strong>12.00h\u00a0<\/strong><\/span><\/p>\n<\/div><div class=\"fusion-text fusion-text-19\"><h3><strong><span style=\"color: #000000;\">Conclusiones y fin de la sesi\u00f3n<\/span><\/strong><\/h3>\n<\/div><div class=\"fusion-clearfix\"><\/div><\/div><\/div><\/div><\/div><div class=\"fusion-fullwidth fullwidth-box fusion-builder-row-6 nonhundred-percent-fullwidth non-hundred-percent-height-scrolling\" style=\"--awb-border-radius-top-left:0px;--awb-border-radius-top-right:0px;--awb-border-radius-bottom-right:0px;--awb-border-radius-bottom-left:0px;--awb-padding-top:10px;--awb-padding-bottom:10px;--awb-background-color:#3d6fb6;--awb-flex-wrap:wrap;\" ><div class=\"fusion-builder-row fusion-row\"><div class=\"fusion-layout-column fusion_builder_column fusion-builder-column-7 fusion_builder_column_1_1 1_1 fusion-one-full fusion-column-first fusion-column-last\" style=\"--awb-bg-size:cover;\"><div class=\"fusion-column-wrapper fusion-column-has-shadow fusion-flex-column-wrapper-legacy\"><div class=\"fusion-text fusion-text-20\"><h2><\/h2>\n<h2 style=\"text-align: center;\"><strong><span style=\"color: #ffffff;\">PONENTES<\/span><\/strong><\/h2>\n<\/div><div class=\"fusion-clearfix\"><\/div><\/div><\/div><\/div><\/div><div class=\"fusion-fullwidth fullwidth-box fusion-builder-row-7 nonhundred-percent-fullwidth non-hundred-percent-height-scrolling\" style=\"--awb-border-radius-top-left:0px;--awb-border-radius-top-right:0px;--awb-border-radius-bottom-right:0px;--awb-border-radius-bottom-left:0px;--awb-padding-top:20px;--awb-padding-bottom:40px;--awb-background-color:#ffffff;--awb-flex-wrap:wrap;\" ><div class=\"fusion-builder-row fusion-row\"><div class=\"fusion-layout-column fusion_builder_column fusion-builder-column-8 fusion_builder_column_1_5 1_5 fusion-one-fifth fusion-column-first\" style=\"--awb-bg-size:cover;width:20%;width:calc(20% - ( ( 4% ) * 0.2 ) );margin-right: 4%;\"><div class=\"fusion-column-wrapper fusion-column-has-shadow fusion-flex-column-wrapper-legacy\"><div class=\"fusion-image-element in-legacy-container\" style=\"--awb-caption-title-font-family:var(--h2_typography-font-family);--awb-caption-title-font-weight:var(--h2_typography-font-weight);--awb-caption-title-font-style:var(--h2_typography-font-style);--awb-caption-title-size:var(--h2_typography-font-size);--awb-caption-title-transform:var(--h2_typography-text-transform);--awb-caption-title-line-height:var(--h2_typography-line-height);--awb-caption-title-letter-spacing:var(--h2_typography-letter-spacing);\"><span class=\" fusion-imageframe imageframe-none imageframe-1 hover-type-none\"><img decoding=\"async\" width=\"200\" height=\"158\" title=\"Enric-Fontdecaba\" src=\"https:\/\/eurecat.org\/wp-content\/uploads\/2019\/12\/Enric-Fontdecaba.jpg\" alt class=\"img-responsive wp-image-94006\"\/><\/span><\/div><div class=\"fusion-clearfix\"><\/div><\/div><\/div><div class=\"fusion-layout-column fusion_builder_column fusion-builder-column-9 fusion_builder_column_4_5 4_5 fusion-four-fifth fusion-column-last\" style=\"--awb-bg-size:cover;width:80%;width:calc(80% - ( ( 4% ) * 0.8 ) );\"><div class=\"fusion-column-wrapper fusion-column-has-shadow fusion-flex-column-wrapper-legacy\"><div class=\"fusion-text fusion-text-21\"><h3><span style=\"color: #3c3d91;\"><strong>ENRIC FONTDECABA, <span style=\"color: #3c3d91;\">director<\/span> de la unidad de Materiales Polim\u00e9ricos y Procesos de Eurecat<\/strong><\/span><\/h3>\n<p>Es Ingeniero de Telecomunicaciones por la Universitat Polit\u00e8cnica de Catalunya y Diplomado en Ciencias Empresariales por la Universitat Oberta de Catalunya.<br \/>\nSu formaci\u00f3n se completa con un Doctorado en Arquitectura de Computadores por la Universitat Polit\u00e8cnica de Catalunya.<br \/>\nDurante 20 a\u00f1os ha estado vinculado a la industria de la \u00f3ptica, 10 a\u00f1os en investigaci\u00f3n y desarrollo de nuevos productos y 10 a\u00f1os en la direcci\u00f3n de operaciones. Desde hace 3 a\u00f1os dirige la Unidad de Materiales Termopl\u00e1sticos de Eurecat.<\/p>\n<\/div><div class=\"fusion-clearfix\"><\/div><\/div><\/div><div class=\"fusion-layout-column fusion_builder_column fusion-builder-column-10 fusion_builder_column_1_5 1_5 fusion-one-fifth fusion-column-first\" style=\"--awb-bg-size:cover;width:20%;width:calc(20% - ( ( 4% ) * 0.2 ) );margin-right: 4%;\"><div class=\"fusion-column-wrapper fusion-column-has-shadow fusion-flex-column-wrapper-legacy\"><div class=\"fusion-image-element in-legacy-container\" style=\"--awb-caption-title-font-family:var(--h2_typography-font-family);--awb-caption-title-font-weight:var(--h2_typography-font-weight);--awb-caption-title-font-style:var(--h2_typography-font-style);--awb-caption-title-size:var(--h2_typography-font-size);--awb-caption-title-transform:var(--h2_typography-text-transform);--awb-caption-title-line-height:var(--h2_typography-line-height);--awb-caption-title-letter-spacing:var(--h2_typography-letter-spacing);\"><span class=\" fusion-imageframe imageframe-none imageframe-2 hover-type-none\"><img decoding=\"async\" width=\"200\" height=\"158\" title=\"Paul-Lacharmoise\" src=\"https:\/\/eurecat.org\/wp-content\/uploads\/2019\/12\/Paul-Lacharmoise.jpg\" alt class=\"img-responsive wp-image-94009\"\/><\/span><\/div><div class=\"fusion-clearfix\"><\/div><\/div><\/div><div class=\"fusion-layout-column fusion_builder_column fusion-builder-column-11 fusion_builder_column_4_5 4_5 fusion-four-fifth fusion-column-last\" style=\"--awb-bg-size:cover;width:80%;width:calc(80% - ( ( 4% ) * 0.8 ) );\"><div class=\"fusion-column-wrapper fusion-column-has-shadow fusion-flex-column-wrapper-legacy\"><div class=\"fusion-text fusion-text-22\"><h3><span style=\"color: #3c3d91;\"><strong>PAUL LACHARMOISE, director de la unidad de Impresi\u00f3n Funcional y Dispositivos Integrados de Eurecat<\/strong><\/span><\/h3>\n<p>Doctor en F\u00edsica por Instituto de Ciencia de Materiales de Barcelona.<br \/>\nInvestig\u00f3 semiconductores org\u00e1nicos en el campo de la espectroscop\u00eda de mol\u00e9cula \u00fanica y fotoluminiscencia de campo similar de nanocristales org\u00e1nicos. Posteriormente, se decant\u00f3 por la investigaci\u00f3n aplicada en el campo de la electr\u00f3nica impresa, especialmente en los dispositivos fotovoltaicos y optoelectr\u00f3nicos org\u00e1nicos.<br \/>\nEs co-autor de 20 art\u00edculos revisados en revistas cient\u00edficas y ha participado en varios proyectos de investigaci\u00f3n en electr\u00f3nica impresa tanto a nivel europeo como espa\u00f1ol.<br \/>\nActualmente dirige la Unidad de Impresi\u00f3n Funcional y Dispositivos Embebidos en el Centro Tecnol\u00f3gico Eurecat.<\/p>\n<\/div><div class=\"fusion-clearfix\"><\/div><\/div><\/div><\/div><\/div><div class=\"fusion-fullwidth fullwidth-box fusion-builder-row-8 nonhundred-percent-fullwidth non-hundred-percent-height-scrolling\" style=\"--awb-border-radius-top-left:0px;--awb-border-radius-top-right:0px;--awb-border-radius-bottom-right:0px;--awb-border-radius-bottom-left:0px;--awb-padding-top:10px;--awb-padding-bottom:10px;--awb-background-color:#3d6fb6;--awb-flex-wrap:wrap;\" ><div class=\"fusion-builder-row fusion-row\"><div class=\"fusion-layout-column fusion_builder_column fusion-builder-column-12 fusion_builder_column_1_1 1_1 fusion-one-full fusion-column-first fusion-column-last\" style=\"--awb-bg-size:cover;\"><div class=\"fusion-column-wrapper fusion-column-has-shadow fusion-flex-column-wrapper-legacy\"><div class=\"fusion-text fusion-text-23\"><h2><\/h2>\n<h2 style=\"text-align: center;\"><strong><span style=\"color: #ffffff;\">DONDE:<\/span><\/strong><\/h2>\n<\/div><div class=\"fusion-clearfix\"><\/div><\/div><\/div><\/div><\/div><div class=\"fusion-fullwidth fullwidth-box fusion-builder-row-9 nonhundred-percent-fullwidth non-hundred-percent-height-scrolling\" style=\"--awb-border-radius-top-left:0px;--awb-border-radius-top-right:0px;--awb-border-radius-bottom-right:0px;--awb-border-radius-bottom-left:0px;--awb-padding-top:5px;--awb-padding-right:0px;--awb-padding-bottom:5px;--awb-padding-left:0px;--awb-background-color:#ffffff;--awb-flex-wrap:wrap;\" ><div class=\"fusion-builder-row fusion-row\"><div class=\"fusion-layout-column fusion_builder_column fusion-builder-column-13 fusion_builder_column_1_1 1_1 fusion-one-full fusion-column-first fusion-column-last\" style=\"--awb-bg-size:cover;--awb-margin-bottom:0px;\"><div class=\"fusion-column-wrapper fusion-column-has-shadow fusion-flex-column-wrapper-legacy\"><div class=\"fusion-column-content-centered\"><div class=\"fusion-column-content\"><iframe src=\"https:\/\/www.google.com\/maps\/embed?pb=!1m14!1m8!1m3!1d1494.3558612783834!2d2.125834!3d41.4888491!3m2!1i1024!2i768!4f13.1!3m3!1m2!1s0x12a49613238c3c1f%3A0xb7f38da751c1b3ae!2sEurecat%20-%20Cerdanyola!5e0!3m2!1sca!2ses!4v1575995737062!5m2!1sca!2ses\" width=\"1400\" height=\"450\" frameborder=\"0\" style=\"border:0;\" allowfullscreen=\"\"><\/iframe><\/div><\/div><div class=\"fusion-clearfix\"><\/div><\/div><\/div><\/div><\/div>\n","protected":false},"excerpt":{"rendered":"","protected":false},"author":21,"featured_media":95374,"parent":2777,"menu_order":46,"comment_status":"closed","ping_status":"closed","template":"100-width.php","meta":{"footnotes":""},"class_list":["post-94905","page","type-page","status-publish","has-post-thumbnail","hentry"],"yoast_head":"<!-- This site is optimized with the Yoast SEO plugin v27.5 - https:\/\/yoast.com\/product\/yoast-seo-wordpress\/ -->\n<title>Sesi\u00f3n | Planta piloto de Plastr\u00f3nica - Eurecat<\/title>\n<meta name=\"robots\" content=\"index, follow, max-snippet:-1, max-image-preview:large, max-video-preview:-1\" \/>\n<link rel=\"canonical\" href=\"https:\/\/eurecat.org\/es\/servicios\/eurecatevents\/sesion-plastronica\/\" \/>\n<meta property=\"og:locale\" content=\"es_ES\" \/>\n<meta property=\"og:type\" content=\"article\" \/>\n<meta property=\"og:title\" content=\"Sesi\u00f3n | Planta piloto de Plastr\u00f3nica - Eurecat\" \/>\n<meta property=\"og:url\" content=\"https:\/\/eurecat.org\/es\/servicios\/eurecatevents\/sesion-plastronica\/\" \/>\n<meta property=\"og:site_name\" content=\"Eurecat\" \/>\n<meta property=\"article:modified_time\" content=\"2020-02-24T12:41:03+00:00\" \/>\n<meta property=\"og:image\" content=\"https:\/\/eurecat.org\/wp-content\/uploads\/2020\/01\/Linkedin_cast_1040x544.jpg\" \/>\n\t<meta property=\"og:image:width\" content=\"1040\" \/>\n\t<meta property=\"og:image:height\" content=\"544\" \/>\n\t<meta property=\"og:image:type\" content=\"image\/jpeg\" \/>\n<meta name=\"twitter:card\" content=\"summary_large_image\" \/>\n<meta name=\"twitter:label1\" content=\"Tiempo de lectura\" \/>\n\t<meta name=\"twitter:data1\" content=\"21 minutos\" \/>\n<script type=\"application\/ld+json\" class=\"yoast-schema-graph\">{\"@context\":\"https:\\\/\\\/schema.org\",\"@graph\":[{\"@type\":\"WebPage\",\"@id\":\"https:\\\/\\\/eurecat.org\\\/es\\\/servicios\\\/eurecatevents\\\/sesion-plastronica\\\/\",\"url\":\"https:\\\/\\\/eurecat.org\\\/es\\\/servicios\\\/eurecatevents\\\/sesion-plastronica\\\/\",\"name\":\"Sesi\u00f3n | Planta piloto de Plastr\u00f3nica - Eurecat\",\"isPartOf\":{\"@id\":\"https:\\\/\\\/eurecat.org\\\/es\\\/#website\"},\"primaryImageOfPage\":{\"@id\":\"https:\\\/\\\/eurecat.org\\\/es\\\/servicios\\\/eurecatevents\\\/sesion-plastronica\\\/#primaryimage\"},\"image\":{\"@id\":\"https:\\\/\\\/eurecat.org\\\/es\\\/servicios\\\/eurecatevents\\\/sesion-plastronica\\\/#primaryimage\"},\"thumbnailUrl\":\"https:\\\/\\\/eurecat.org\\\/wp-content\\\/uploads\\\/2020\\\/01\\\/Linkedin_cast_1040x544.jpg\",\"datePublished\":\"2020-01-23T11:33:13+00:00\",\"dateModified\":\"2020-02-24T12:41:03+00:00\",\"breadcrumb\":{\"@id\":\"https:\\\/\\\/eurecat.org\\\/es\\\/servicios\\\/eurecatevents\\\/sesion-plastronica\\\/#breadcrumb\"},\"inLanguage\":\"es\",\"potentialAction\":[{\"@type\":\"ReadAction\",\"target\":[\"https:\\\/\\\/eurecat.org\\\/es\\\/servicios\\\/eurecatevents\\\/sesion-plastronica\\\/\"]}]},{\"@type\":\"ImageObject\",\"inLanguage\":\"es\",\"@id\":\"https:\\\/\\\/eurecat.org\\\/es\\\/servicios\\\/eurecatevents\\\/sesion-plastronica\\\/#primaryimage\",\"url\":\"https:\\\/\\\/eurecat.org\\\/wp-content\\\/uploads\\\/2020\\\/01\\\/Linkedin_cast_1040x544.jpg\",\"contentUrl\":\"https:\\\/\\\/eurecat.org\\\/wp-content\\\/uploads\\\/2020\\\/01\\\/Linkedin_cast_1040x544.jpg\",\"width\":1040,\"height\":544},{\"@type\":\"BreadcrumbList\",\"@id\":\"https:\\\/\\\/eurecat.org\\\/es\\\/servicios\\\/eurecatevents\\\/sesion-plastronica\\\/#breadcrumb\",\"itemListElement\":[{\"@type\":\"ListItem\",\"position\":1,\"name\":\"Inici\",\"item\":\"https:\\\/\\\/eurecat.org\\\/es\\\/\"},{\"@type\":\"ListItem\",\"position\":2,\"name\":\"Actividades\",\"item\":\"https:\\\/\\\/eurecat.org\\\/es\\\/servicios\\\/\"},{\"@type\":\"ListItem\",\"position\":3,\"name\":\"Esdeveniments Eurecat\",\"item\":\"https:\\\/\\\/eurecat.org\\\/es\\\/servicios\\\/eurecatevents\\\/\"},{\"@type\":\"ListItem\",\"position\":4,\"name\":\"Sesi\u00f3n | Planta piloto de Plastr\u00f3nica\"}]},{\"@type\":\"WebSite\",\"@id\":\"https:\\\/\\\/eurecat.org\\\/es\\\/#website\",\"url\":\"https:\\\/\\\/eurecat.org\\\/es\\\/\",\"name\":\"Eurecat\",\"description\":\"Otro sitio realizado con WordPress\",\"potentialAction\":[{\"@type\":\"SearchAction\",\"target\":{\"@type\":\"EntryPoint\",\"urlTemplate\":\"https:\\\/\\\/eurecat.org\\\/es\\\/?s={search_term_string}\"},\"query-input\":{\"@type\":\"PropertyValueSpecification\",\"valueRequired\":true,\"valueName\":\"search_term_string\"}}],\"inLanguage\":\"es\"}]}<\/script>\n<!-- \/ Yoast SEO plugin. -->","yoast_head_json":{"title":"Sesi\u00f3n | Planta piloto de Plastr\u00f3nica - Eurecat","robots":{"index":"index","follow":"follow","max-snippet":"max-snippet:-1","max-image-preview":"max-image-preview:large","max-video-preview":"max-video-preview:-1"},"canonical":"https:\/\/eurecat.org\/es\/servicios\/eurecatevents\/sesion-plastronica\/","og_locale":"es_ES","og_type":"article","og_title":"Sesi\u00f3n | Planta piloto de Plastr\u00f3nica - Eurecat","og_url":"https:\/\/eurecat.org\/es\/servicios\/eurecatevents\/sesion-plastronica\/","og_site_name":"Eurecat","article_modified_time":"2020-02-24T12:41:03+00:00","og_image":[{"width":1040,"height":544,"url":"https:\/\/eurecat.org\/wp-content\/uploads\/2020\/01\/Linkedin_cast_1040x544.jpg","type":"image\/jpeg"}],"twitter_card":"summary_large_image","twitter_misc":{"Tiempo de lectura":"21 minutos"},"schema":{"@context":"https:\/\/schema.org","@graph":[{"@type":"WebPage","@id":"https:\/\/eurecat.org\/es\/servicios\/eurecatevents\/sesion-plastronica\/","url":"https:\/\/eurecat.org\/es\/servicios\/eurecatevents\/sesion-plastronica\/","name":"Sesi\u00f3n | Planta piloto de Plastr\u00f3nica - Eurecat","isPartOf":{"@id":"https:\/\/eurecat.org\/es\/#website"},"primaryImageOfPage":{"@id":"https:\/\/eurecat.org\/es\/servicios\/eurecatevents\/sesion-plastronica\/#primaryimage"},"image":{"@id":"https:\/\/eurecat.org\/es\/servicios\/eurecatevents\/sesion-plastronica\/#primaryimage"},"thumbnailUrl":"https:\/\/eurecat.org\/wp-content\/uploads\/2020\/01\/Linkedin_cast_1040x544.jpg","datePublished":"2020-01-23T11:33:13+00:00","dateModified":"2020-02-24T12:41:03+00:00","breadcrumb":{"@id":"https:\/\/eurecat.org\/es\/servicios\/eurecatevents\/sesion-plastronica\/#breadcrumb"},"inLanguage":"es","potentialAction":[{"@type":"ReadAction","target":["https:\/\/eurecat.org\/es\/servicios\/eurecatevents\/sesion-plastronica\/"]}]},{"@type":"ImageObject","inLanguage":"es","@id":"https:\/\/eurecat.org\/es\/servicios\/eurecatevents\/sesion-plastronica\/#primaryimage","url":"https:\/\/eurecat.org\/wp-content\/uploads\/2020\/01\/Linkedin_cast_1040x544.jpg","contentUrl":"https:\/\/eurecat.org\/wp-content\/uploads\/2020\/01\/Linkedin_cast_1040x544.jpg","width":1040,"height":544},{"@type":"BreadcrumbList","@id":"https:\/\/eurecat.org\/es\/servicios\/eurecatevents\/sesion-plastronica\/#breadcrumb","itemListElement":[{"@type":"ListItem","position":1,"name":"Inici","item":"https:\/\/eurecat.org\/es\/"},{"@type":"ListItem","position":2,"name":"Actividades","item":"https:\/\/eurecat.org\/es\/servicios\/"},{"@type":"ListItem","position":3,"name":"Esdeveniments Eurecat","item":"https:\/\/eurecat.org\/es\/servicios\/eurecatevents\/"},{"@type":"ListItem","position":4,"name":"Sesi\u00f3n | Planta piloto de Plastr\u00f3nica"}]},{"@type":"WebSite","@id":"https:\/\/eurecat.org\/es\/#website","url":"https:\/\/eurecat.org\/es\/","name":"Eurecat","description":"Otro sitio realizado con WordPress","potentialAction":[{"@type":"SearchAction","target":{"@type":"EntryPoint","urlTemplate":"https:\/\/eurecat.org\/es\/?s={search_term_string}"},"query-input":{"@type":"PropertyValueSpecification","valueRequired":true,"valueName":"search_term_string"}}],"inLanguage":"es"}]}},"_links":{"self":[{"href":"https:\/\/eurecat.org\/es\/wp-json\/wp\/v2\/pages\/94905","targetHints":{"allow":["GET"]}}],"collection":[{"href":"https:\/\/eurecat.org\/es\/wp-json\/wp\/v2\/pages"}],"about":[{"href":"https:\/\/eurecat.org\/es\/wp-json\/wp\/v2\/types\/page"}],"author":[{"embeddable":true,"href":"https:\/\/eurecat.org\/es\/wp-json\/wp\/v2\/users\/21"}],"replies":[{"embeddable":true,"href":"https:\/\/eurecat.org\/es\/wp-json\/wp\/v2\/comments?post=94905"}],"version-history":[{"count":0,"href":"https:\/\/eurecat.org\/es\/wp-json\/wp\/v2\/pages\/94905\/revisions"}],"up":[{"embeddable":true,"href":"https:\/\/eurecat.org\/es\/wp-json\/wp\/v2\/pages\/2777"}],"wp:featuredmedia":[{"embeddable":true,"href":"https:\/\/eurecat.org\/es\/wp-json\/wp\/v2\/media\/95374"}],"wp:attachment":[{"href":"https:\/\/eurecat.org\/es\/wp-json\/wp\/v2\/media?parent=94905"}],"curies":[{"name":"wp","href":"https:\/\/api.w.org\/{rel}","templated":true}]}}